{"id":46,"date":"2017-02-01T22:17:40","date_gmt":"2017-02-01T22:17:40","guid":{"rendered":"http:\/\/tc-aquaman.de\/?page_id=46"},"modified":"2026-02-03T17:11:34","modified_gmt":"2026-02-03T17:11:34","slug":"news","status":"publish","type":"page","link":"https:\/\/tc-aquaman.de\/?page_id=46","title":{"rendered":"News"},"content":{"rendered":"\t\t<div data-elementor-type=\"wp-page\" data-elementor-id=\"46\" class=\"elementor elementor-46\">\n\t\t\t\t\t\t<section class=\"elementor-section elementor-top-section elementor-element elementor-element-9509e92 elementor-section-boxed elementor-section-height-default elementor-section-height-default\" data-id=\"9509e92\" data-element_type=\"section\" data-e-type=\"section\">\n\t\t\t\t\t\t<div class=\"elementor-container elementor-column-gap-default\">\n\t\t\t\t\t<div class=\"elementor-column elementor-col-100 elementor-top-column elementor-element elementor-element-d3a7514\" data-id=\"d3a7514\" data-element_type=\"column\" data-e-type=\"column\">\n\t\t\t<div class=\"elementor-widget-wrap elementor-element-populated\">\n\t\t\t\t\t\t<div class=\"elementor-element elementor-element-910981d elementor-widget elementor-widget-heading\" data-id=\"910981d\" data-element_type=\"widget\" data-e-type=\"widget\" data-widget_type=\"heading.default\">\n\t\t\t\t<div class=\"elementor-widget-container\">\n\t\t\t\t\t<h2 class=\"elementor-heading-title elementor-size-default\">Jahreshauptversammlung 2026<\/h2>\t\t\t\t<\/div>\n\t\t\t\t<\/div>\n\t\t\t\t<div class=\"elementor-element elementor-element-5c16f00 elementor-widget elementor-widget-text-editor\" data-id=\"5c16f00\" data-element_type=\"widget\" data-e-type=\"widget\" data-widget_type=\"text-editor.default\">\n\t\t\t\t<div class=\"elementor-widget-container\">\n\t\t\t\t\t\t\t\t\t<p><span style=\"color: #3b3b3b; font-family: 'Helvetica Neue', Helvetica, Arial, 'Lucida Grande', sans-serif; font-size: 1.1em; font-style: normal; font-weight: 500;\">Bericht von Stephan Lukas<\/span><\/p><p data-start=\"122\" data-end=\"209\"><strong data-start=\"122\" data-end=\"165\">Bericht zur Jahreshauptversammlung 2026<\/strong><br data-start=\"165\" data-end=\"168\" \/><strong data-start=\"168\" data-end=\"209\">Tauchclub Aquaman Ford Saarlouis e.V.<\/strong><\/p><p data-start=\"211\" data-end=\"390\">Am <strong data-start=\"214\" data-end=\"234\">02. Februar 2026<\/strong> fand die Jahreshauptversammlung des Tauchclub Aquaman Ford Saarlouis e.V. statt. Insgesamt <strong data-start=\"326\" data-end=\"358\">27 Aquam\u00e4nner und Aquafrauen<\/strong> nahmen an der Versammlung teil.<\/p><p data-start=\"392\" data-end=\"564\">Nach dem Bericht des Vorstandes stellte der Kassenwart seinen <strong data-start=\"454\" data-end=\"471\">Kassenbericht<\/strong> vor. Anschlie\u00dfend wurde der Vorstand von der Mitgliederversammlung <strong data-start=\"539\" data-end=\"563\">einstimmig entlastet<\/strong>.<\/p><p data-start=\"566\" data-end=\"839\">Ein besonderer Punkt der Versammlung war die <strong data-start=\"611\" data-end=\"645\">Ehrung langj\u00e4hriger Mitglieder<\/strong>. F\u00fcr ihre <strong data-start=\"656\" data-end=\"685\">40-j\u00e4hrige Mitgliedschaft<\/strong> wurden<br data-start=\"692\" data-end=\"695\" \/><strong data-start=\"695\" data-end=\"714\">Wolfgang Motsch<\/strong>, <strong data-start=\"716\" data-end=\"738\">Stephan Bodhjalian<\/strong> und <strong data-start=\"743\" data-end=\"760\">Stephan Lukas<\/strong> geehrt. Der Verein dankte ihnen f\u00fcr ihre langj\u00e4hrige Treue und ihr Engagement.<\/p><p data-start=\"841\" data-end=\"971\">Im Rahmen der Versammlung wurde au\u00dferdem der <strong data-start=\"886\" data-end=\"928\">bisherige 1. Vorsitzende verabschiedet<\/strong> und f\u00fcr seine geleistete Arbeit gew\u00fcrdigt.<\/p><p data-start=\"973\" data-end=\"1335\">Bei der anschlie\u00dfenden <strong data-start=\"996\" data-end=\"1022\">Neuwahl des Vorstandes<\/strong> wurde<br data-start=\"1028\" data-end=\"1031\" \/><strong data-start=\"1031\" data-end=\"1047\">Martin Theis<\/strong> zum <strong data-start=\"1052\" data-end=\"1071\">1. Vorsitzenden<\/strong> gew\u00e4hlt.<br data-start=\"1080\" data-end=\"1083\" \/>Zu <strong data-start=\"1086\" data-end=\"1100\">Beisitzern<\/strong> wurden <strong data-start=\"1108\" data-end=\"1124\">Petra Schaaf<\/strong>, <strong data-start=\"1126\" data-end=\"1144\">Ralf Leuprecht<\/strong>, <strong data-start=\"1146\" data-end=\"1162\">Holger Krier<\/strong> und <strong data-start=\"1167\" data-end=\"1182\">Horst Adler<\/strong> gew\u00e4hlt.<br data-start=\"1191\" data-end=\"1194\" data-is-only-node=\"\" \/>Als <strong data-start=\"1198\" data-end=\"1219\">Kassenpr\u00fcferinnen<\/strong> wurden <strong data-start=\"1227\" data-end=\"1241\">Anne Adler<\/strong> und <strong data-start=\"1246\" data-end=\"1264\">Christine Diwo<\/strong> bestimmt.<br data-start=\"1274\" data-end=\"1277\" \/>Alle weiteren Vorstands\u00e4mter bleiben unver\u00e4ndert bestehen.<\/p><p data-start=\"1337\" data-end=\"1550\">Die <strong data-start=\"1341\" data-end=\"1378\">Veranstaltungen f\u00fcr das Jahr 2026<\/strong> wurden vorgestellt und besprochen. Eine <strong data-start=\"1419\" data-end=\"1459\">Neufestsetzung der Mitgliedsbeitr\u00e4ge<\/strong> wurde f\u00fcr das kommende Gesch\u00e4ftsjahr ausgesetzt; die bisherigen Beitr\u00e4ge bleiben bestehen.<\/p><p>\u00a0<\/p><p data-start=\"1552\" data-end=\"1663\">Die Jahreshauptversammlung verlief harmonisch und endete mit einem positiven Ausblick auf das Vereinsjahr 2026.<\/p>\t\t\t\t\t\t\t\t<\/div>\n\t\t\t\t<\/div>\n\t\t\t\t<div class=\"elementor-element elementor-element-13420c0 elementor-widget elementor-widget-image-gallery\" data-id=\"13420c0\" data-element_type=\"widget\" data-e-type=\"widget\" data-widget_type=\"image-gallery.default\">\n\t\t\t\t<div class=\"elementor-widget-container\">\n\t\t\t\t\t\t\t<div class=\"elementor-image-gallery\">\n\t\t\t\n\t\t<style type=\"text\/css\">\n\t\t\t#gallery-1 {\n\t\t\t\tmargin: auto;\n\t\t\t}\n\t\t\t#gallery-1 .gallery-item {\n\t\t\t\tfloat: left;\n\t\t\t\tmargin-top: 10px;\n\t\t\t\ttext-align: center;\n\t\t\t\twidth: 25%;\n\t\t\t}\n\t\t\t#gallery-1 img {\n\t\t\t\tborder: 2px solid #cfcfcf;\n\t\t\t}\n\t\t\t#gallery-1 .gallery-caption {\n\t\t\t\tmargin-left: 0;\n\t\t\t}\n\t\t\t\/* see gallery_shortcode() in wp-includes\/media.php *\/\n\t\t<\/style>\n\t\t<div id='gallery-1' class='gallery galleryid-46 gallery-columns-4 gallery-size-thumbnail'><dl class='gallery-item'>\n\t\t\t<dt class='gallery-icon landscape'>\n\t\t\t\t<a data-elementor-open-lightbox=\"yes\" data-elementor-lightbox-slideshow=\"13420c0\" data-elementor-lightbox-title=\"Wolfgang40\" data-e-action-hash=\"#elementor-action%3Aaction%3Dlightbox%26settings%3DeyJpZCI6MjY4OCwidXJsIjoiaHR0cDpcL1wvdGMtYXF1YW1hbi5kZVwvd3AtY29udGVudFwvdXBsb2Fkc1wvMjAyNlwvMDJcL1dvbGZnYW5nNDAtc2NhbGVkLmpwZyIsInNsaWRlc2hvdyI6IjEzNDIwYzAifQ%3D%3D\" href='http:\/\/tc-aquaman.de\/wp-content\/uploads\/2026\/02\/Wolfgang40-scaled.jpg'><img decoding=\"async\" width=\"150\" height=\"150\" src=\"http:\/\/tc-aquaman.de\/wp-content\/uploads\/2026\/02\/Wolfgang40-150x150.jpg\" class=\"attachment-thumbnail size-thumbnail\" alt=\"\" \/><\/a>\n\t\t\t<\/dt><\/dl><dl class='gallery-item'>\n\t\t\t<dt class='gallery-icon landscape'>\n\t\t\t\t<a data-elementor-open-lightbox=\"yes\" data-elementor-lightbox-slideshow=\"13420c0\" data-elementor-lightbox-title=\"Butsch40\" data-e-action-hash=\"#elementor-action%3Aaction%3Dlightbox%26settings%3DeyJpZCI6MjYyNywidXJsIjoiaHR0cDpcL1wvdGMtYXF1YW1hbi5kZVwvd3AtY29udGVudFwvdXBsb2Fkc1wvMjAyNlwvMDJcL0J1dHNjaDQwLXNjYWxlZC5qcGciLCJzbGlkZXNob3ciOiIxMzQyMGMwIn0%3D\" href='http:\/\/tc-aquaman.de\/wp-content\/uploads\/2026\/02\/Butsch40-scaled.jpg'><img decoding=\"async\" width=\"150\" height=\"150\" src=\"http:\/\/tc-aquaman.de\/wp-content\/uploads\/2026\/02\/Butsch40-150x150.jpg\" class=\"attachment-thumbnail size-thumbnail\" alt=\"\" \/><\/a>\n\t\t\t<\/dt><\/dl><dl class='gallery-item'>\n\t\t\t<dt class='gallery-icon landscape'>\n\t\t\t\t<a data-elementor-open-lightbox=\"yes\" data-elementor-lightbox-slideshow=\"13420c0\" data-elementor-lightbox-title=\"Stephan40\" data-e-action-hash=\"#elementor-action%3Aaction%3Dlightbox%26settings%3DeyJpZCI6MjY4NCwidXJsIjoiaHR0cDpcL1wvdGMtYXF1YW1hbi5kZVwvd3AtY29udGVudFwvdXBsb2Fkc1wvMjAyNlwvMDJcL1N0ZXBoYW40MC5qcGciLCJzbGlkZXNob3ciOiIxMzQyMGMwIn0%3D\" href='http:\/\/tc-aquaman.de\/wp-content\/uploads\/2026\/02\/Stephan40.jpg'><img decoding=\"async\" width=\"150\" height=\"150\" src=\"http:\/\/tc-aquaman.de\/wp-content\/uploads\/2026\/02\/Stephan40-150x150.jpg\" class=\"attachment-thumbnail size-thumbnail\" alt=\"\" \/><\/a>\n\t\t\t<\/dt><\/dl><dl class='gallery-item'>\n\t\t\t<dt class='gallery-icon landscape'>\n\t\t\t\t<a data-elementor-open-lightbox=\"yes\" data-elementor-lightbox-slideshow=\"13420c0\" data-elementor-lightbox-title=\"IMG_4779\" data-e-action-hash=\"#elementor-action%3Aaction%3Dlightbox%26settings%3DeyJpZCI6MjY4OSwidXJsIjoiaHR0cDpcL1wvdGMtYXF1YW1hbi5kZVwvd3AtY29udGVudFwvdXBsb2Fkc1wvMjAyNlwvMDJcL0lNR180Nzc5LXNjYWxlZC5qcGciLCJzbGlkZXNob3ciOiIxMzQyMGMwIn0%3D\" href='http:\/\/tc-aquaman.de\/wp-content\/uploads\/2026\/02\/IMG_4779-scaled.jpg'><img loading=\"lazy\" decoding=\"async\" width=\"150\" height=\"150\" src=\"http:\/\/tc-aquaman.de\/wp-content\/uploads\/2026\/02\/IMG_4779-150x150.jpg\" class=\"attachment-thumbnail size-thumbnail\" alt=\"\" \/><\/a>\n\t\t\t<\/dt><\/dl><br style=\"clear: both\" \/><dl class='gallery-item'>\n\t\t\t<dt class='gallery-icon landscape'>\n\t\t\t\t<a data-elementor-open-lightbox=\"yes\" data-elementor-lightbox-slideshow=\"13420c0\" data-elementor-lightbox-title=\"IMG_4781\" data-e-action-hash=\"#elementor-action%3Aaction%3Dlightbox%26settings%3DeyJpZCI6MjY5MCwidXJsIjoiaHR0cDpcL1wvdGMtYXF1YW1hbi5kZVwvd3AtY29udGVudFwvdXBsb2Fkc1wvMjAyNlwvMDJcL0lNR180NzgxLXNjYWxlZC5qcGciLCJzbGlkZXNob3ciOiIxMzQyMGMwIn0%3D\" href='http:\/\/tc-aquaman.de\/wp-content\/uploads\/2026\/02\/IMG_4781-scaled.jpg'><img loading=\"lazy\" decoding=\"async\" width=\"150\" height=\"150\" src=\"http:\/\/tc-aquaman.de\/wp-content\/uploads\/2026\/02\/IMG_4781-150x150.jpg\" class=\"attachment-thumbnail size-thumbnail\" alt=\"\" \/><\/a>\n\t\t\t<\/dt><\/dl><dl class='gallery-item'>\n\t\t\t<dt class='gallery-icon landscape'>\n\t\t\t\t<a data-elementor-open-lightbox=\"yes\" data-elementor-lightbox-slideshow=\"13420c0\" data-elementor-lightbox-title=\"Verabschiedung\" data-e-action-hash=\"#elementor-action%3Aaction%3Dlightbox%26settings%3DeyJpZCI6MjY4NywidXJsIjoiaHR0cDpcL1wvdGMtYXF1YW1hbi5kZVwvd3AtY29udGVudFwvdXBsb2Fkc1wvMjAyNlwvMDJcL1ZlcmFic2NoaWVkdW5nLXNjYWxlZC5qcGciLCJzbGlkZXNob3ciOiIxMzQyMGMwIn0%3D\" href='http:\/\/tc-aquaman.de\/wp-content\/uploads\/2026\/02\/Verabschiedung-scaled.jpg'><img loading=\"lazy\" decoding=\"async\" width=\"150\" height=\"150\" src=\"http:\/\/tc-aquaman.de\/wp-content\/uploads\/2026\/02\/Verabschiedung-150x150.jpg\" class=\"attachment-thumbnail size-thumbnail\" alt=\"\" \/><\/a>\n\t\t\t<\/dt><\/dl><dl class='gallery-item'>\n\t\t\t<dt class='gallery-icon landscape'>\n\t\t\t\t<a data-elementor-open-lightbox=\"yes\" data-elementor-lightbox-slideshow=\"13420c0\" data-elementor-lightbox-title=\"Gruppenf1\" data-e-action-hash=\"#elementor-action%3Aaction%3Dlightbox%26settings%3DeyJpZCI6MjYyOCwidXJsIjoiaHR0cDpcL1wvdGMtYXF1YW1hbi5kZVwvd3AtY29udGVudFwvdXBsb2Fkc1wvMjAyNlwvMDJcL0dydXBwZW5mMS1zY2FsZWQuanBnIiwic2xpZGVzaG93IjoiMTM0MjBjMCJ9\" href='http:\/\/tc-aquaman.de\/wp-content\/uploads\/2026\/02\/Gruppenf1-scaled.jpg'><img loading=\"lazy\" decoding=\"async\" width=\"150\" height=\"150\" src=\"http:\/\/tc-aquaman.de\/wp-content\/uploads\/2026\/02\/Gruppenf1-150x150.jpg\" class=\"attachment-thumbnail size-thumbnail\" alt=\"\" \/><\/a>\n\t\t\t<\/dt><\/dl><dl class='gallery-item'>\n\t\t\t<dt class='gallery-icon landscape'>\n\t\t\t\t<a data-elementor-open-lightbox=\"yes\" data-elementor-lightbox-slideshow=\"13420c0\" data-elementor-lightbox-title=\"Gruppenf2\" data-e-action-hash=\"#elementor-action%3Aaction%3Dlightbox%26settings%3DeyJpZCI6MjYyOSwidXJsIjoiaHR0cDpcL1wvdGMtYXF1YW1hbi5kZVwvd3AtY29udGVudFwvdXBsb2Fkc1wvMjAyNlwvMDJcL0dydXBwZW5mMi5qcGciLCJzbGlkZXNob3ciOiIxMzQyMGMwIn0%3D\" href='http:\/\/tc-aquaman.de\/wp-content\/uploads\/2026\/02\/Gruppenf2.jpg'><img loading=\"lazy\" decoding=\"async\" width=\"150\" height=\"150\" src=\"http:\/\/tc-aquaman.de\/wp-content\/uploads\/2026\/02\/Gruppenf2-150x150.jpg\" class=\"attachment-thumbnail size-thumbnail\" alt=\"\" \/><\/a>\n\t\t\t<\/dt><\/dl><br style=\"clear: both\" \/>\n\t\t<\/div>\n\t\t<\/div>\n\t\t\t\t\t\t<\/div>\n\t\t\t\t<\/div>\n\t\t\t\t<div class=\"elementor-element elementor-element-943bbbe elementor-widget elementor-widget-heading\" data-id=\"943bbbe\" data-element_type=\"widget\" data-e-type=\"widget\" data-widget_type=\"heading.default\">\n\t\t\t\t<div class=\"elementor-widget-container\">\n\t\t\t\t\t<h2 class=\"elementor-heading-title elementor-size-default\"><strong data-start=\"80\" data-end=\"160\" style=\"font-size: 25.6px\">Winterwanderung des TCA in 2025<\/strong><br><\/h2>\t\t\t\t<\/div>\n\t\t\t\t<\/div>\n\t\t\t\t<div class=\"elementor-element elementor-element-deff087 elementor-widget elementor-widget-text-editor\" data-id=\"deff087\" data-element_type=\"widget\" data-e-type=\"widget\" data-widget_type=\"text-editor.default\">\n\t\t\t\t<div class=\"elementor-widget-container\">\n\t\t\t\t\t\t\t\t\t<p data-start=\"80\" data-end=\"160\"><span style=\"color: #3b3b3b; font-family: 'Helvetica Neue', Helvetica, Arial, 'Lucida Grande', sans-serif; font-size: 1.1em; font-style: normal; font-weight: 500;\">Bericht von Stephan Lukas<\/span><\/p><p class=\"\" data-start=\"80\" data-end=\"160\"><strong data-start=\"80\" data-end=\"160\">Winterwanderung des Tauchclubs Aquaman Ford Saarlouis am Wolfsgehege Merzig<\/strong><\/p><p class=\"\" data-start=\"162\" data-end=\"432\">Am <strong data-start=\"165\" data-end=\"185\">16. Februar 2025<\/strong> fand die diesj\u00e4hrige <strong data-start=\"207\" data-end=\"264\">Winterwanderung des Tauchclubs Aquaman Ford Saarlouis<\/strong> statt. Die Organisation \u00fcbernahm <strong data-start=\"298\" data-end=\"317\">Wolfgang Motsch<\/strong>, der f\u00fcr eine rundum gelungene Veranstaltung sorgte. Ziel des Ausflugs war das beliebte <strong data-start=\"406\" data-end=\"431\">Wolfsgehege in Merzig<\/strong>.<\/p><p class=\"\" data-start=\"434\" data-end=\"958\">Trotz k\u00fchler Temperaturen war die Stimmung hervorragend. Die Wandergruppe machte sich am Vormittag auf den Weg und genoss die idyllische Natur rund um Merzig. Nach einer angenehmen Strecke erreichten die Teilnehmer das Wolfsgehege, wo ein besonderes Highlight auf sie wartete, eine <strong data-start=\"729\" data-end=\"788\">private F\u00fchrung durch Frau Schneider und einen Kollegen<\/strong>. Die beiden Experten boten interessante Einblicke in das Leben und Verhalten der W\u00f6lfe, erz\u00e4hlten Anekdoten aus dem Alltag im Gehege und beantworteten zahlreiche Fragen.<\/p><p class=\"\" data-start=\"960\" data-end=\"1313\">Im Anschluss an die F\u00fchrung kehrte die Gruppe zum gemeinsamen Essen ins <strong data-start=\"1032\" data-end=\"1051\">Brauhaus Merzig<\/strong> ein. Bei gutem Essen und geselligem Beisammensein klang der Tag in entspannter Atmosph\u00e4re aus. Die Winterwanderung war nicht nur ein sch\u00f6nes Naturerlebnis, sondern st\u00e4rkte auch den Zusammenhalt im Verein \u2013 ein gelungener Auftakt im neuen Jahr f\u00fcr den Tauchclub.<\/p>\t\t\t\t\t\t\t\t<\/div>\n\t\t\t\t<\/div>\n\t\t\t\t<div class=\"elementor-element elementor-element-b457e55 elementor-widget elementor-widget-image-gallery\" data-id=\"b457e55\" data-element_type=\"widget\" data-e-type=\"widget\" data-widget_type=\"image-gallery.default\">\n\t\t\t\t<div class=\"elementor-widget-container\">\n\t\t\t\t\t\t\t<div class=\"elementor-image-gallery\">\n\t\t\t\n\t\t<style type=\"text\/css\">\n\t\t\t#gallery-2 {\n\t\t\t\tmargin: auto;\n\t\t\t}\n\t\t\t#gallery-2 .gallery-item {\n\t\t\t\tfloat: left;\n\t\t\t\tmargin-top: 10px;\n\t\t\t\ttext-align: center;\n\t\t\t\twidth: 25%;\n\t\t\t}\n\t\t\t#gallery-2 img {\n\t\t\t\tborder: 2px solid #cfcfcf;\n\t\t\t}\n\t\t\t#gallery-2 .gallery-caption {\n\t\t\t\tmargin-left: 0;\n\t\t\t}\n\t\t\t\/* see gallery_shortcode() in wp-includes\/media.php *\/\n\t\t<\/style>\n\t\t<div id='gallery-2' class='gallery galleryid-46 gallery-columns-4 gallery-size-thumbnail'><dl class='gallery-item'>\n\t\t\t<dt class='gallery-icon landscape'>\n\t\t\t\t<a data-elementor-open-lightbox=\"yes\" data-elementor-lightbox-slideshow=\"b457e55\" data-elementor-lightbox-title=\"IMG_2498\" data-e-action-hash=\"#elementor-action%3Aaction%3Dlightbox%26settings%3DeyJpZCI6MjUwMiwidXJsIjoiaHR0cDpcL1wvdGMtYXF1YW1hbi5kZVwvd3AtY29udGVudFwvdXBsb2Fkc1wvMjAyNVwvMDlcL0lNR18yNDk4LXNjYWxlZC5qcGciLCJzbGlkZXNob3ciOiJiNDU3ZTU1In0%3D\" href='http:\/\/tc-aquaman.de\/wp-content\/uploads\/2025\/09\/IMG_2498-scaled.jpg'><img loading=\"lazy\" decoding=\"async\" width=\"150\" height=\"150\" src=\"http:\/\/tc-aquaman.de\/wp-content\/uploads\/2025\/09\/IMG_2498-150x150.jpg\" class=\"attachment-thumbnail size-thumbnail\" alt=\"\" \/><\/a>\n\t\t\t<\/dt><\/dl><dl class='gallery-item'>\n\t\t\t<dt class='gallery-icon landscape'>\n\t\t\t\t<a data-elementor-open-lightbox=\"yes\" data-elementor-lightbox-slideshow=\"b457e55\" data-elementor-lightbox-title=\"IMG_2489\" data-e-action-hash=\"#elementor-action%3Aaction%3Dlightbox%26settings%3DeyJpZCI6MjQ5NSwidXJsIjoiaHR0cDpcL1wvdGMtYXF1YW1hbi5kZVwvd3AtY29udGVudFwvdXBsb2Fkc1wvMjAyNVwvMDlcL0lNR18yNDg5LXNjYWxlZC5qcGciLCJzbGlkZXNob3ciOiJiNDU3ZTU1In0%3D\" href='http:\/\/tc-aquaman.de\/wp-content\/uploads\/2025\/09\/IMG_2489-scaled.jpg'><img loading=\"lazy\" decoding=\"async\" width=\"150\" height=\"150\" src=\"http:\/\/tc-aquaman.de\/wp-content\/uploads\/2025\/09\/IMG_2489-150x150.jpg\" class=\"attachment-thumbnail size-thumbnail\" alt=\"\" \/><\/a>\n\t\t\t<\/dt><\/dl><dl class='gallery-item'>\n\t\t\t<dt class='gallery-icon portrait'>\n\t\t\t\t<a data-elementor-open-lightbox=\"yes\" data-elementor-lightbox-slideshow=\"b457e55\" data-elementor-lightbox-title=\"IMG_2492\" data-e-action-hash=\"#elementor-action%3Aaction%3Dlightbox%26settings%3DeyJpZCI6MjQ5OCwidXJsIjoiaHR0cDpcL1wvdGMtYXF1YW1hbi5kZVwvd3AtY29udGVudFwvdXBsb2Fkc1wvMjAyNVwvMDlcL0lNR18yNDkyLXNjYWxlZC5qcGciLCJzbGlkZXNob3ciOiJiNDU3ZTU1In0%3D\" href='http:\/\/tc-aquaman.de\/wp-content\/uploads\/2025\/09\/IMG_2492-scaled.jpg'><img loading=\"lazy\" decoding=\"async\" width=\"150\" height=\"150\" src=\"http:\/\/tc-aquaman.de\/wp-content\/uploads\/2025\/09\/IMG_2492-150x150.jpg\" class=\"attachment-thumbnail size-thumbnail\" alt=\"\" \/><\/a>\n\t\t\t<\/dt><\/dl><dl class='gallery-item'>\n\t\t\t<dt class='gallery-icon landscape'>\n\t\t\t\t<a data-elementor-open-lightbox=\"yes\" data-elementor-lightbox-slideshow=\"b457e55\" data-elementor-lightbox-title=\"IMG_2494\" data-e-action-hash=\"#elementor-action%3Aaction%3Dlightbox%26settings%3DeyJpZCI6MjUwMCwidXJsIjoiaHR0cDpcL1wvdGMtYXF1YW1hbi5kZVwvd3AtY29udGVudFwvdXBsb2Fkc1wvMjAyNVwvMDlcL0lNR18yNDk0LXNjYWxlZC5qcGciLCJzbGlkZXNob3ciOiJiNDU3ZTU1In0%3D\" href='http:\/\/tc-aquaman.de\/wp-content\/uploads\/2025\/09\/IMG_2494-scaled.jpg'><img loading=\"lazy\" decoding=\"async\" width=\"150\" height=\"150\" src=\"http:\/\/tc-aquaman.de\/wp-content\/uploads\/2025\/09\/IMG_2494-150x150.jpg\" class=\"attachment-thumbnail size-thumbnail\" alt=\"\" \/><\/a>\n\t\t\t<\/dt><\/dl><br style=\"clear: both\" \/>\n\t\t<\/div>\n\t\t<\/div>\n\t\t\t\t\t\t<\/div>\n\t\t\t\t<\/div>\n\t\t\t\t<div class=\"elementor-element elementor-element-e9574e7 elementor-widget elementor-widget-heading\" data-id=\"e9574e7\" data-element_type=\"widget\" data-e-type=\"widget\" data-widget_type=\"heading.default\">\n\t\t\t\t<div class=\"elementor-widget-container\">\n\t\t\t\t\t<h2 class=\"elementor-heading-title elementor-size-default\">Bericht zur 50-Jahr-Feier des Tauchclubs Aquaman Ford Saarlouis<\/h2>\t\t\t\t<\/div>\n\t\t\t\t<\/div>\n\t\t\t\t<div class=\"elementor-element elementor-element-3b2101a elementor-widget elementor-widget-text-editor\" data-id=\"3b2101a\" data-element_type=\"widget\" data-e-type=\"widget\" data-widget_type=\"text-editor.default\">\n\t\t\t\t<div class=\"elementor-widget-container\">\n\t\t\t\t\t\t\t\t\t<p><span style=\"color: #3b3b3b; font-family: 'Helvetica Neue', Helvetica, Arial, 'Lucida Grande', sans-serif; font-size: 1.1em; font-style: normal; font-weight: 500;\">Bericht von Stephan Lukas<\/span><\/p><p>Am Samstag, den 14.09.2024, feierte der Tauchclub Aquaman Ford Saarlouis sein 50-j\u00e4hriges Bestehen mit einer besonderen Jubil\u00e4umsveranstaltung. Um 16:00 Uhr begann die Feierlichkeit mit einem Sektempfang, bei dem sich die Vereinsmitglieder und G\u00e4ste herzlich begr\u00fc\u00dfen konnten.<\/p><p>Anschlie\u00dfend stachen die Teilnehmer gemeinsam von Saarlouis aus in Richtung der malerischen Saarschleife in See. Die Bootsfahrt f\u00fchrte entlang der idyllischen Saar, und die Teilnehmer genossen die eindrucksvollen Ausblicke sowie die entspannte Atmosph\u00e4re auf dem Wasser. Die R\u00fcckfahrt nach Saarlouis bot ebenfalls Gelegenheit, sich auszutauschen und auf die Geschichte des Vereins zur\u00fcckzublicken.<\/p><p>Ein Highlight der Feierlichkeiten war die \u00dcbergabe eines besonderen Geschenks vom Verein an jedes Mitglied: eine personalisierte Trinkflasche mit einer Gravur zur Erinnerung an das 50-j\u00e4hrige Bestehen des Tauchclubs.<\/p><p>Der erste Vorsitzende des Vereins, J\u00fcrgen Schwed, hielt eine inspirierende Rede, in der er die Geschichte und Erfolge des Vereins w\u00fcrdigte und die Bedeutung des gemeinschaftlichen Engagements betonte. Besonders hob er hervor, wie wichtig der Zusammenhalt und die Leidenschaft f\u00fcr das Tauchen f\u00fcr den Erfolg des Vereins sind und dankte allen Mitgliedern f\u00fcr ihre langj\u00e4hrige Unterst\u00fctzung.<\/p><p>Die Feierlichkeiten zum Jubil\u00e4um waren ein voller Erfolg und ein gelungener Anlass, das 50-j\u00e4hrige Bestehen des Tauchclubs Aquaman Ford Saarlouis geb\u00fchrend zu feiern.<\/p>\t\t\t\t\t\t\t\t<\/div>\n\t\t\t\t<\/div>\n\t\t\t\t<div class=\"elementor-element elementor-element-235a4bd elementor-widget elementor-widget-image-gallery\" data-id=\"235a4bd\" data-element_type=\"widget\" data-e-type=\"widget\" data-widget_type=\"image-gallery.default\">\n\t\t\t\t<div class=\"elementor-widget-container\">\n\t\t\t\t\t\t\t<div class=\"elementor-image-gallery\">\n\t\t\t\n\t\t<style type=\"text\/css\">\n\t\t\t#gallery-3 {\n\t\t\t\tmargin: auto;\n\t\t\t}\n\t\t\t#gallery-3 .gallery-item {\n\t\t\t\tfloat: left;\n\t\t\t\tmargin-top: 10px;\n\t\t\t\ttext-align: center;\n\t\t\t\twidth: 25%;\n\t\t\t}\n\t\t\t#gallery-3 img {\n\t\t\t\tborder: 2px solid #cfcfcf;\n\t\t\t}\n\t\t\t#gallery-3 .gallery-caption {\n\t\t\t\tmargin-left: 0;\n\t\t\t}\n\t\t\t\/* see gallery_shortcode() in wp-includes\/media.php *\/\n\t\t<\/style>\n\t\t<div id='gallery-3' class='gallery galleryid-46 gallery-columns-4 gallery-size-thumbnail'><dl class='gallery-item'>\n\t\t\t<dt class='gallery-icon landscape'>\n\t\t\t\t<a data-elementor-open-lightbox=\"yes\" data-elementor-lightbox-slideshow=\"235a4bd\" data-elementor-lightbox-title=\"_DSC1112\" data-e-action-hash=\"#elementor-action%3Aaction%3Dlightbox%26settings%3DeyJpZCI6MjM0NywidXJsIjoiaHR0cDpcL1wvdGMtYXF1YW1hbi5kZVwvd3AtY29udGVudFwvdXBsb2Fkc1wvMjAyNFwvMTBcL0RTQzExMTItMS1zY2FsZWQuanBnIiwic2xpZGVzaG93IjoiMjM1YTRiZCJ9\" href='http:\/\/tc-aquaman.de\/wp-content\/uploads\/2024\/10\/DSC1112-1-scaled.jpg'><img loading=\"lazy\" decoding=\"async\" width=\"150\" height=\"150\" src=\"http:\/\/tc-aquaman.de\/wp-content\/uploads\/2024\/10\/DSC1112-1-150x150.jpg\" class=\"attachment-thumbnail size-thumbnail\" alt=\"\" \/><\/a>\n\t\t\t<\/dt><\/dl><dl class='gallery-item'>\n\t\t\t<dt class='gallery-icon landscape'>\n\t\t\t\t<a data-elementor-open-lightbox=\"yes\" data-elementor-lightbox-slideshow=\"235a4bd\" data-elementor-lightbox-title=\"IMG_1646\" data-e-action-hash=\"#elementor-action%3Aaction%3Dlightbox%26settings%3DeyJpZCI6MjM0MSwidXJsIjoiaHR0cDpcL1wvdGMtYXF1YW1hbi5kZVwvd3AtY29udGVudFwvdXBsb2Fkc1wvMjAyNFwvMTBcL0lNR18xNjQ2LXNjYWxlZC5qcGciLCJzbGlkZXNob3ciOiIyMzVhNGJkIn0%3D\" href='http:\/\/tc-aquaman.de\/wp-content\/uploads\/2024\/10\/IMG_1646-scaled.jpg'><img loading=\"lazy\" decoding=\"async\" width=\"150\" height=\"150\" src=\"http:\/\/tc-aquaman.de\/wp-content\/uploads\/2024\/10\/IMG_1646-150x150.jpg\" class=\"attachment-thumbnail size-thumbnail\" alt=\"\" \/><\/a>\n\t\t\t<\/dt><\/dl><dl class='gallery-item'>\n\t\t\t<dt class='gallery-icon landscape'>\n\t\t\t\t<a data-elementor-open-lightbox=\"yes\" data-elementor-lightbox-slideshow=\"235a4bd\" data-elementor-lightbox-title=\"_DSC1101\" data-e-action-hash=\"#elementor-action%3Aaction%3Dlightbox%26settings%3DeyJpZCI6MjM0NCwidXJsIjoiaHR0cDpcL1wvdGMtYXF1YW1hbi5kZVwvd3AtY29udGVudFwvdXBsb2Fkc1wvMjAyNFwvMTBcL0RTQzExMDEtMS1zY2FsZWQuanBnIiwic2xpZGVzaG93IjoiMjM1YTRiZCJ9\" href='http:\/\/tc-aquaman.de\/wp-content\/uploads\/2024\/10\/DSC1101-1-scaled.jpg'><img loading=\"lazy\" decoding=\"async\" width=\"150\" height=\"150\" src=\"http:\/\/tc-aquaman.de\/wp-content\/uploads\/2024\/10\/DSC1101-1-150x150.jpg\" class=\"attachment-thumbnail size-thumbnail\" alt=\"\" \/><\/a>\n\t\t\t<\/dt><\/dl><dl class='gallery-item'>\n\t\t\t<dt class='gallery-icon landscape'>\n\t\t\t\t<a data-elementor-open-lightbox=\"yes\" data-elementor-lightbox-slideshow=\"235a4bd\" data-elementor-lightbox-title=\"_DSC1104\" data-e-action-hash=\"#elementor-action%3Aaction%3Dlightbox%26settings%3DeyJpZCI6MjM0NSwidXJsIjoiaHR0cDpcL1wvdGMtYXF1YW1hbi5kZVwvd3AtY29udGVudFwvdXBsb2Fkc1wvMjAyNFwvMTBcL0RTQzExMDQtMS1zY2FsZWQuanBnIiwic2xpZGVzaG93IjoiMjM1YTRiZCJ9\" href='http:\/\/tc-aquaman.de\/wp-content\/uploads\/2024\/10\/DSC1104-1-scaled.jpg'><img loading=\"lazy\" decoding=\"async\" width=\"150\" height=\"150\" src=\"http:\/\/tc-aquaman.de\/wp-content\/uploads\/2024\/10\/DSC1104-1-150x150.jpg\" class=\"attachment-thumbnail size-thumbnail\" alt=\"\" \/><\/a>\n\t\t\t<\/dt><\/dl><br style=\"clear: both\" \/><dl class='gallery-item'>\n\t\t\t<dt class='gallery-icon landscape'>\n\t\t\t\t<a data-elementor-open-lightbox=\"yes\" data-elementor-lightbox-slideshow=\"235a4bd\" data-elementor-lightbox-title=\"_DSC1125\" data-e-action-hash=\"#elementor-action%3Aaction%3Dlightbox%26settings%3DeyJpZCI6MjM1MSwidXJsIjoiaHR0cDpcL1wvdGMtYXF1YW1hbi5kZVwvd3AtY29udGVudFwvdXBsb2Fkc1wvMjAyNFwvMTBcL0RTQzExMjUtMS1zY2FsZWQuanBnIiwic2xpZGVzaG93IjoiMjM1YTRiZCJ9\" href='http:\/\/tc-aquaman.de\/wp-content\/uploads\/2024\/10\/DSC1125-1-scaled.jpg'><img loading=\"lazy\" decoding=\"async\" width=\"150\" height=\"150\" src=\"http:\/\/tc-aquaman.de\/wp-content\/uploads\/2024\/10\/DSC1125-1-150x150.jpg\" class=\"attachment-thumbnail size-thumbnail\" alt=\"\" \/><\/a>\n\t\t\t<\/dt><\/dl><dl class='gallery-item'>\n\t\t\t<dt class='gallery-icon landscape'>\n\t\t\t\t<a data-elementor-open-lightbox=\"yes\" data-elementor-lightbox-slideshow=\"235a4bd\" data-elementor-lightbox-title=\"IMG_0614\" data-e-action-hash=\"#elementor-action%3Aaction%3Dlightbox%26settings%3DeyJpZCI6MjMxOSwidXJsIjoiaHR0cDpcL1wvdGMtYXF1YW1hbi5kZVwvd3AtY29udGVudFwvdXBsb2Fkc1wvMjAyNFwvMDlcL0lNR18wNjE0LXNjYWxlZC5qcGciLCJzbGlkZXNob3ciOiIyMzVhNGJkIn0%3D\" href='http:\/\/tc-aquaman.de\/wp-content\/uploads\/2024\/09\/IMG_0614-scaled.jpg'><img loading=\"lazy\" decoding=\"async\" width=\"150\" height=\"150\" src=\"http:\/\/tc-aquaman.de\/wp-content\/uploads\/2024\/09\/IMG_0614-150x150.jpg\" class=\"attachment-thumbnail size-thumbnail\" alt=\"\" \/><\/a>\n\t\t\t<\/dt><\/dl><dl class='gallery-item'>\n\t\t\t<dt class='gallery-icon landscape'>\n\t\t\t\t<a data-elementor-open-lightbox=\"yes\" data-elementor-lightbox-slideshow=\"235a4bd\" data-elementor-lightbox-title=\"_DSC1116\" data-e-action-hash=\"#elementor-action%3Aaction%3Dlightbox%26settings%3DeyJpZCI6MjM0OSwidXJsIjoiaHR0cDpcL1wvdGMtYXF1YW1hbi5kZVwvd3AtY29udGVudFwvdXBsb2Fkc1wvMjAyNFwvMTBcL0RTQzExMTYtMS1zY2FsZWQuanBnIiwic2xpZGVzaG93IjoiMjM1YTRiZCJ9\" href='http:\/\/tc-aquaman.de\/wp-content\/uploads\/2024\/10\/DSC1116-1-scaled.jpg'><img loading=\"lazy\" decoding=\"async\" width=\"150\" height=\"150\" src=\"http:\/\/tc-aquaman.de\/wp-content\/uploads\/2024\/10\/DSC1116-1-150x150.jpg\" class=\"attachment-thumbnail size-thumbnail\" alt=\"\" \/><\/a>\n\t\t\t<\/dt><\/dl><dl class='gallery-item'>\n\t\t\t<dt class='gallery-icon landscape'>\n\t\t\t\t<a data-elementor-open-lightbox=\"yes\" data-elementor-lightbox-slideshow=\"235a4bd\" data-elementor-lightbox-title=\"_DSC1131\" data-e-action-hash=\"#elementor-action%3Aaction%3Dlightbox%26settings%3DeyJpZCI6MjM1MywidXJsIjoiaHR0cDpcL1wvdGMtYXF1YW1hbi5kZVwvd3AtY29udGVudFwvdXBsb2Fkc1wvMjAyNFwvMTBcL0RTQzExMzEtMS1zY2FsZWQuanBnIiwic2xpZGVzaG93IjoiMjM1YTRiZCJ9\" href='http:\/\/tc-aquaman.de\/wp-content\/uploads\/2024\/10\/DSC1131-1-scaled.jpg'><img loading=\"lazy\" decoding=\"async\" width=\"150\" height=\"150\" src=\"http:\/\/tc-aquaman.de\/wp-content\/uploads\/2024\/10\/DSC1131-1-150x150.jpg\" class=\"attachment-thumbnail size-thumbnail\" alt=\"\" \/><\/a>\n\t\t\t<\/dt><\/dl><br style=\"clear: both\" \/>\n\t\t<\/div>\n\t\t<\/div>\n\t\t\t\t\t\t<\/div>\n\t\t\t\t<\/div>\n\t\t\t\t<div class=\"elementor-element elementor-element-bf4a14b elementor-widget elementor-widget-heading\" data-id=\"bf4a14b\" data-element_type=\"widget\" data-e-type=\"widget\" data-widget_type=\"heading.default\">\n\t\t\t\t<div class=\"elementor-widget-container\">\n\t\t\t\t\t<h2 class=\"elementor-heading-title elementor-size-default\">50 Jahr Feier geladene G\u00e4ste<\/h2>\t\t\t\t<\/div>\n\t\t\t\t<\/div>\n\t\t\t\t<div class=\"elementor-element elementor-element-803ccbf elementor-widget elementor-widget-text-editor\" data-id=\"803ccbf\" data-element_type=\"widget\" data-e-type=\"widget\" data-widget_type=\"text-editor.default\">\n\t\t\t\t<div class=\"elementor-widget-container\">\n\t\t\t\t\t\t\t\t\t<p><span style=\"color: #3b3b3b; font-family: 'Helvetica Neue', Helvetica, Arial, 'Lucida Grande', sans-serif; font-size: 1.1em; font-style: normal; font-weight: 500;\">Bericht von Stephan Lukas<\/span><\/p><div class=\"flex-shrink-0 flex flex-col relative items-end\"><div><div class=\"pt-0\"><div class=\"gizmo-bot-avatar flex h-8 w-8 items-center justify-center overflow-hidden rounded-full\"><div class=\"relative p-1 rounded-sm flex items-center justify-center bg-token-main-surface-primary text-token-text-primary h-8 w-8\">Die Jubil\u00e4umsfeier des Tauchclubs Aquaman Ford Saarlouis war in der Tat ein pr\u00e4gendes Ereignis.<\/div><\/div><\/div><\/div><\/div><div class=\"group\/conversation-turn relative flex w-full min-w-0 flex-col agent-turn\"><div class=\"flex-col gap-1 md:gap-3\"><div class=\"flex max-w-full flex-col flex-grow\"><div class=\"min-h-8 text-message flex w-full flex-col items-end gap-2 whitespace-normal break-words [.text-message+&amp;]:mt-5\" dir=\"auto\" data-message-author-role=\"assistant\" data-message-id=\"37d8bf6a-c32a-4a3f-862f-d254eb8a05b0\" data-message-model-slug=\"gpt-4o-mini\"><div class=\"flex w-full flex-col gap-1 empty:hidden first:pt-[3px]\"><div class=\"markdown prose w-full break-words dark:prose-invert light\"><p>In seiner Rede reflektierte J\u00fcrgen Schwed, der 1. Vorsitzende, nicht nur die Vergangenheit, sondern gab auch einen klaren Ausblick auf die Zukunft des Vereins.<\/p><h3>Kernaussagen aus der Rede von J\u00fcrgen Schwed:<\/h3><ol><li><p><strong>Dank an die Gr\u00fcndungsmitglieder und Pioniere<\/strong>: J\u00fcrgen Schwed nahm die Gelegenheit wahr, die Gr\u00fcndungsmitglieder des Tauchclubs zu ehren. Er unterstrich ihre Vision, ihren Mut und ihr Engagement, die den Club vor 50 Jahren ins Leben riefen. Diese Pioniere legten mit ihrem Einsatz den Grundstein f\u00fcr den heutigen Erfolg des Vereins.<\/p><\/li><li><p><strong>Erfolge und Entwicklung des Vereins<\/strong>: Schwed sprach voller Stolz \u00fcber die Erfolge des Vereins auf verschiedenen Ebenen. Besonders hob er die Entwicklung im Bereich der Unterwasserfotografie hervor, in dem der Club nicht nur lokal im Saarland, sondern auch bundesweit beachtliche Erfolge feiern konnte, wie die herausragenden Leistungen von Erich J\u00f6ckel und Stephan Lukas. Der Club habe sich nicht nur sportlich, sondern auch sozial weiterentwickelt, indem er Tauchkurse, Wettk\u00e4mpfe und zahlreiche Ausfl\u00fcge organisiert habe, die den Teamgeist und den Zusammenhalt der Mitglieder st\u00e4rkten.<\/p><\/li><li><p><strong>Verbindung zur Region und Kooperationen: <\/strong>Ein weiterer wichtiger Punkt in Schwed&#8217;s Rede war die enge Verbundenheit des Vereins mit der Region Saarlouis. Er dankte insbesondere der Stadt Saarlouis, der Ford Freizeit Organisation und dem Saarl\u00e4ndischen Tauchsportbund f\u00fcr ihre kontinuierliche Unterst\u00fctzung. Diese Partnerschaften, so Schwed, seien ma\u00dfgeblich f\u00fcr die Best\u00e4ndigkeit und den Erfolg des Tauchclubs verantwortlich.<\/p><\/li><li><p><strong>Blick in die Zukunft<\/strong>: Zum Abschluss seiner Rede betonte J\u00fcrgen Schwed die Wichtigkeit der Nachwuchsf\u00f6rderung. Der Verein wolle nicht nur die Begeisterung f\u00fcr den Tauchsport an zuk\u00fcnftige Generationen weitergeben, sondern auch weiterhin eine starke Gemeinschaft aufbauen, die den Tauchclub in den kommenden Jahrzehnten pr\u00e4gen werde.<\/p><\/li><\/ol><p>Die Rede war nicht nur ein R\u00fcckblick auf die vergangenen 50 Jahre, sondern auch ein kraftvoller Ausblick auf eine weiterhin erfolgreiche Zukunft des Tauchclubs Aquaman Ford Saarlouis.<\/p><\/div><\/div><\/div><\/div><div class=\"mb-2 flex gap-3 empty:hidden -ml-2\"><div class=\"items-center justify-start rounded-xl p-1 flex\"><div class=\"flex items-center\"><div class=\"flex\">\u00a0<\/div><div class=\"flex items-center pb-0\">\u00a0<\/div><\/div><\/div><\/div><\/div><\/div>\t\t\t\t\t\t\t\t<\/div>\n\t\t\t\t<\/div>\n\t\t\t\t<div class=\"elementor-element elementor-element-0ad9089 elementor-widget elementor-widget-heading\" data-id=\"0ad9089\" data-element_type=\"widget\" data-e-type=\"widget\" data-widget_type=\"heading.default\">\n\t\t\t\t<div class=\"elementor-widget-container\">\n\t\t\t\t\t<h2 class=\"elementor-heading-title elementor-size-default\">Winterwanderung des TCA in 2024<\/h2>\t\t\t\t<\/div>\n\t\t\t\t<\/div>\n\t\t\t\t<div class=\"elementor-element elementor-element-2920bb9 elementor-widget elementor-widget-text-editor\" data-id=\"2920bb9\" data-element_type=\"widget\" data-e-type=\"widget\" data-widget_type=\"text-editor.default\">\n\t\t\t\t<div class=\"elementor-widget-container\">\n\t\t\t\t\t\t\t\t\t<p><span style=\"color: #3b3b3b; font-family: 'Helvetica Neue', Helvetica, Arial, 'Lucida Grande', sans-serif; font-size: 1.1em; font-style: normal; font-weight: 500;\">Bericht von Wolfgang Motsch<\/span><\/p><p>Winterwanderung des TCA in 2024<\/p><p>Am Sonntag, dem 25.02.2024, fand die nunmehr traditionelle Winterwanderung des TCA statt. Um 10.00 Uhr trafen sich 45 Angeh\u00f6rige unseres Tauchvereins auf dem Wanderparkplatz Kaiserlinden in Rammelfangen, einem kleinen Ortsteil von Wallerfangen auf den H\u00f6hen des Saargaus.<\/p><p>Die Wanderung verlief ca. 9 km weit \u00fcber den Premiumwanderweg \u201eTraumschleife Hirn-Gallenberg Tour\u201c.<\/p><p>Bei der Wanderung gab es verschiedene Highlights zu erleben:<\/p><ul><li>Das Gallo-R\u00f6mische Quellheiligtum Sudelfels. Hier siedelten die R\u00f6mer in einem kleinen Weiler im 1. bis 4. Jahrhundert n. Chr. mit Tempelanlage, gefasster Quelle und Atrium (sogar damals schon mit Fu\u00dfbodenheizung)<\/li><li>Der Hirnberg mit Aussichtsturm und einem tollen Rundumblick \u00fcber den Saargau bis ins benachbarte Frankreich hinein<\/li><li>In der Ortsmitte von Rammelfangen die historische Waschbrunnenanlage. Hier erfolgte ein Kurzvortrag in Mundart von einem Angeh\u00f6rigen des dortigen Heimatvereins zur Sage \u201eDer Schnitter von Rammelfangen\u201c<\/li><li>In Rammelfangen an einer ehemaligen Ausgrabungsst\u00e4tte (Gr\u00e4ber mit Grabbeigaben von Adligen der Merowinger aus der Zeit um 600 n. Chr., nunmehr im Heimatmuseum von Dillingen \u2013 Pachten zu sehen)<\/li><\/ul><p>Nach der Wanderung fuhren wir gegen 13 Uhr ins Nachbardorf Oberlimberg zum Vereinsgel\u00e4nde des Golfclub Saarbr\u00fccken. Im Vereinsrestaurant konnte jeder sein individuell vorbestelltes Mittagessen in einem allseits gelobten tollen Ambiente des Golfclubs einnehmen. Hier fand dann auch am Nachmittag die Winterwanderung ihr Ende.<\/p><p>Abschlie\u00dfend sei noch zu erw\u00e4hnen, dass zur Winterwanderung dieses Jahr \u00fcber 45 Teilnehmer\u00a0 !!! kamen, was darauf schlie\u00dfen l\u00e4sst, dass die TCA-ler auch nicht-tauchsportlichen Aktivit\u00e4ten sehr zugetan sind.<\/p><p>Vielen Dank f\u00fcr den sch\u00f6nen Tag und euren regen Zuspruch.<\/p><p>Wolfgang Motsch und Petra Schaaf<\/p>\t\t\t\t\t\t\t\t<\/div>\n\t\t\t\t<\/div>\n\t\t\t\t<div class=\"elementor-element elementor-element-ae4bded elementor-widget elementor-widget-heading\" data-id=\"ae4bded\" data-element_type=\"widget\" data-e-type=\"widget\" data-widget_type=\"heading.default\">\n\t\t\t\t<div class=\"elementor-widget-container\">\n\t\t\t\t\t<h2 class=\"elementor-heading-title elementor-size-default\">Jahreshauptversammlung 2024<\/h2>\t\t\t\t<\/div>\n\t\t\t\t<\/div>\n\t\t\t\t<div class=\"elementor-element elementor-element-17a5e20 elementor-widget elementor-widget-text-editor\" data-id=\"17a5e20\" data-element_type=\"widget\" data-e-type=\"widget\" data-widget_type=\"text-editor.default\">\n\t\t\t\t<div class=\"elementor-widget-container\">\n\t\t\t\t\t\t\t\t\t<p><span style=\"color: #3b3b3b; font-family: 'Helvetica Neue', Helvetica, Arial, 'Lucida Grande', sans-serif; font-size: 1.1em; font-style: normal; font-weight: 500;\">Bericht von Stephan Lukas<\/span><\/p><p>Am 28. Januar fand die Jahreshauptversammlung unseres Tauchclubs statt, bei der wir nicht nur das vergangene Jahr reflektierten, sondern auch Mitglieder f\u00fcr ihre langj\u00e4hrige Treue ehrten und verdiente Vorstandsmitglieder verabschiedeten.<\/p><p>Eine besondere Anerkennung wurde folgenden Mitgliedern f\u00fcr ihre langj\u00e4hrige Mitgliedschaft im Tauchclub ausgesprochen:<\/p><ul><li>Vanessa Schwarz f\u00fcr 25 Jahre Mitgliedschaft<\/li><li>Tina Leinenbach f\u00fcr 30 Jahre Mitgliedschaft<\/li><li>Petra Schaaf f\u00fcr beeindruckende 35 Jahre Mitgliedschaft<\/li><\/ul><p>Des Weiteren wurde die Schriftf\u00fchrerin Anne Adler f\u00fcr ihre 12-j\u00e4hrige engagierte Arbeit im Vorstand verabschiedet. Ihre Hingabe und ihre organisatorischen F\u00e4higkeiten haben ma\u00dfgeblich zum reibungslosen Ablauf unserer Aktivit\u00e4ten beigetragen, und wir danken ihr herzlich f\u00fcr ihren Einsatz.<\/p><p>Ebenfalls wurde unsere Schatzmeisterin Kelly Meinert nach 18 Jahren T\u00e4tigkeit im Vorstand verabschiedet. Ihre sorgf\u00e4ltige Finanzf\u00fchrung und ihre zuverl\u00e4ssige Arbeit haben dazu beigetragen, dass der Club finanziell stabil und handlungsf\u00e4hig blieb.<\/p><p>Wir sind dankbar f\u00fcr das Engagement aller Mitglieder und freuen uns auf ein weiteres Jahr voller spannender Unterwasserabenteuer.<\/p>\t\t\t\t\t\t\t\t<\/div>\n\t\t\t\t<\/div>\n\t\t\t\t<div class=\"elementor-element elementor-element-c7214da elementor-widget elementor-widget-heading\" data-id=\"c7214da\" data-element_type=\"widget\" data-e-type=\"widget\" data-widget_type=\"heading.default\">\n\t\t\t\t<div class=\"elementor-widget-container\">\n\t\t\t\t\t<h2 class=\"elementor-heading-title elementor-size-default\">Neujahrsempfang 2024<\/h2>\t\t\t\t<\/div>\n\t\t\t\t<\/div>\n\t\t\t\t<div class=\"elementor-element elementor-element-8c4d60f elementor-widget elementor-widget-text-editor\" data-id=\"8c4d60f\" data-element_type=\"widget\" data-e-type=\"widget\" data-widget_type=\"text-editor.default\">\n\t\t\t\t<div class=\"elementor-widget-container\">\n\t\t\t\t\t\t\t\t\t<p><span style=\"color: #3b3b3b; font-family: 'Helvetica Neue', Helvetica, Arial, 'Lucida Grande', sans-serif; font-size: 1.1em; font-style: normal; font-weight: 500;\">Bericht von Stephan Lukas<\/span><\/p><p>Am 15. Januar 2024 fand unser allj\u00e4hrlicher Neujahrsempfang statt. Es war eine gro\u00dfartige Gelegenheit, das neue Jahr zu begr\u00fc\u00dfen und gemeinsam auf kommende Herausforderungen und Erfolge anzusto\u00dfen.<\/p><p>Als Essen gab es dieses Jahr ein k\u00f6stliches Kebapbuffet. Die vielf\u00e4ltigen Auswahlm\u00f6glichkeiten an frisch zubereiteten Speisen wurden von allen Anwesenden sehr genossen.<\/p><p>Insgesamt war der Neujahrsempfang 2024 ein gelungenes Event, das uns gemeinsam auf ein weiteres spannendes Tauchjahr einstimmte. Wir freuen uns bereits jetzt auf kommende Veranstaltungen und Abenteuer unter Wasser.<\/p>\t\t\t\t\t\t\t\t<\/div>\n\t\t\t\t<\/div>\n\t\t\t\t<div class=\"elementor-element elementor-element-65dbd68 elementor-widget elementor-widget-heading\" data-id=\"65dbd68\" data-element_type=\"widget\" data-e-type=\"widget\" data-widget_type=\"heading.default\">\n\t\t\t\t<div class=\"elementor-widget-container\">\n\t\t\t\t\t<h2 class=\"elementor-heading-title elementor-size-default\">TCA-Sommerfest 09.07.2023<\/h2>\t\t\t\t<\/div>\n\t\t\t\t<\/div>\n\t\t\t\t<div class=\"elementor-element elementor-element-62b1d21 elementor-widget elementor-widget-text-editor\" data-id=\"62b1d21\" data-element_type=\"widget\" data-e-type=\"widget\" data-widget_type=\"text-editor.default\">\n\t\t\t\t<div class=\"elementor-widget-container\">\n\t\t\t\t\t\t\t\t\t<p><span style=\"color: #3b3b3b; font-family: 'Helvetica Neue', Helvetica, Arial, 'Lucida Grande', sans-serif; font-size: 1.1em; font-style: normal; font-weight: 500;\">Bericht von Stephan Lukas<\/span><\/p><p>Am 09.07.23 fand das Sommerfest des Tauchclubs statt, bei dem die Mitglieder zum gemeinsamen Grillen zusammenkamen. Das Wetter war an diesem Tag au\u00dfergew\u00f6hnlich hei\u00df und sonnig, was perfekte Bedingungen f\u00fcr das geplante Event schuf.<\/p><p>Allerdings \u00e4nderte sich die Situation pl\u00f6tzlich, als ein starkes Unwetter aufzog. Der Himmel verdunkelte sich rasch, und dunkle Wolken zogen heran. Innerhalb weniger Minuten begann ein starker Wind zu blasen, der B\u00e4ume zum Biegen brachte und Gegenst\u00e4nde durch die Luft wirbelte.<\/p><p>Obwohl das Unwetter nur von kurzer Dauer war, waren die Windb\u00f6en doch sehr heftig. Aufgrund der starken Luftstr\u00f6mung wurde beschlossen, den Pavillon abzubauen, um m\u00f6glichen Sch\u00e4den vorzubeugen. Die Sicherheit der Teilnehmer hatte oberste Priorit\u00e4t.<\/p><p>Trotz des abrupten Wetterumschwungs lie\u00dfen sich die Mitglieder des Tauchclubs nicht entmutigen. Sie suchten Schutz vor dem Unwetter und versuchten, das Beste aus der Situation zu machen. Sobald das Unwetter vor\u00fcber war und der Wind nachlie\u00df, wurde der Grillabend fortgesetzt, allerdings diesmal ohne den Pavillon.<\/p><p>Obwohl das Sommerfest durch das pl\u00f6tzliche Unwetter eine unerwartete Wendung nahm, trugen die Mitglieder des Tauchclubs den Zwischenfall mit Humor und machten das Beste aus der Situation. Das zeigt den Zusammenhalt und die Flexibilit\u00e4t der Gruppe, die trotz der Herausforderungen ein gelungenes Sommerfest feierten.<\/p>\t\t\t\t\t\t\t\t<\/div>\n\t\t\t\t<\/div>\n\t\t\t\t<div class=\"elementor-element elementor-element-06e3662 elementor-widget elementor-widget-heading\" data-id=\"06e3662\" data-element_type=\"widget\" data-e-type=\"widget\" data-widget_type=\"heading.default\">\n\t\t\t\t<div class=\"elementor-widget-container\">\n\t\t\t\t\t<h2 class=\"elementor-heading-title elementor-size-default\">Ehrung unseres Vereinsmitglieds Wolfgang Motsch<\/h2>\t\t\t\t<\/div>\n\t\t\t\t<\/div>\n\t\t\t\t<div class=\"elementor-element elementor-element-56f0228 elementor-widget elementor-widget-text-editor\" data-id=\"56f0228\" data-element_type=\"widget\" data-e-type=\"widget\" data-widget_type=\"text-editor.default\">\n\t\t\t\t<div class=\"elementor-widget-container\">\n\t\t\t\t\t\t\t\t\t<h6><span style=\"color: #3b3b3b; font-family: 'Helvetica Neue', Helvetica, Arial, 'Lucida Grande', sans-serif; font-size: 1.1em; font-style: normal; font-weight: 500;\">Bericht von Petra Schaaf<\/span><\/h6><p><span style=\"font-size: 16px; color: var( --e-global-color-text );\">Bei der diesj\u00e4hrigen Mitgliederversammlung des STSB am 25. Mai 2023 wurde Wolfgang die Ehrentafel des STSB f\u00fcr langj\u00e4hrige und verdienstvolle T\u00e4tigkeit im TC Aquaman Ford Saarlouis von Gunter Daniel, dem Pr\u00e4sidenten des Saarl\u00e4ndischen Tauchsportbunds, verliehen. Nach einer kurzen Laudatio, in der Wolfgangs Einsatz f\u00fcr den Verein gew\u00fcrdigt wurde, immerhin \u00fcber 30 Jahre aktive Vorstandst\u00e4tigkeit (<\/span><a style=\"font-size: 16px;\" href=\"tel:1990-2002\">1990-2002<\/a><span style=\"font-size: 16px; color: var( --e-global-color-text );\"> als 2. Vorsitzender, <\/span><a style=\"font-size: 16px;\" href=\"tel:1996-2020\">1996-2020<\/a><span style=\"font-size: 16px; color: var( --e-global-color-text );\"> als Ausbildungsleiter und seit 2020 als Beisitzer), \u00fcberreichte er ihm die Auszeichnung.<\/span><\/p>\t\t\t\t\t\t\t\t<\/div>\n\t\t\t\t<\/div>\n\t\t\t\t<div class=\"elementor-element elementor-element-29356b8 elementor-widget elementor-widget-image-gallery\" data-id=\"29356b8\" data-element_type=\"widget\" data-e-type=\"widget\" data-widget_type=\"image-gallery.default\">\n\t\t\t\t<div class=\"elementor-widget-container\">\n\t\t\t\t\t\t\t<div class=\"elementor-image-gallery\">\n\t\t\t\n\t\t<style type=\"text\/css\">\n\t\t\t#gallery-4 {\n\t\t\t\tmargin: auto;\n\t\t\t}\n\t\t\t#gallery-4 .gallery-item {\n\t\t\t\tfloat: left;\n\t\t\t\tmargin-top: 10px;\n\t\t\t\ttext-align: center;\n\t\t\t\twidth: 25%;\n\t\t\t}\n\t\t\t#gallery-4 img {\n\t\t\t\tborder: 2px solid #cfcfcf;\n\t\t\t}\n\t\t\t#gallery-4 .gallery-caption {\n\t\t\t\tmargin-left: 0;\n\t\t\t}\n\t\t\t\/* see gallery_shortcode() in wp-includes\/media.php *\/\n\t\t<\/style>\n\t\t<div id='gallery-4' class='gallery galleryid-46 gallery-columns-4 gallery-size-thumbnail'><dl class='gallery-item'>\n\t\t\t<dt class='gallery-icon portrait'>\n\t\t\t\t<a data-elementor-open-lightbox=\"yes\" data-elementor-lightbox-slideshow=\"29356b8\" data-elementor-lightbox-title=\"IMG-20230601-WA0001\" data-e-action-hash=\"#elementor-action%3Aaction%3Dlightbox%26settings%3DeyJpZCI6MTk4OSwidXJsIjoiaHR0cDpcL1wvdGMtYXF1YW1hbi5kZVwvd3AtY29udGVudFwvdXBsb2Fkc1wvMjAyM1wvMDZcL0lNRy0yMDIzMDYwMS1XQTAwMDEtZTE2ODYxMjk0NDgyNDQuanBnIiwic2xpZGVzaG93IjoiMjkzNTZiOCJ9\" href='http:\/\/tc-aquaman.de\/wp-content\/uploads\/2023\/06\/IMG-20230601-WA0001-e1686129448244.jpg'><img loading=\"lazy\" decoding=\"async\" width=\"150\" height=\"150\" src=\"http:\/\/tc-aquaman.de\/wp-content\/uploads\/2023\/06\/IMG-20230601-WA0001-e1686129448244-150x150.jpg\" class=\"attachment-thumbnail size-thumbnail\" alt=\"\" \/><\/a>\n\t\t\t<\/dt><\/dl><dl class='gallery-item'>\n\t\t\t<dt class='gallery-icon portrait'>\n\t\t\t\t<a data-elementor-open-lightbox=\"yes\" data-elementor-lightbox-slideshow=\"29356b8\" data-elementor-lightbox-title=\"Bildausschnitt WM\" data-e-action-hash=\"#elementor-action%3Aaction%3Dlightbox%26settings%3DeyJpZCI6MTk4OCwidXJsIjoiaHR0cDpcL1wvdGMtYXF1YW1hbi5kZVwvd3AtY29udGVudFwvdXBsb2Fkc1wvMjAyM1wvMDZcL0JpbGRhdXNzY2huaXR0LVdNLmpwZyIsInNsaWRlc2hvdyI6IjI5MzU2YjgifQ%3D%3D\" href='http:\/\/tc-aquaman.de\/wp-content\/uploads\/2023\/06\/Bildausschnitt-WM.jpg'><img loading=\"lazy\" decoding=\"async\" width=\"150\" height=\"150\" src=\"http:\/\/tc-aquaman.de\/wp-content\/uploads\/2023\/06\/Bildausschnitt-WM-150x150.jpg\" class=\"attachment-thumbnail size-thumbnail\" alt=\"\" \/><\/a>\n\t\t\t<\/dt><\/dl><dl class='gallery-item'>\n\t\t\t<dt class='gallery-icon portrait'>\n\t\t\t\t<a data-elementor-open-lightbox=\"yes\" data-elementor-lightbox-slideshow=\"29356b8\" data-elementor-lightbox-title=\"Bild WM\" data-e-action-hash=\"#elementor-action%3Aaction%3Dlightbox%26settings%3DeyJpZCI6MTk4NywidXJsIjoiaHR0cDpcL1wvdGMtYXF1YW1hbi5kZVwvd3AtY29udGVudFwvdXBsb2Fkc1wvMjAyM1wvMDZcL0JpbGQtV00tc2NhbGVkLmpwZyIsInNsaWRlc2hvdyI6IjI5MzU2YjgifQ%3D%3D\" href='http:\/\/tc-aquaman.de\/wp-content\/uploads\/2023\/06\/Bild-WM-scaled.jpg'><img loading=\"lazy\" decoding=\"async\" width=\"150\" height=\"150\" src=\"http:\/\/tc-aquaman.de\/wp-content\/uploads\/2023\/06\/Bild-WM-150x150.jpg\" class=\"attachment-thumbnail size-thumbnail\" alt=\"\" \/><\/a>\n\t\t\t<\/dt><\/dl>\n\t\t\t<br style='clear: both' \/>\n\t\t<\/div>\n\t\t<\/div>\n\t\t\t\t\t\t<\/div>\n\t\t\t\t<\/div>\n\t\t\t\t<div class=\"elementor-element elementor-element-f590599 elementor-widget elementor-widget-heading\" data-id=\"f590599\" data-element_type=\"widget\" data-e-type=\"widget\" data-widget_type=\"heading.default\">\n\t\t\t\t<div class=\"elementor-widget-container\">\n\t\t\t\t\t<h2 class=\"elementor-heading-title elementor-size-default\">Winterwanderung 2023<\/h2>\t\t\t\t<\/div>\n\t\t\t\t<\/div>\n\t\t\t\t<div class=\"elementor-element elementor-element-56b9675 elementor-widget elementor-widget-text-editor\" data-id=\"56b9675\" data-element_type=\"widget\" data-e-type=\"widget\" data-widget_type=\"text-editor.default\">\n\t\t\t\t<div class=\"elementor-widget-container\">\n\t\t\t\t\t\t\t\t\t<p><span style=\"color: #3b3b3b; font-family: 'Helvetica Neue', Helvetica, Arial, 'Lucida Grande', sans-serif; font-size: 1.1em; font-style: normal; font-weight: 500;\">Bericht von Stephan Lukas<\/span><\/p><p>Am 26.02.23 fand die Winterwanderung des Tauchclubs statt. Der Treffpunkt war der Parkplatz am Warndtweiher. P\u00fcnktlich trafen sich die Mitglieder des Clubs, alle gut ausgestattet und voller Vorfreude auf die Wanderung im Warndtwald.<\/p><p>Die Route f\u00fchrte durch den malerischen Warndtwald, der mit verschneiten B\u00e4umen und einer bezaubernden Atmosph\u00e4re lockte. Die Wanderung gestaltete sich angenehm, und die Teilnehmer genossen die frische Winterluft und die wundersch\u00f6ne Natur. Auf halber Strecke legten sie eine Verpflegungspause ein, um sich aufzuw\u00e4rmen und neue Energie zu tanken.<\/p><p>Als Belohnung gab es Gl\u00fchwein und Karlsberg Ur Pils, die perfekte Wahl, um sich in der winterlichen Umgebung aufzuw\u00e4rmen und das Gemeinschaftsgef\u00fchl zu st\u00e4rken. Bei einem Plausch \u00fcber vergangene Tauchabenteuer und kommende Unternehmungen genossen die Mitglieder die Pause und die k\u00f6stlichen Getr\u00e4nke.<\/p><p>Nachdem alle gest\u00e4rkt waren, setzten sie ihre Wanderung fort und erreichten schlie\u00dflich das Ziel. Als kr\u00f6nender Abschluss des Tages kehrten sie in die Gastst\u00e4tte &#8222;Die Erholung&#8220; ein. Dort lie\u00dfen sie sich von den freundlichen Gastgebern verw\u00f6hnen und genossen ein leckeres Abendessen. Die Gastst\u00e4tte bot eine vielf\u00e4ltige Auswahl an Gerichten, sodass f\u00fcr jeden Geschmack etwas dabei war.<\/p><p>In gem\u00fctlicher Atmosph\u00e4re lie\u00dfen die Tauchclub-Mitglieder den Tag ausklingen. Sie schwelgten in Erinnerungen an die Winterwanderung und tauschten sich \u00fcber ihre Begeisterung f\u00fcr das Tauchen und zuk\u00fcnftige Pl\u00e4ne aus. Die Gastst\u00e4tte &#8222;Die Erholung&#8220; erwies sich als perfekter Ort, um den Tag geb\u00fchrend abzuschlie\u00dfen.<\/p>\t\t\t\t\t\t\t\t<\/div>\n\t\t\t\t<\/div>\n\t\t\t\t<div class=\"elementor-element elementor-element-bcd0ad2 elementor-widget elementor-widget-heading\" data-id=\"bcd0ad2\" data-element_type=\"widget\" data-e-type=\"widget\" data-widget_type=\"heading.default\">\n\t\t\t\t<div class=\"elementor-widget-container\">\n\t\t\t\t\t<h2 class=\"elementor-heading-title elementor-size-default\">Jahreshauptversammlung 2023<\/h2>\t\t\t\t<\/div>\n\t\t\t\t<\/div>\n\t\t\t\t<div class=\"elementor-element elementor-element-9f1445e elementor-widget elementor-widget-text-editor\" data-id=\"9f1445e\" data-element_type=\"widget\" data-e-type=\"widget\" data-widget_type=\"text-editor.default\">\n\t\t\t\t<div class=\"elementor-widget-container\">\n\t\t\t\t\t\t\t\t\t<p><span style=\"color: #3b3b3b; font-family: 'Helvetica Neue', Helvetica, Arial, 'Lucida Grande', sans-serif; font-size: 1.1em; font-style: normal; font-weight: 500;\">Bericht von Stephan Lukas<\/span><\/p><p style=\"font-family: Roboto, sans-serif; font-size: 16px; font-style: normal; font-weight: 400;\">Zur j\u00e4hrlichen Jahreshauptversammlung kamen am Sonntag, den 29.01.2023 dreiundzwanzig Aqualeute zusammen.<\/p><p style=\"font-family: Roboto, sans-serif; font-size: 16px; font-style: normal; font-weight: 400;\">Der Ausbildungsleiter Martin Theis dankte allen TL\u00b4s und den \u00dcL\u2018s und den<br \/>erfahrenen Tauchern f\u00fcr ihr Engagement bei den Tauchevents im<br \/>vergangenen Jahr.<\/p><p style=\"font-family: Roboto, sans-serif; font-size: 16px; font-style: normal; font-weight: 400;\">Im vergangenen Jahr wurden folgende Tauchkurse\u00a0 bzw. Aufbaukurse mit Erfolg durchgef\u00fchrt:<\/p><p style=\"font-family: Roboto, sans-serif; font-size: 16px; font-style: normal; font-weight: 400;\">3 x Bronze<\/p><p style=\"font-family: Roboto, sans-serif; font-size: 16px; font-style: normal; font-weight: 400;\"><span style=\"color: var( --e-global-color-text ); font-family: Roboto, sans-serif; font-size: 16px; font-style: normal; font-weight: 400;\">Unser Ger\u00e4tewart Christoph Allard bedankt sich bei allen f\u00fcr die Unterst\u00fctzung.<\/span><\/p><p style=\"font-family: Roboto, sans-serif; font-size: 16px; font-style: normal; font-weight: 400;\">Zu guter Letzt gratulierte der erste Vorsitzende noch den Jubilaren aus 2022<\/p><p style=\"font-family: Roboto, sans-serif; font-size: 16px; font-style: normal; font-weight: 400;\">Thomas Adler 20 Jahre<\/p><p style=\"font-family: Roboto, sans-serif; font-size: 16px; font-style: normal; font-weight: 400;\">Petra Schuler 20 Jahre<\/p><p style=\"font-family: Roboto, sans-serif; font-size: 16px; font-style: normal; font-weight: 400;\">Katrin Schuler 20 Jahre<\/p><p style=\"font-family: Roboto, sans-serif; font-size: 16px; font-style: normal; font-weight: 400;\">Holger Krier 20 Jahre<\/p><p style=\"font-family: Roboto, sans-serif; font-size: 16px; font-style: normal; font-weight: 400;\">Elisa Schaaf 25 Jahre<\/p>\t\t\t\t\t\t\t\t<\/div>\n\t\t\t\t<\/div>\n\t\t\t\t<div class=\"elementor-element elementor-element-755fce7 elementor-widget elementor-widget-heading\" data-id=\"755fce7\" data-element_type=\"widget\" data-e-type=\"widget\" data-widget_type=\"heading.default\">\n\t\t\t\t<div class=\"elementor-widget-container\">\n\t\t\t\t\t<h2 class=\"elementor-heading-title elementor-size-default\">Abtauchen in Gravi\u00e8re du Fort vom 21.-23.10.22<\/h2>\t\t\t\t<\/div>\n\t\t\t\t<\/div>\n\t\t\t\t<div class=\"elementor-element elementor-element-d4b8b95 elementor-widget elementor-widget-text-editor\" data-id=\"d4b8b95\" data-element_type=\"widget\" data-e-type=\"widget\" data-widget_type=\"text-editor.default\">\n\t\t\t\t<div class=\"elementor-widget-container\">\n\t\t\t\t\t\t\t\t\t<p><span style=\"color: #3b3b3b; font-family: 'Helvetica Neue', Helvetica, Arial, 'Lucida Grande', sans-serif; font-size: 1.1em; font-style: normal; font-weight: 500;\">Bericht von Stephan Lukas<\/span><\/p><p><span style=\"font-family: Roboto; font-size: 12pt; color: var( --e-global-color-text );\">Vom 21.\u201323.10.22 fand unser diesj\u00e4hriges Abtauchen in Gravi\u00e8re du Fort statt.<\/span><\/p><p style=\"margin-bottom: 0cm; background-image: initial; background-position: initial; background-size: initial; background-repeat: initial; background-attachment: initial; background-origin: initial; background-clip: initial;\"><span style=\"font-size: 12pt; font-family: Roboto;\">Prophylaktisch hatte J\u00fcrgen einen Schulungsraum gebucht, da die Wettervorhersage nicht gerade vielversprechend war.<\/span><\/p><p style=\"margin-bottom: 0cm; background-image: initial; background-position: initial; background-size: initial; background-repeat: initial; background-attachment: initial; background-origin: initial; background-clip: initial;\"><span style=\"font-size: 12pt; font-family: Roboto;\">Das Wetter war Freitags leider sehr schlecht, es hatte nur geregnet. Entsch\u00e4digt wurden die Taucher allerdings durch die sch\u00f6nen Tauchg\u00e4nge in einem wundersch\u00f6nen klaren Gew\u00e4sser.<\/span><\/p><p style=\"margin-bottom: 0cm; background-image: initial; background-position: initial; background-size: initial; background-repeat: initial; background-attachment: initial; background-origin: initial; background-clip: initial;\"><span style=\"font-size: 12pt; font-family: Roboto;\">Ab Samstag wurde das Wetter besser und die Sonne kam zum Vorschein.<\/span><\/p><p style=\"margin-bottom: 0cm; background-image: initial; background-position: initial; background-size: initial; background-repeat: initial; background-attachment: initial; background-origin: initial; background-clip: initial;\"><span style=\"font-size: 12pt; font-family: Roboto;\">Nach dem ersten Tauchgang am Samstag wurden wir p\u00fcnktlich zur Mittagszeit mit leckerer Currywurst und Lyoner bek\u00f6stigt.<\/span><\/p><p style=\"margin-bottom: 0cm; background-image: initial; background-position: initial; background-size: initial; background-repeat: initial; background-attachment: initial; background-origin: initial; background-clip: initial;\"><span style=\"font-size: 12pt; font-family: Roboto;\">Der Tauchbetrieb lief unter unseren beiden TLvD`s Wolfgang und Christoph reibungslos und hatten nichts auszusetzen.<\/span><\/p><p style=\"margin-bottom: 0cm; background-image: initial; background-position: initial; background-size: initial; background-repeat: initial; background-attachment: initial; background-origin: initial; background-clip: initial;\"><span style=\"font-size: 12pt; font-family: Roboto;\">Die beiden Abende im Rasst\u00fcble waren wie immer sehr gesellig.<\/span><\/p><p style=\"margin-bottom: 0cm; background-image: initial; background-position: initial; background-size: initial; background-repeat: initial; background-attachment: initial; background-origin: initial; background-clip: initial;\"><span style=\"font-size: 12pt; font-family: Roboto;\">Am Sonntag ging es nach dem ausgiebigen Fr\u00fchst\u00fcck erneut an den See f\u00fcr die letzten Tauchg\u00e4nge.<\/span><\/p>\t\t\t\t\t\t\t\t<\/div>\n\t\t\t\t<\/div>\n\t\t\t\t<div class=\"elementor-element elementor-element-37e459a elementor-widget elementor-widget-heading\" data-id=\"37e459a\" data-element_type=\"widget\" data-e-type=\"widget\" data-widget_type=\"heading.default\">\n\t\t\t\t<div class=\"elementor-widget-container\">\n\t\t\t\t\t<h2 class=\"elementor-heading-title elementor-size-default\">TCA-Sommerfest am 17.07.22<\/h2>\t\t\t\t<\/div>\n\t\t\t\t<\/div>\n\t\t\t\t<div class=\"elementor-element elementor-element-d825ec7 elementor-widget elementor-widget-text-editor\" data-id=\"d825ec7\" data-element_type=\"widget\" data-e-type=\"widget\" data-widget_type=\"text-editor.default\">\n\t\t\t\t<div class=\"elementor-widget-container\">\n\t\t\t\t\t\t\t\t\t<p class=\"MsoNormal\"><span style=\"color: rgb(59, 59, 59); font-family: &quot;Helvetica Neue&quot;, Helvetica, Arial, &quot;Lucida Grande&quot;, sans-serif; font-size: 17.6px; font-style: normal; font-weight: 500;\">Bericht von Petra Schaaf<\/span><br><\/p>\n<p class=\"MsoNormal\">An unserem diesj\u00e4hrigen Sommerfest besuchten wir den <b>Baumwipfelpfad Saarschleife<\/b>. Um 11 Uhr versammelten sich \u00fcber 20 TC-Aquamenschen am Cloef-Atrium. Von dort aus ging es los \u00fcber den Baumwipfelpfad (mit einer Gesamtl\u00e4nge von 1.250 Metern) durch den Wald, vorbei an der Rutsche, den Lernstationen und der Rialtobr\u00fccke mit Wackelelementen, die nicht nur unsere jungen Mitglieder begeisterte, zum 42 m hohen Aussichtsturm. Auf der Plattform angekommen genossen wir bei sch\u00f6nstem Wetter den einzigartigen Rundblick und die fantastische Aussicht auf die Saarschleife. Auch sehr sch\u00f6n waren die vielen Gespr\u00e4che in wechselnden Konstellationen, die sich auf der kleinen Wanderung ergaben. Da haben wir wohl alle noch Nachholbedarf.<\/p>\n<p><\/p>\n<p class=\"MsoNormal\">Das Fest endete in gem\u00fctlicher Grillrunde an unserem Clubheim unter dem Torbogen, wozu sich noch einige andere Vereinsmitglieder einfanden. Vielen Dank f\u00fcr die zahlreichen Salat- und Kuchenspenden und auch ein Dank an unsere unerm\u00fcdlichen Grillmeister, die sich durch den Rauch k\u00e4mpften.<\/p>\t\t\t\t\t\t\t\t<\/div>\n\t\t\t\t<\/div>\n\t\t\t\t<div class=\"elementor-element elementor-element-24530f4 elementor-widget elementor-widget-heading\" data-id=\"24530f4\" data-element_type=\"widget\" data-e-type=\"widget\" data-widget_type=\"heading.default\">\n\t\t\t\t<div class=\"elementor-widget-container\">\n\t\t\t\t\t<h2 class=\"elementor-heading-title elementor-size-default\">Clubfahrt nach El Quesir vom 11.-21.05.2022<\/h2>\t\t\t\t<\/div>\n\t\t\t\t<\/div>\n\t\t\t\t<div class=\"elementor-element elementor-element-d6c8a44 elementor-widget elementor-widget-text-editor\" data-id=\"d6c8a44\" data-element_type=\"widget\" data-e-type=\"widget\" data-widget_type=\"text-editor.default\">\n\t\t\t\t<div class=\"elementor-widget-container\">\n\t\t\t\t\t\t\t\t\t<h2><strong>Antauchen einmal anders:<\/strong><\/h2>\n<p><span style=\"color: #3b3b3b; font-family: 'Helvetica Neue', Helvetica, Arial, 'Lucida Grande', sans-serif; font-size: 17.6px; font-style: normal; font-weight: 500;\">Bericht von Petra Schaaf<\/span><\/p>\n<p>Letztes Jahr beschloss der Vorstand unser diesj\u00e4hriges Antauchen einmal ganz anders zu gestalten. Also wurde eine Clubfahrt nach El Quesir ausgeschrieben, die von \u00fcber 20 Aquam\u00e4nnern und -frauen sehr gerne gebucht wurde. An dieser Stelle vielen Dank an Corinna, die die Fahrt organisierte, auch wenn sie leider nicht mitgefahren ist. Nach vielem Hin und Her mit Visabeantragung und Gesundheitszertifikat verlief die Einreise nach \u00c4gypten dann doch v\u00f6llig problemlos. Die Unterk\u00fcnfte im Hotel waren sehr sch\u00f6n. Leider meinte es der Wettergott nicht ganz so gut mit uns. Wir hatten starken Wind und konnten das Hausriff nur an wenigen Tagen betauchen. Stattdessen wurden Ausfl\u00fcge mit dem Bus zu nahegelegenen Tauchpl\u00e4tzen angeboten. Die Suche nach den Dugongs war zwar ein vorhersehbarer Flop, aber wir konnten doch viele erlebnisreiche Tauchg\u00e4nge machen. Wie man sieht, haben unsere UW-Fotografen dabei sch\u00f6ne Bilder geschossen. Die Tauchbasis samt Team war super, und es gab nichts zu beanstanden.<\/p>\n<p>Mein pers\u00f6nliches Highlight war die \u201eBadewanne\u201c. Der Schwimmbereich des Hotels vor dem Riff im Meer. Dort fanden sich verschiedene Arten von Mur\u00e4nen (nat\u00fcrlich im Kinderstadium), sehr aktive Nacktschnecken, Fische und sogar ein kleiner Rochen hatte sich hierhin verirrt. Das alles konnte man sozusagen im Stehen durch die Tauchbrille bewundern.<\/p>\n<p>Nach 7 bzw. 10 Tagen war die Clubfahrt zu Ende, und es ging wieder Richtung Heimat. Auch die R\u00fcckreise verlief f\u00fcr alle problemlos. Fazit: So kann das Antauchen immer sein.<\/p>\t\t\t\t\t\t\t\t<\/div>\n\t\t\t\t<\/div>\n\t\t\t\t<div class=\"elementor-element elementor-element-bb9effc elementor-widget elementor-widget-heading\" data-id=\"bb9effc\" data-element_type=\"widget\" data-e-type=\"widget\" data-widget_type=\"heading.default\">\n\t\t\t\t<div class=\"elementor-widget-container\">\n\t\t\t\t\t<h2 class=\"elementor-heading-title elementor-size-default\">Jahreshauptversammlung 2022<\/h2>\t\t\t\t<\/div>\n\t\t\t\t<\/div>\n\t\t\t\t<div class=\"elementor-element elementor-element-38da162 elementor-widget elementor-widget-text-editor\" data-id=\"38da162\" data-element_type=\"widget\" data-e-type=\"widget\" data-widget_type=\"text-editor.default\">\n\t\t\t\t<div class=\"elementor-widget-container\">\n\t\t\t\t\t\t\t\t\t<p style=\"font-family: Roboto, sans-serif; font-size: 16px; font-style: normal; font-weight: 400;\"><span style=\"color: #3b3b3b; font-family: 'Helvetica Neue', Helvetica, Arial, 'Lucida Grande', sans-serif; font-size: 1.1em; font-style: normal; font-weight: 500;\">Bericht von Stephan Lukas<\/span><\/p>\n<p style=\"font-family: Roboto, sans-serif; font-size: 16px; font-style: normal; font-weight: 400;\">Zur j\u00e4hrlichen Jahreshauptversammlung mit Neuwahlen kamen am Sonntag, den 27.03.2022 zwanzig Aqualeute zusammen.<\/p>\n<p style=\"font-family: Roboto, sans-serif; font-size: 16px; font-style: normal; font-weight: 400;\">Der Ausbildungsleiter Martin Theis dankte allen TL\u00b4s und den \u00dcL\u2018s und den<br>erfahrenen Tauchern f\u00fcr ihr Engagement bei den Tauchevents im<br>vergangenen Jahr.<\/p>\n<p style=\"font-family: Roboto, sans-serif; font-size: 16px; font-style: normal; font-weight: 400;\">Im vergangenen Jahr wurden folgende Tauchkurse&nbsp; bzw. Aufbaukurse mit Erfolg durchgef\u00fchrt:<\/p>\n<p style=\"font-family: Roboto, sans-serif; font-size: 16px; font-style: normal; font-weight: 400;\">1 x Silber, 1x Gold, sowie 1 AK Orientierung, 1 AK Gruppenf\u00fchrung, 1 AK Tauchsicherheit und<br>Rettung.<\/p>\n<p style=\"font-family: Roboto, sans-serif; font-size: 16px; font-style: normal; font-weight: 400;\"><span style=\"text-decoration: underline;\">Vorstandsneuwahlen:<\/span><\/p>\n<p style=\"font-family: Roboto, sans-serif; font-size: 16px; font-style: normal; font-weight: 400;\">Gew\u00e4hlt wurden:<\/p>\n<p style=\"font-family: Roboto, sans-serif; font-size: 16px; font-style: normal; font-weight: 400;\">J\u00fcrgen Schwed (1. Vorsitzender)<\/p>\n<p style=\"font-family: Roboto, sans-serif; font-size: 16px; font-style: normal; font-weight: 400;\">J\u00f6rg Meinert (2. Vorsitzender)<\/p>\n<p style=\"font-family: Roboto, sans-serif; font-size: 16px; font-style: normal; font-weight: 400;\">Johannes Geib&nbsp; (Gesch\u00e4ftsf\u00fchrer)<\/p>\n<p style=\"font-family: Roboto, sans-serif; font-size: 16px; font-style: normal; font-weight: 400;\">Kelly Meinert (Kassiererin)<\/p>\n<p style=\"font-family: Roboto, sans-serif; font-size: 16px; font-style: normal; font-weight: 400;\"><span style=\"text-decoration: underline;\">In den erweiterten Vorstand wurden gew\u00e4hlt:<\/span><\/p>\n<p style=\"font-family: Roboto, sans-serif; font-size: 16px; font-style: normal; font-weight: 400;\">Anne Adler (Schriftf\u00fchrerin)<\/p>\n<p style=\"font-family: Roboto, sans-serif; font-size: 16px; font-style: normal; font-weight: 400;\">Stephan Lukas (Presse- und \u00d6ffentlichkeitsarbeit, HP)<\/p>\n<p style=\"font-family: Roboto, sans-serif; font-size: 16px; font-style: normal; font-weight: 400;\">Ausbildungsleiter (Martin Theis)<\/p>\n<p style=\"font-family: Roboto, sans-serif; font-size: 16px; font-style: normal; font-weight: 400;\">Jugendwart (Stephan Bohdijalian)<\/p>\n<p style=\"font-family: Roboto, sans-serif; font-size: 16px; font-style: normal; font-weight: 400;\">Ger\u00e4tewart (Christoph Allard)<\/p>\n<p style=\"font-family: Roboto, sans-serif; font-size: 16px; font-style: normal; font-weight: 400;\">sowie weitere vier Beisitzer&nbsp; (Petra Schaaf, Petra Schuler, Wolfgang Motsch und Holger Krier).<\/p>\n<p style=\"font-family: Roboto, sans-serif; font-size: 16px; font-style: normal; font-weight: 400;\">Der erste Vorsitzende dankte dem neuen und alten Vorstand f\u00fcr seine Arbeit und das ehrenamtliche Engagement rund um den Tauchsport im Verein.<\/p>\n<p style=\"font-family: Roboto, sans-serif; font-size: 16px; font-style: normal; font-weight: 400;\">Zu guter Letzt gratulierte der erste Vorsitzende noch den Jubilaren aus 2020 und 2021<\/p>\n<p style=\"font-family: Roboto, sans-serif; font-size: 16px; font-style: normal; font-weight: 400;\">J\u00f6rg Meinert 25 Jahre<\/p><p style=\"font-family: Roboto, sans-serif; font-size: 16px; font-style: normal; font-weight: 400;\">Kelly Meinert 25 Jahre<\/p><p style=\"font-family: Roboto, sans-serif; font-size: 16px; font-style: normal; font-weight: 400;\">Vanessa Meinert 20 Jahre<\/p><p style=\"font-family: Roboto, sans-serif; font-size: 16px; font-style: normal; font-weight: 400;\">J\u00f6rg Blume 20 Jahre<\/p><p style=\"font-family: Roboto, sans-serif; font-size: 16px; font-style: normal; font-weight: 400;\">Eugenia Blume 20 Jahre<\/p><p style=\"font-family: Roboto, sans-serif; font-size: 16px; font-style: normal; font-weight: 400;\">Celine Adler 20 Jahre<\/p><p style=\"font-family: Roboto, sans-serif; font-size: 16px; font-style: normal; font-weight: 400;\">Stephan Bohdjalian 35 Jahre<\/p><p style=\"font-family: Roboto, sans-serif; font-size: 16px; font-style: normal; font-weight: 400;\">Stephan Lukas 35 Jahre<\/p><p style=\"font-family: Roboto, sans-serif; font-size: 16px; font-style: normal; font-weight: 400;\">J\u00fcrgen Schwed 20 Jahre<\/p><p style=\"font-family: Roboto, sans-serif; font-size: 16px; font-style: normal; font-weight: 400;\">Wolfgang Motsch 35 Jahre&nbsp;<\/p>\t\t\t\t\t\t\t\t<\/div>\n\t\t\t\t<\/div>\n\t\t\t\t<div class=\"elementor-element elementor-element-4240c2d elementor-widget elementor-widget-heading\" data-id=\"4240c2d\" data-element_type=\"widget\" data-e-type=\"widget\" data-widget_type=\"heading.default\">\n\t\t\t\t<div class=\"elementor-widget-container\">\n\t\t\t\t\t<h2 class=\"elementor-heading-title elementor-size-default\">Januar 2022 der TC Aquaman nimmt die Vereinsaktivit\u00e4ten wieder auf<\/h2>\t\t\t\t<\/div>\n\t\t\t\t<\/div>\n\t\t\t\t<div class=\"elementor-element elementor-element-80cc16e elementor-widget elementor-widget-text-editor\" data-id=\"80cc16e\" data-element_type=\"widget\" data-e-type=\"widget\" data-widget_type=\"text-editor.default\">\n\t\t\t\t<div class=\"elementor-widget-container\">\n\t\t\t\t\t\t\t\t\t<h4 style=\"font-style: normal;\"><span style=\"font-size: 16px; color: var( --e-global-color-text );\">Liebe Freundinnen und Freunde,<\/span><\/h4>\n<p style=\"font-family: Roboto, sans-serif; font-size: 16px; font-style: normal; font-weight: 400;\">seit dem 20. Januar 2022 haben wir das Training im Hallenbad mit anschlie\u00dfendem Treffen im Clubheim nach den 2G+-Regeln wieder aufgenommen. Bitte meldet Euch zum Training in unserer WhatsApp-Gruppe \u201eTCA Training\u201c verbindlich an. Bringt bitte einen g\u00fcltigen Test oder einen Selbsttest f\u00fcr das Testen vor dem Training im Hallenbad mit.<\/p>\n<p style=\"font-family: Roboto, sans-serif; font-size: 16px; font-style: normal; font-weight: 400;\">Allzeit gut Luft und bleibt gesund!<\/p>\n<p style=\"font-family: Roboto, sans-serif; font-size: 16px; font-style: normal; font-weight: 400;\">Euer TC Aquaman Ford e.V.<\/p>\t\t\t\t\t\t\t\t<\/div>\n\t\t\t\t<\/div>\n\t\t\t\t<div class=\"elementor-element elementor-element-6742ec5 elementor-widget elementor-widget-heading\" data-id=\"6742ec5\" data-element_type=\"widget\" data-e-type=\"widget\" data-widget_type=\"heading.default\">\n\t\t\t\t<div class=\"elementor-widget-container\">\n\t\t\t\t\t<h2 class=\"elementor-heading-title elementor-size-default\">Abtauchen in Gravi\u00e8re du Fort vom 22.-24.10.2021<\/h2>\t\t\t\t<\/div>\n\t\t\t\t<\/div>\n\t\t\t\t<div class=\"elementor-element elementor-element-6c10648 elementor-widget elementor-widget-text-editor\" data-id=\"6c10648\" data-element_type=\"widget\" data-e-type=\"widget\" data-widget_type=\"text-editor.default\">\n\t\t\t\t<div class=\"elementor-widget-container\">\n\t\t\t\t\t\t\t\t\t<p><span style=\"font-family: 'Helvetica Neue', Helvetica, Arial, 'Lucida Grande', sans-serif; font-size: 1.1em; font-weight: 500; color: #3b3b3b;\">Bericht von Petra Schaaf<\/span><\/p>\n<p style=\"font-family: Roboto, sans-serif; font-size: 16px; font-style: normal; font-weight: 400;\">Bei herrlichem Wetter verbrachten insgesamt 14 Taucher und Taucherinnen sowie 10 nichttauchende Clubmitglieder vom 22.-24. Oktober ein entspanntes verl\u00e4ngertes Wochenende am See Gravi\u00e8re du Fort in der N\u00e4he von Stra\u00dfburg. Die meisten reisten bereits freitags an und unternahmen sch\u00f6ne Tauchg\u00e4nge bei bester Sicht. Auch am Samstag und Sonntag verlief der Tauchbetrieb unter Wolfgangs Regie reibungslos und zu aller Zufriedenheit. Nur Horst \u00fcbernahm den Part von der Schulerin und riss sich bereits am 1. Tag die Halsmanschette entzwei, damit er danach nicht mehr tauchen musste. Allerdings hat er dadurch samstags heimischen Lyoner und Urpils verpasst, womit unser Pr\u00e4si J\u00fcrgen uns traditionell versorgte. Unsere Gasttaucherin Selina lockte mit ihrem Kreislaufger\u00e4t sogar einen Taucher aus Finnland an, der sich ihr an diesem Tag gerne anschloss.<\/p>\n<p style=\"font-family: Roboto, sans-serif; font-size: 16px; font-style: normal; font-weight: 400;\">Nach zwei lautstarken, lustigen Abenden im Ratsst\u00fcble machten sich sonntags einige direkt andere erst nachmittags nach dem Tauchen wieder auf den Heimweg. Dank des sch\u00f6nen Wetters und der zus\u00e4tzlichen guten Kaffee- und Teeversorgung aus Sandras \u201eSchr\u00f6der\u201c war es eine gelungene Freiluftveranstaltung.<\/p>\t\t\t\t\t\t\t\t<\/div>\n\t\t\t\t<\/div>\n\t\t\t\t<div class=\"elementor-element elementor-element-cec5e4a elementor-widget elementor-widget-heading\" data-id=\"cec5e4a\" data-element_type=\"widget\" data-e-type=\"widget\" data-widget_type=\"heading.default\">\n\t\t\t\t<div class=\"elementor-widget-container\">\n\t\t\t\t\t<h2 class=\"elementor-heading-title elementor-size-default\">Endlich: TCA-Clubfahrt 2021!<\/h2>\t\t\t\t<\/div>\n\t\t\t\t<\/div>\n\t\t\t\t<div class=\"elementor-element elementor-element-336730c elementor-widget elementor-widget-text-editor\" data-id=\"336730c\" data-element_type=\"widget\" data-e-type=\"widget\" data-widget_type=\"text-editor.default\">\n\t\t\t\t<div class=\"elementor-widget-container\">\n\t\t\t\t\t\t\t\t\t<h6 style=\"font-style: normal;\">Bericht von Petra Schaaf<\/h6>\n<p style=\"font-family: Roboto, sans-serif; font-size: 16px; font-style: normal; font-weight: 400;\">Nach langer Coronapause fand vom 9.-16. Juli 2021 endlich wieder eine Clubfahrt statt. Ziel war der Sundh\u00e4user See in Nordhausen\/Th\u00fcringen, wo 11 Clubmitglieder in drei Ferienh\u00e4usern und zwei Nachz\u00fcgler im eigenen Wohnmobil eine Woche gemeinsam Urlaub machten.<\/p>\n<p style=\"font-family: Roboto, sans-serif; font-size: 16px; font-style: normal; font-weight: 400;\">Nach Ankunft bei str\u00f6mendem Regen (es hat echt gesch\u00fcttet) konnte das Wetter eigentlich nur besser werden. Dank der umsichtigen Mitnahme von ausreichend Pavillons konnte das gemeinsame Clubleben im Freien stattfinden. Hervorzuheben sind zwei Abende, an denen Sven, unser Silberanw\u00e4rter, uns bestens mit seinem Dutch Oven bekochte. Danke Sven, es war sehr lecker!<\/p>\n<p style=\"font-family: Roboto, sans-serif; font-size: 16px; font-style: normal; font-weight: 400;\">Bei unseren t\u00e4glichen Tauchg\u00e4ngen bestaunten wir das Unterwasserdorf Nordhusia und im Flachbereich zahlreiche riesige Karpfen und Hechte. Die Lage der H\u00e4user mit direktem Seezugang machte das Tauchen sehr bequem, auch war der Ausblick von den Terrassen auf den See sehr sch\u00f6n.<\/p>\n<p style=\"font-family: Roboto, sans-serif; font-size: 16px; font-style: normal; font-weight: 400;\">Einige besuchten das sch\u00f6ne Umland, z.B. den Harzer Brocken und die h\u00fcbsche Stadt Wernigerode, wo man Hexen suchte und fand, und auch Nordhausen selbst war sehenswert. Klein aber fein.<\/p>\n<p style=\"font-family: Roboto, sans-serif; font-size: 16px; font-style: normal; font-weight: 400;\">Alles in allem war es eine gelungene Clubfahrt, und wir freuen uns schon auf die n\u00e4chste, die hoffentlich bald und uneingeschr\u00e4nkt stattfinden kann.<\/p>\t\t\t\t\t\t\t\t<\/div>\n\t\t\t\t<\/div>\n\t\t\t\t<div class=\"elementor-element elementor-element-577f534 elementor-widget elementor-widget-heading\" data-id=\"577f534\" data-element_type=\"widget\" data-e-type=\"widget\" data-widget_type=\"heading.default\">\n\t\t\t\t<div class=\"elementor-widget-container\">\n\t\t\t\t\t<h2 class=\"elementor-heading-title elementor-size-default\">Familientag im Kletterpark Homburg-J\u00e4gersburg<\/h2>\t\t\t\t<\/div>\n\t\t\t\t<\/div>\n\t\t\t\t<div class=\"elementor-element elementor-element-7354d87 elementor-widget elementor-widget-text-editor\" data-id=\"7354d87\" data-element_type=\"widget\" data-e-type=\"widget\" data-widget_type=\"text-editor.default\">\n\t\t\t\t<div class=\"elementor-widget-container\">\n\t\t\t\t\t\t\t\t\t<h6 style=\"font-style: normal;\">Bericht von Holger Krier<\/h6>\n<p style=\"font-family: Roboto, sans-serif; font-size: 16px; font-style: normal; font-weight: 400;\">Am 30.08.2020 hatten wir uns zum Familientag im Kletterpark Homburg-J\u00e4gersburg um 11 Uhr getroffen. Unter Einhaltung der Hygieneregelungen haben wir uns in zwei Gruppen aufgeteilt: in Wanderer und Kletterer.<\/p>\n<p style=\"font-family: Roboto, sans-serif; font-size: 16px; font-style: normal; font-weight: 400;\">Neun mutige Kletterer darunter zwei Kinder (6 Jahre und 11 Jahre) haben das Klettergeschirr erhalten. Wir wurden eingewiesen zum Klettern und mussten alle unter Aufsicht einen Probeparcours durchlaufen. Danach wurden wir auf die neun Parcours losgelassen. Jakob ging auf den Kinder-Parcours.<\/p>\n<p style=\"font-family: Roboto, sans-serif; font-size: 16px; font-style: normal; font-weight: 400;\">Nachdem wir dann alle warm geklettert waren haben wir die Sonderunterweisung f\u00fcr die schwereren Parcours 6 bis 9 erhalten. Da die Seerutsche \u00fcberlaufen war, waren wir erst auf den Parcours 6 gegangen.<\/p>\n<p style=\"font-family: Roboto, sans-serif; font-size: 16px; font-style: normal; font-weight: 400;\">Neben zahlreichen Herausforderungen gibt es hier auch sch\u00f6ne Adrenalin-Kicks: Tarzan-Swing, Snowboard-Rutsche und Flugzeug-Rutsche. Diese war sehr schwei\u00dftreibend und nicht ohne: Martin1 verhedderte sich in der Flugzeugrutsche musste befreit werden. Martin2 rutschte von den Baumst\u00e4mmen ab, sodass die \u201aH\u00f6henrettung\u2018 zum Einsatz kam.<\/p>\n<p style=\"font-family: Roboto, sans-serif; font-size: 16px; font-style: normal; font-weight: 400;\">Als n\u00e4chstes kam der Parcours 7, mit einer 170m langen Seilrutsche \u00fcber den Br\u00fcckweiher als Highlight.<\/p>\n<p style=\"font-family: Roboto, sans-serif; font-size: 16px; font-style: normal; font-weight: 400;\">Nach einer ausgiebigen Tour trafen sich die Wanderer und Kletterer am nahegelegenen Blockhaus, um noch gem\u00fctlich gemeinsam einen zu trinken.<\/p>\n<p style=\"font-family: Roboto, sans-serif; font-size: 16px; font-style: normal; font-weight: 400;\">Ein Kletterer hatte komplett die Zeit vergessen: Er wurde in der H\u00e4lfte des Parcours 9 gestoppt und mit der H\u00f6henrettung abgeseilt weil der Kletterpark schlie\u00dfen wollte.<\/p>\n<p style=\"font-family: Roboto, sans-serif; font-size: 16px; font-style: normal; font-weight: 400;\">Der Abend wurde nach einem spannenden Tag gem\u00fctlich bei einem Abendessen im Restaurant Kalimera in Saarlouis ausklingen gelassen.<\/p>\t\t\t\t\t\t\t\t<\/div>\n\t\t\t\t<\/div>\n\t\t\t\t<div class=\"elementor-element elementor-element-997ee09 elementor-widget elementor-widget-heading\" data-id=\"997ee09\" data-element_type=\"widget\" data-e-type=\"widget\" data-widget_type=\"heading.default\">\n\t\t\t\t<div class=\"elementor-widget-container\">\n\t\t\t\t\t<h2 class=\"elementor-heading-title elementor-size-default\">Wir trauern um unseren Vorsitzenden, Tauchlehrer und Freund Josef Schuler<\/h2>\t\t\t\t<\/div>\n\t\t\t\t<\/div>\n\t\t\t\t<section class=\"elementor-section elementor-inner-section elementor-element elementor-element-1f8c4af elementor-section-boxed elementor-section-height-default elementor-section-height-default\" data-id=\"1f8c4af\" data-element_type=\"section\" data-e-type=\"section\">\n\t\t\t\t\t\t<div class=\"elementor-container elementor-column-gap-default\">\n\t\t\t\t\t<div class=\"elementor-column elementor-col-100 elementor-inner-column elementor-element elementor-element-b460185\" data-id=\"b460185\" data-element_type=\"column\" data-e-type=\"column\">\n\t\t\t<div class=\"elementor-widget-wrap elementor-element-populated\">\n\t\t\t\t\t\t<div class=\"elementor-element elementor-element-cab37f7 elementor-widget elementor-widget-image\" data-id=\"cab37f7\" data-element_type=\"widget\" data-e-type=\"widget\" data-widget_type=\"image.default\">\n\t\t\t\t<div class=\"elementor-widget-container\">\n\t\t\t\t\t\t\t\t\t\t\t\t\t\t\t<img loading=\"lazy\" decoding=\"async\" width=\"518\" height=\"576\" src=\"http:\/\/tc-aquaman.de\/wp-content\/uploads\/2020\/06\/josef.jpg\" class=\"attachment-large size-large wp-image-556\" alt=\"\" srcset=\"http:\/\/tc-aquaman.de\/wp-content\/uploads\/2020\/06\/josef.jpg 518w, http:\/\/tc-aquaman.de\/wp-content\/uploads\/2020\/06\/josef-270x300.jpg 270w\" sizes=\"(max-width: 518px) 100vw, 518px\" \/>\t\t\t\t\t\t\t\t\t\t\t\t\t\t\t<\/div>\n\t\t\t\t<\/div>\n\t\t\t\t<div class=\"elementor-element elementor-element-d950375 elementor-widget elementor-widget-text-editor\" data-id=\"d950375\" data-element_type=\"widget\" data-e-type=\"widget\" data-widget_type=\"text-editor.default\">\n\t\t\t\t<div class=\"elementor-widget-container\">\n\t\t\t\t\t\t\t\t\t<h4 class=\"moz-forward-container\" style=\"font-style: normal; text-align: center;\"><b>Wir trauern um unseren Vorsitzenden, Tauchlehrer und Freund Josef Schuler<\/b><\/h4>\n<p style=\"font-family: Roboto, sans-serif; font-size: 16px; font-style: normal; font-weight: 400; text-align: center;\">Am 14. Juni 2020 verstarb unser 1. Vorsitzender, Tauchlehrer und Freund<\/p>\n<p style=\"font-family: Roboto, sans-serif; font-size: 16px; font-style: normal; font-weight: 400; text-align: center;\"><strong style=\"font-size: 16px;\">Josef Schuler<\/strong><\/p>\n<p style=\"font-family: Roboto, sans-serif; font-size: 16px; font-style: normal; font-weight: 400; text-align: center;\">viel zu fr\u00fch im Alter von 59 Jahren.<\/p>\n<p style=\"font-family: Roboto, sans-serif; font-size: 16px; font-style: normal; font-weight: 400; text-align: center;\">2002 sind Josef und seine Familie in den TC Aquaman Ford Saarlouis eingetreten und von Beginn an hat er sich sehr stark in unserem Verein engagiert. Josef war ein begeisterter Taucher und einer, der andere f\u00fcr das Tauchen begeistern konnte.<\/p>\n<p style=\"font-family: Roboto, sans-serif; font-size: 16px; font-style: normal; font-weight: 400; text-align: center;\">Er machte die Ausbildung zum Tauchlehrer 1 und Tauchlehrer 2 und hat in dieser Funktion zahlreiche Tauchsch\u00fcler ausgebildet. Doch war er nicht nur Ausbilder, er war auch als Jugendwart t\u00e4tig. Was er auch in unserem Verein anpackte, das hat er immer mit vollem Einsatz, hoher Kompetenz und viel Herz getan.<\/p>\n<p style=\"font-family: Roboto, sans-serif; font-size: 16px; font-style: normal; font-weight: 400; text-align: center;\">Seit 2016 f\u00fchrte Josef unseren Verein dann als 1. Vorsitzender mit gro\u00dfem Engagement, Umsicht und Fachverstand.<\/p>\n<p style=\"font-family: Roboto, sans-serif; font-size: 16px; font-style: normal; font-weight: 400; text-align: center;\">Dabei wusste Josef, wie kaum ein anderer, alles \u00fcber den Tauchsport. Das machte ihn immer zu einem fachkundigen Ansprechpartner bei allen Fragen rund um das Tauchen \u2013 f\u00fcr unsere Mitglieder aber auch \u00fcber den Verein hinaus.<\/p>\n<p style=\"font-family: Roboto, sans-serif; font-size: 16px; font-style: normal; font-weight: 400; text-align: center;\">Sein Rat, seine Begeisterung und seine zupackende Art werden uns nicht nur im Verein sehr fehlen.<\/p>\n<p style=\"font-family: Roboto, sans-serif; font-size: 16px; font-style: normal; font-weight: 400; text-align: center;\">Wir trauern um unseren 1. Vorsitzenden und Tauchlehrer, wir trauern aber vor allem um unseren guten Freund.<\/p>\n<p style=\"font-family: Roboto, sans-serif; font-size: 16px; font-style: normal; font-weight: 400; text-align: center;\">In stiller Trauer nehmen wir Abschied von \u201aunserem\u2018 Josef.<\/p>\n<p style=\"font-family: Roboto, sans-serif; font-size: 16px; font-style: normal; font-weight: 400; text-align: center;\">Unser tiefstes Mitgef\u00fchl gilt seiner Frau Petra und seiner Tochter Katrin.<\/p>\n<p style=\"font-family: Roboto, sans-serif; font-size: 16px; font-style: normal; font-weight: 400; text-align: center;\"><strong style=\"font-size: 16px;\">Josef, wir werden bei unseren Tauchg\u00e4ngen in der ruhigen und friedlichen Unterwasserwelt an Dich denken, sodass Du uns dort stets begleiten wirst.<\/strong><\/p>\n<p style=\"font-family: Roboto, sans-serif; font-size: 16px; font-style: normal; font-weight: 400;\"><img loading=\"lazy\" decoding=\"async\" class=\"alignnone size-medium wp-image-594\" src=\"http:\/\/tc-aquaman.de\/wp-content\/uploads\/2020\/12\/Unbenannt.gif\" alt=\"\" width=\"1\" height=\"1\" \/><\/p>\t\t\t\t\t\t\t\t<\/div>\n\t\t\t\t<\/div>\n\t\t\t\t\t<\/div>\n\t\t<\/div>\n\t\t\t\t\t<\/div>\n\t\t<\/section>\n\t\t\t\t<div class=\"elementor-element elementor-element-bc4bba1 elementor-widget elementor-widget-heading\" data-id=\"bc4bba1\" data-element_type=\"widget\" data-e-type=\"widget\" data-widget_type=\"heading.default\">\n\t\t\t\t<div class=\"elementor-widget-container\">\n\t\t\t\t\t<h2 class=\"elementor-heading-title elementor-size-default\">TCA-Winterwanderung am Sonntag, 9.2.2020<\/h2>\t\t\t\t<\/div>\n\t\t\t\t<\/div>\n\t\t\t\t<div class=\"elementor-element elementor-element-de7c404 elementor-widget elementor-widget-text-editor\" data-id=\"de7c404\" data-element_type=\"widget\" data-e-type=\"widget\" data-widget_type=\"text-editor.default\">\n\t\t\t\t<div class=\"elementor-widget-container\">\n\t\t\t\t\t\t\t\t\t<h6 style=\"font-style: normal;\">Bericht von Petra Schaaf<\/h6>\n<p style=\"font-family: Roboto, sans-serif; font-size: 16px; font-style: normal; font-weight: 400;\">Am 9. Februar trafen sich fast 30 TCA-ler mit Kind und Kegel zur Wanderung im Karlsbrunner Wildpark. Auch Sturmtief Sabine konnte uns nicht schrecken, denn schlie\u00dflich haben wir selbst einen Wirbelwind namens Sabine im Verein. Unser Wanderguide Wolfgang f\u00fchrte uns vom Parkplatz durch den Wildpark zur Aussichtsplattform mit spektakul\u00e4rem Blick \u00fcber die ehemalige Sandgrube von Freyming-Merlebach (Carri\u00e9re Barrois). Nach einer kleinen Rast an der V\u00e9lo-Station im Wildpark ging es dann um halb eins zum \u201elecker Essen\u201c ins Blockhaus nach St. Nikolaus. Nachdem Sandra sozusagen nur noch im Unterhemd am Tisch sa\u00df, erl\u00f6ste uns der Wirt vom zus\u00e4tzlichen Heizofen. Zwar gut gest\u00e4rkt f\u00fcr den R\u00fcckweg machten wir aber wegen gro\u00dfen Durstes doch nochmal Halt an der V\u00e9lo-Station. Au\u00dfer f\u00fcr die Fahrer nat\u00fcrlich gab es Bier, Schnaps (vom Wirt) und Cr\u00e9mant (danke J\u00fcrgen \u2013 sei ruhig weiterhin frech zu den M\u00e4dels :). Danach schaffte dann auch der harte Kern den \u201eweiten\u201c Weg zum Parkplatz.<\/p>\t\t\t\t\t\t\t\t<\/div>\n\t\t\t\t<\/div>\n\t\t\t\t<div class=\"elementor-element elementor-element-76d09bd elementor-widget elementor-widget-heading\" data-id=\"76d09bd\" data-element_type=\"widget\" data-e-type=\"widget\" data-widget_type=\"heading.default\">\n\t\t\t\t<div class=\"elementor-widget-container\">\n\t\t\t\t\t<h2 class=\"elementor-heading-title elementor-size-default\">Jahreshauptversammlung 2020 - TC Aquaman steht gut da<\/h2>\t\t\t\t<\/div>\n\t\t\t\t<\/div>\n\t\t\t\t<div class=\"elementor-element elementor-element-7df26f7 elementor-widget elementor-widget-text-editor\" data-id=\"7df26f7\" data-element_type=\"widget\" data-e-type=\"widget\" data-widget_type=\"text-editor.default\">\n\t\t\t\t<div class=\"elementor-widget-container\">\n\t\t\t\t\t\t\t\t\t<p><span style=\"color: #3b3b3b; font-family: 'Helvetica Neue', Helvetica, Arial, 'Lucida Grande', sans-serif; font-size: 1.4em; font-style: normal; font-weight: 500;\">Jahreshauptversammlung 2020 \u2013 TC Aquaman steht gut da<\/span><\/p>\n<h6 style=\"font-style: normal;\">Bericht von Lisa Geimer-Klein<\/h6>\n<p style=\"font-family: Roboto, sans-serif; font-size: 16px; font-style: normal; font-weight: 400;\">Zur j\u00e4hrlichen Jahrshauptversammlung mit Neuwahlen am letzen Sonntag im Januar kamen 30 Aqualeute zusammen. Der erste Vorsitzende Josef Schuler blickte auf ein vielseitiges Jahr 2019 zur\u00fcck: Der TCA stehe wirklich gut da, habe jetzt mit vier Tauchlehrern ** (TL2) eine Ausbilderdichte, an die sicherlich kaum andere Vereine im Saarland herank\u00e4men. Entsprechend positiv entwickelte sich auch die Mitgliederzahl. Die Schwimmbadmodernisierung des Stammhallenbades Aqualouis biete nun eine gute Grundlage f\u00fcr da Flossentraining jeden Donnerstagabend. Auch das noch neue Jahr 2020 wird f\u00fcr den TC Aquaman wieder sehr viele Events bereithalten: Zahlreiche Termine wie die inzwischen gute Tradition gewordene Wochenend-Tauchfahrten zum An- und Abtauchen (zu Beginn und Anfang des Jahres), der Familientag im Fun Forest Homburg, sowie andere Vereinstreffen mit Programm \u00fcber und unter Wasser, lassen nicht nur das Taucherherz h\u00f6herschlagen. Besonders verwies Josef Schuler auf das Schnuppertauchen f\u00fcr Ford-Werksangeh\u00f6rige aber auch Nicht-Fordler am 2. April im neuen Aqualouis. \u201eTauchsport wird immer beliebter, bei uns kann man in famili\u00e4rer Atmosph\u00e4re erleben, warum das so ist und einfach mal mitmachen\u201c, freut sich der erste Vorsitzende. Ebenso wird sich der Tauchclub Aquaman am 13. Juni im Rahmen der Feierlichkeiten zu 50 Jahre Fordwerke Saarlouis pr\u00e4sentieren: Ein riesiger Tauchcontainer und ein Schnuppertauchen mit den kompetenten Ausbildern wird ein Spa\u00df f\u00fcr die gesamte Familie. Nach den Berichten stand die turnusm\u00e4\u00dfige die Neuwahl des Vorstands an.<\/p>\n<p style=\"font-family: Roboto, sans-serif; font-size: 16px; font-style: normal; font-weight: 400;\">Gew\u00e4hlt wurden:<br \/>Josef Schuler (1. Vorsitzender)<\/p>\n<p style=\"font-family: Roboto, sans-serif; font-size: 16px; font-style: normal; font-weight: 400;\">J\u00fcrgen Schwed (2. Vorsitzender)<\/p>\n<p style=\"font-family: Roboto, sans-serif; font-size: 16px; font-style: normal; font-weight: 400;\">Olly Blume (Fachwartin f\u00fcr Technik)<\/p>\n<p style=\"font-family: Roboto, sans-serif; font-size: 16px; font-style: normal; font-weight: 400;\">Johannes Geib\u00a0 (Gesch\u00e4ftsf\u00fchrer)<\/p>\n<p style=\"font-family: Roboto, sans-serif; font-size: 16px; font-style: normal; font-weight: 400;\">Kelly Meinert (Kassiererin)<\/p>\n<p style=\"font-family: Roboto, sans-serif; font-size: 16px; font-style: normal; font-weight: 400;\">\u00a0<\/p>\n<p style=\"font-family: Roboto, sans-serif; font-size: 16px; font-style: normal; font-weight: 400;\">In den erweiterten Vorstand wurden gew\u00e4hlt:<\/p>\n<p style=\"font-family: Roboto, sans-serif; font-size: 16px; font-style: normal; font-weight: 400;\">Anne Adler (Schriftf\u00fchrerin)<\/p>\n<p style=\"font-family: Roboto, sans-serif; font-size: 16px; font-style: normal; font-weight: 400;\">Lisa Geimer-Klein (Presse- und \u00d6ffentlichkeitsarbeit)<\/p>\n<p style=\"font-family: Roboto, sans-serif; font-size: 16px; font-style: normal; font-weight: 400;\">Ausbildungsleiter (Martin Theis)<\/p>\n<p style=\"font-family: Roboto, sans-serif; font-size: 16px; font-style: normal; font-weight: 400;\">Jugendwart (Stephan Bohdijalian)<\/p>\n<p style=\"font-family: Roboto, sans-serif; font-size: 16px; font-style: normal; font-weight: 400;\">Ger\u00e4tewart (Christoph Allard)<\/p>\n<p style=\"font-family: Roboto, sans-serif; font-size: 16px; font-style: normal; font-weight: 400;\">sowie weitere vier Beisitzer\u00a0 (Petra Schaaf, Petra Schuler, Wolfgang Motsch und Holger Krier).<\/p>\n<p style=\"font-family: Roboto, sans-serif; font-size: 16px; font-style: normal; font-weight: 400;\">Der erste Vorsitzende dankte dem neuen und alten Vorstand f\u00fcr seine Arbeit und das ehrenamtliche Engagement rund um den Tauchsport im Verein. Zu guter Letzt gratulierte der erste Vorsitzende noch stellvertretend f\u00fcr den gesamten Verein den Mitgliedern, die 2019 einen runden Geburtstag gefeiert haben, das waren: Petra Schaaf, Hans Joachim Herbig, Sonja Weiland, Anne und Horst Adler (abwesend ausgenommen).<\/p>\n<p style=\"font-family: Roboto, sans-serif; font-size: 16px; font-style: normal; font-weight: 400;\">Den Abschluss machten wie immer leckerer Kuchen (danke an die Spenderinnen und Spender!) und tolle Gespr\u00e4che.<\/p>\t\t\t\t\t\t\t\t<\/div>\n\t\t\t\t<\/div>\n\t\t\t\t<div class=\"elementor-element elementor-element-833d094 elementor-widget elementor-widget-heading\" data-id=\"833d094\" data-element_type=\"widget\" data-e-type=\"widget\" data-widget_type=\"heading.default\">\n\t\t\t\t<div class=\"elementor-widget-container\">\n\t\t\t\t\t<h2 class=\"elementor-heading-title elementor-size-default\">Frohes Neues beim TCA Neujahrsempfang 2020<\/h2>\t\t\t\t<\/div>\n\t\t\t\t<\/div>\n\t\t\t\t<div class=\"elementor-element elementor-element-8981a62 elementor-widget elementor-widget-text-editor\" data-id=\"8981a62\" data-element_type=\"widget\" data-e-type=\"widget\" data-widget_type=\"text-editor.default\">\n\t\t\t\t<div class=\"elementor-widget-container\">\n\t\t\t\t\t\t\t\t\t<h6 style=\"font-style: normal;\">Bericht von Lisa Geimer-Klein<\/h6>\n<p style=\"font-family: Roboto, sans-serif; font-size: 16px; font-style: normal; font-weight: 400;\">Wer das alte Jahr verabschiedet, muss auch gleichzeitig das neue empfangen: \u00dcber 40 Aquafrauen,- m\u00e4nner und -kinder trafen sich am vergangenen Sonntag, um gemeinsam 2020 feierlich einzul\u00e4uten.<\/p>\n<p style=\"font-family: Roboto, sans-serif; font-size: 16px; font-style: normal; font-weight: 400;\">Bei richtig guten Gespr\u00e4chen und leckerem Essen war unser Clubheim \u00e4hnlich voll wie die B\u00e4uche der Mitfeiernden nach dem reichhaltigen Buffet \u2013 auch dank der tollen Nachtischspenden vieler Vereinsmitglieder.<\/p>\n<p style=\"font-family: Roboto, sans-serif; font-size: 16px; font-style: normal; font-weight: 400;\">Pr\u00e4sident Josef Schuler w\u00fcnschte allen Vereinsmitgliedern nicht nur ein frohes und vor allem gesundes 2020, sondern wies auch auf die zahlreichen Veranstaltungen im noch neuen Jahr hin: Vom Schnuppertauchen f\u00fcr Tauchinteressierte, die noch nicht im Verein sind, \u00fcber gemeinsame Tauchausfl\u00fcge, Familienaktionen aber auch die Unterst\u00fctzung der Feierlichkeiten rund um 50 Jahre Fordwerke Saarlouis wird auch 2020 wieder spannend und abwechslungsreich.<\/p>\n<p style=\"font-family: Roboto, sans-serif; font-size: 16px; font-style: normal; font-weight: 400;\">Wir freuen uns gemeinsam auf ein gutes 2020 und w\u00fcnschen gut Luft!<\/p>\t\t\t\t\t\t\t\t<\/div>\n\t\t\t\t<\/div>\n\t\t\t\t<div class=\"elementor-element elementor-element-09e6763 elementor-widget elementor-widget-heading\" data-id=\"09e6763\" data-element_type=\"widget\" data-e-type=\"widget\" data-widget_type=\"heading.default\">\n\t\t\t\t<div class=\"elementor-widget-container\">\n\t\t\t\t\t<h2 class=\"elementor-heading-title elementor-size-default\">Jahresabschiedsschwenken - TC Aquaman verabschiedetgemeinsam ein sch\u00f6nes 2019<\/h2>\t\t\t\t<\/div>\n\t\t\t\t<\/div>\n\t\t\t\t<div class=\"elementor-element elementor-element-07616e0 elementor-widget elementor-widget-text-editor\" data-id=\"07616e0\" data-element_type=\"widget\" data-e-type=\"widget\" data-widget_type=\"text-editor.default\">\n\t\t\t\t<div class=\"elementor-widget-container\">\n\t\t\t\t\t\t\t\t\t<h6 style=\"font-style: normal;\">Bericht von Josef Schuler<\/h6>\n<p style=\"font-family: Roboto, sans-serif; font-size: 16px; font-style: normal; font-weight: 400;\">Standesgem\u00e4\u00df verabschiedete der TC Aquaman das Jahr 2019 und zwar mit dem inzwischen schon traditionellen letzten Tauchgang mit anschlie\u00dfendem Abschwenken am Clubheim.<\/p>\n<p style=\"font-family: Roboto, sans-serif; font-size: 16px; font-style: normal; font-weight: 400;\">Aufgrund der sehr schlechten Wettervorhersage gab es dieses Mal eine Seeumrundung im Trockenen: zwar waren keine Taucher im Wasser, doch sechs mutige Wandernde und zwei Kinder zeigten trotzdem unsere Verbundenheit mit dem Stausee Losheim, indem sie eine Wanderrunde bei kalten Temperaturen absolvierten. So hatten sie und noch 29 weitere Aqualeute wesentlich genug Hunger angesammelt, um im Anschluss am Clubheim gem\u00fctlich die eine oder andere Spezialit\u00e4t vom Schwenkrost zu genie\u00dfen, die von allerlei selbstgemachten Salaten und Nachtischen perfekt eingerahmt wurde.<\/p>\n<p style=\"font-family: Roboto, sans-serif; font-size: 16px; font-style: normal; font-weight: 400;\">Auch wenn die Taucher dieses Mal trocken blieben (im Positiven dann aber auch von oben), war es ein sch\u00f6ner Tag f\u00fcr die Mitglieder des TC Aquaman.<\/p>\t\t\t\t\t\t\t\t<\/div>\n\t\t\t\t<\/div>\n\t\t\t\t<div class=\"elementor-element elementor-element-3108525 elementor-widget elementor-widget-heading\" data-id=\"3108525\" data-element_type=\"widget\" data-e-type=\"widget\" data-widget_type=\"heading.default\">\n\t\t\t\t<div class=\"elementor-widget-container\">\n\t\t\t\t\t<h2 class=\"elementor-heading-title elementor-size-default\">Abtauchen 2019: TC Aquaman zu Besuch in Gravi\u00e8re du Fort<\/h2>\t\t\t\t<\/div>\n\t\t\t\t<\/div>\n\t\t\t\t<div class=\"elementor-element elementor-element-d14b6c0 elementor-widget elementor-widget-text-editor\" data-id=\"d14b6c0\" data-element_type=\"widget\" data-e-type=\"widget\" data-widget_type=\"text-editor.default\">\n\t\t\t\t<div class=\"elementor-widget-container\">\n\t\t\t\t\t\t\t\t\t<h6 style=\"font-style: normal;\">Bericht von Lisa Geimer-Klein<\/h6>\n<div style=\"font-family: Roboto, sans-serif; font-size: 16px; font-style: normal; font-weight: 400;\">Am zweiten Wochenende im November machte sich der TC Aquaman auf zum allj\u00e4hrlichen Abtauchen. Die Wahl fiel dieses Jahr auf das franz\u00f6sische Tauchgew\u00e4sser Gravi\u00e8re du Fort. W\u00e4hrend die Tauchenden Aqualeute Tauchsee und Infrastruktur erkundeten, geno\u00df die nichttauchende Fraktion einen Ausflug ins nahe Stra\u00dfbourg.<\/div>\n<div style=\"font-family: Roboto, sans-serif; font-size: 16px; font-style: normal; font-weight: 400;\">\u00a0<\/div>\n<div style=\"font-family: Roboto, sans-serif; font-size: 16px; font-style: normal; font-weight: 400;\">Schon beim ersten Abtauchen fiel auf, dass die Betreiber den See, ganz passend zur Jahreszeit, im Halloween-Style geschm\u00fcckt hatten: Skelette, Geister und K\u00fcrbisse lie\u00dfen sich unter Wasser \u00fcberall finden. Nach dem ersten Tauchgang wurden dann die vielleicht letzten Sonnenstrahlen des goldenen Herbstes f\u00fcr die Oberfl\u00e4chenpause genutzt.<\/div>\n<div style=\"font-family: Roboto, sans-serif; font-size: 16px; font-style: normal; font-weight: 400;\">\u00a0<\/div>\n<div style=\"font-family: Roboto, sans-serif; font-size: 16px; font-style: normal; font-weight: 400;\">Bei hei\u00dfen Getr\u00e4nken, kleinen Leckereien und einer Kuchenauswahl sch\u00f6pften die Tauchenden neue Kr\u00e4fte f\u00fcr den anstehenden Tauchgang. Auch dieser war, nicht nur aufgrund der Dekorationen, sondern vor allem wegen der vielen Fische und guten Sicht im Gew\u00e4sser ein Erlebnis. Am Ende des Tages trafen sich Taucher wie Nichttaucher zum gem\u00fctlichen Ausklang im beheizbaren Taucherraum der Anlage. Die Getr\u00e4nke sponsorte unser neuer TL2 Martin Theis.<\/div>\n<div style=\"font-family: Roboto, sans-serif; font-size: 16px; font-style: normal; font-weight: 400;\">Nach einem kurzen Stop im Hotel lie\u00df man den Abend beim gemeinsamen Abendessen wohlschmeckend ausklingen.<\/div>\n<div style=\"font-family: Roboto, sans-serif; font-size: 16px; font-style: normal; font-weight: 400;\">Am n\u00e4chsten Morgen ging es nach einem deftigen Fr\u00fchst\u00fcck erneut zum Gew\u00e4sser. F\u00fcr den ersten Tauchgang galt es quasi zwei Mal abzutauchen: Einmal in den Nebel, der \u00fcber dem See lag und einmal in das Gew\u00e4sser selbst. Auch die Sonne schaffte es mit ihren Strahlen am zweiten Tag nicht mehr so h\u00e4ufig durch die Wolken, was allerdings die Taucher des TCA nicht abschreckte. Die ganz Mutigen machten sich sogar zu einem zweiten Tauchgang auf, die anderen nutzten die Zeit noch ein bisschen zum gemeinsamen Austausch \u2013 und so ging das Abtauchwochenende wieder fast schon zu schnell vor\u00fcber. Trotz einstelliger Temperaturen war das Abtauchen wie immer ein gro\u00dfer Spa\u00df und wir freuen uns aufs n\u00e4chste Mal.<\/div>\t\t\t\t\t\t\t\t<\/div>\n\t\t\t\t<\/div>\n\t\t\t\t<div class=\"elementor-element elementor-element-d376ddd elementor-widget elementor-widget-heading\" data-id=\"d376ddd\" data-element_type=\"widget\" data-e-type=\"widget\" data-widget_type=\"heading.default\">\n\t\t\t\t<div class=\"elementor-widget-container\">\n\t\t\t\t\t<h2 class=\"elementor-heading-title elementor-size-default\">Clubfahrt nach Hemmoor<\/h2>\t\t\t\t<\/div>\n\t\t\t\t<\/div>\n\t\t\t\t<div class=\"elementor-element elementor-element-8ebe725 elementor-widget elementor-widget-text-editor\" data-id=\"8ebe725\" data-element_type=\"widget\" data-e-type=\"widget\" data-widget_type=\"text-editor.default\">\n\t\t\t\t<div class=\"elementor-widget-container\">\n\t\t\t\t\t\t\t\t\t<h6 style=\"font-style: normal;\">Bericht von Josef Schuler<\/h6>\n<div style=\"font-family: Roboto, sans-serif; font-size: 16px; font-style: normal; font-weight: 400;\">Am Samstag den 03. August war es mal wieder soweit, die seit Jahresanfang geplante einw\u00f6chige Clubfahrt nach Hemmoor hat endlich begonnen. Es waren 18 TCAler, 11 Taucher und 7 Nichttaucher. Der j\u00fcngste Teilnehmer war 5 Jahre alt, was nochmal aufzeigt dass der Kreidesee f\u00fcr alle etwas bereith\u00e4lt. Bei guten Sichtweiten bis zu 15 Metern konnten unsere Neulinge fast alle Attraktionen im See bestaunen. Auch ein Nachttauchgang konnte<\/div>\n<div style=\"font-family: Roboto, sans-serif; font-size: 16px; font-style: normal; font-weight: 400;\">mit einer etwas kleineren Gruppe unternommen werden, dieser war sehr sch\u00f6n aber leider gab es nicht sehr viele Fische zu sehen.<\/div>\n<div style=\"font-family: Roboto, sans-serif; font-size: 16px; font-style: normal; font-weight: 400;\">\u00a0<\/div>\n<div style=\"font-family: Roboto, sans-serif; font-size: 16px; font-style: normal; font-weight: 400;\">Hier noch ein paar Zahlen:<\/div>\n<div style=\"font-family: Roboto, sans-serif; font-size: 16px; font-style: normal; font-weight: 400;\">Getaucht und verbraucht wurden bei 88 Tauchg\u00e4ngen in 58 Stunden 33 Minuten rund 77000 Liter Pressluft.<\/div>\n<div style=\"font-family: Roboto, sans-serif; font-size: 16px; font-style: normal; font-weight: 400;\">Auch wurden Ausfl\u00fcge von allen Teilnehmer zu den verschiedensten Zielen in der Umgebung unternommen: zu den Seehundb\u00e4nken, nach Stade, Cuxhafen und Hamburg.<\/div>\n<div style=\"font-family: Roboto, sans-serif; font-size: 16px; font-style: normal; font-weight: 400;\">\u00a0<\/div>\n<div style=\"font-family: Roboto, sans-serif; font-size: 16px; font-style: normal; font-weight: 400;\">Wir freuen uns schon auf die n\u00e4chste Clubfahrt nach Hemmoor, war die gemeinsame Meinung aller Teilnehmer. Auch unsere Nichttaucher hatten Kurzweil. Es wurde zumeist in gem\u00fctlicher Runde zusammengesessen und \u00fcber dies und das geredet. Wie all die Jahre zuvor hatten wir einen Grillabend am Freitag organisiert. Es gab Schwenker, W\u00fcrstchen und jede<\/div>\n<div style=\"font-family: Roboto, sans-serif; font-size: 16px; font-style: normal; font-weight: 400;\">Menge Salate. Mit viel Spa\u00df und super Laune ging unsere Clubfahrt zu Ende.<\/div>\n<div style=\"font-family: Roboto, sans-serif; font-size: 16px; font-style: normal; font-weight: 400;\">\u00a0<\/div>\n<div style=\"font-family: Roboto, sans-serif; font-size: 16px; font-style: normal; font-weight: 400;\">Mein ganz pers\u00f6nlichen Dank an alle Taucher f\u00fcr ihr Engagement die gegenseitige R\u00fccksichtnahme und das kameradschaftliche Miteinander beim Aus\u00fcben unseres sch\u00f6nen Sportes.<\/div>\t\t\t\t\t\t\t\t<\/div>\n\t\t\t\t<\/div>\n\t\t\t\t<div class=\"elementor-element elementor-element-75f6cfa elementor-widget elementor-widget-heading\" data-id=\"75f6cfa\" data-element_type=\"widget\" data-e-type=\"widget\" data-widget_type=\"heading.default\">\n\t\t\t\t<div class=\"elementor-widget-container\">\n\t\t\t\t\t<h2 class=\"elementor-heading-title elementor-size-default\">Antauchen 2018 Deglersee (Plittersdorf)<\/h2>\t\t\t\t<\/div>\n\t\t\t\t<\/div>\n\t\t\t\t<div class=\"elementor-element elementor-element-18dccde elementor-widget elementor-widget-text-editor\" data-id=\"18dccde\" data-element_type=\"widget\" data-e-type=\"widget\" data-widget_type=\"text-editor.default\">\n\t\t\t\t<div class=\"elementor-widget-container\">\n\t\t\t\t\t\t\t\t\t<h6 style=\"font-style: normal;\">Bericht von Lisa Geimer<\/h6>\n<p style=\"font-family: Roboto, sans-serif; font-size: 16px; font-style: normal; font-weight: 400;\">Am Wochenende des 9. und 10. Juni reiste der TC Aquaman Ford e.V. zum Deglersee in Plittersdorf zum traditionellen Antauchen. Bei sch\u00f6nstem Sonnenschein dr\u00e4ngten sich im \u201aFreizeitparadies\u2018 nicht nur zahlreiche Taucher, auch viele B\u00e4deg\u00e4ste nutzen die Chance zur gepflegten Abk\u00fchlung. Der See selbst bleibt der ideale Tauchspot f\u00fcr das Antauchen, da er f\u00fcr Anf\u00e4nger, aber auch erfahrene Taucher gen\u00fcgend M\u00f6glichkeiten gibt, stressfrei abzutauchen. Zudem ist die extra ausgeschilderte Taucherwiese mit ihrem vereinfachten und kurzen Zugang zum Gew\u00e4sser im Trocki auch bei den sommerlichen Temperaturen gut zu bew\u00e4ltigen. Zu sehen gibt es unter Wasser genug: der Fischbestand ist gro\u00df und auch zahlreiche kleine Figuren und Installationen gilt es f\u00fcr Taucher zu entdecken. Nach zahlreichen Tauchg\u00e4ngen und leckerem gemeinsamen Picknick sowie Abendessen im Gasthaus Engel ist es uns leider durch die Lappen gegangen, ein richtiges (Gruppen-)Foto zu machen. Wir denken dann beim n\u00e4chsten Mal dran.<\/p>\n<p style=\"font-family: Roboto, sans-serif; font-size: 16px; font-style: normal; font-weight: 400;\">Auch hier gro\u00dfes Dankesch\u00f6n an Martin f\u00fcr die Organisation und das Ausfindigmachen des tollen Hotels Schwert.<\/p>\t\t\t\t\t\t\t\t<\/div>\n\t\t\t\t<\/div>\n\t\t\t\t<div class=\"elementor-element elementor-element-05de921 elementor-widget elementor-widget-heading\" data-id=\"05de921\" data-element_type=\"widget\" data-e-type=\"widget\" data-widget_type=\"heading.default\">\n\t\t\t\t<div class=\"elementor-widget-container\">\n\t\t\t\t\t<h2 class=\"elementor-heading-title elementor-size-default\">4 Tage Bergseetauchen am Plansee in \u00d6sterreich<\/h2>\t\t\t\t<\/div>\n\t\t\t\t<\/div>\n\t\t\t\t<div class=\"elementor-element elementor-element-1488a5a elementor-widget elementor-widget-text-editor\" data-id=\"1488a5a\" data-element_type=\"widget\" data-e-type=\"widget\" data-widget_type=\"text-editor.default\">\n\t\t\t\t<div class=\"elementor-widget-container\">\n\t\t\t\t\t\t\t\t\t<p>\u00a0<\/p>\n<h6 style=\"font-style: normal;\">Bericht von Lisa Geimer<\/h6>\n<p style=\"font-family: Roboto, sans-serif; font-size: 16px; font-style: normal; font-weight: 400;\">Das lange Wochenende \u00fcber den Feiertag nutzten 9 Aqualeute vom 10. bis zum 13. Mai f\u00fcr einen Kurztrip ins Nachbarland \u00d6sterreich \u2013 das Ziel: Der Plansee im wundersch\u00f6nen Tirol. Direkt nach der Ankunft konnten zwei Unterk\u00fcnfte im sogenannten Planseecamp belegt werden. Das Planseecamp ist ideal f\u00fcr Taucher, da es den k\u00fcrzesten Weg zu Basis und See bietet. Auf fast 1000 Metern \u00fcber Normalnull ging es f\u00fcr die Saarlouiser ins kalte Wasser. Von der schlechten Wetterprognose, einer Durchschnittstemperatur von 4\u00b0C\u00a0 auf 20 Metern und einer f\u00fcr den Bergsee leider nur m\u00e4\u00dfige Sicht lie\u00dfen sich die Taucher nicht abschrecken, denn nicht nur die Tauchaur\u00fcstung war gut vorbereitet, auch f\u00fcr das leibliche Wohl (inklusive Dutch Oven) waren alle Planungen bestens umgesetzt worden.Das Team des Planseecamps war jederzeit f\u00fcr uns da und lie\u00df sich sogar zu saarl\u00e4ndischen Gaumenfreuden \u00fcberreden. Letzendlich hielt sogar das Wetter, meistens war nach den Tauchg\u00e4ngen ein Sonnenbad die perfekte Gelegenheit ein bisschen Farbe zu tanken. Den letzten Abend lie\u00df man dann auf der sehr nahegelegenen Musteralm bei heimischen K\u00e4sespezialit\u00e4ten ausklingen. Ganz herzlich danken wir Martin f\u00fcr die tolle Organisation!<\/p>\n<p style=\"font-family: Roboto, sans-serif; font-size: 16px; font-style: normal; font-weight: 400;\">Fotos folgen.<\/p>\t\t\t\t\t\t\t\t<\/div>\n\t\t\t\t<\/div>\n\t\t\t\t<div class=\"elementor-element elementor-element-0366c43 elementor-widget elementor-widget-heading\" data-id=\"0366c43\" data-element_type=\"widget\" data-e-type=\"widget\" data-widget_type=\"heading.default\">\n\t\t\t\t<div class=\"elementor-widget-container\">\n\t\t\t\t\t<h2 class=\"elementor-heading-title elementor-size-default\">Jahreshauptversammlung mit Vorstandsneuwahl - TCA best\u00e4tigt Vorstand im Amt<\/h2>\t\t\t\t<\/div>\n\t\t\t\t<\/div>\n\t\t\t\t<div class=\"elementor-element elementor-element-9b0944d elementor-widget elementor-widget-text-editor\" data-id=\"9b0944d\" data-element_type=\"widget\" data-e-type=\"widget\" data-widget_type=\"text-editor.default\">\n\t\t\t\t<div class=\"elementor-widget-container\">\n\t\t\t\t\t\t\t\t\t<h6 style=\"font-style: normal;\">Bericht von Lisa Geimer<\/h6><p style=\"font-family: Roboto, sans-serif; font-size: 16px; font-style: normal; font-weight: 400;\">Einstimmig hat die Mitgliederversammlung im vergangenen Januar den Vorstand im Amt best\u00e4tigt. Weiterf\u00fchren werden ihre \u00c4mter auch Martin Theis (2. Vorsitzender), Johannes Geib (Gesch\u00e4ftsf\u00fchrer), Wolfgang Motsch (Ausbildungsleiter), Stefan Bohdjalian (Jugendwart), Christoph Allard (Ger\u00e4tewart), Kelly Meinert (Kassiererin), Anne Adler (Schriftf\u00fchrerin), Lisa Geimer (Pressebeauftragte), Eugenia Blume (Technikwartin), sowie die vier Beisitzer Petra Schaaf, Petra Schuler, Robin Pantelmann und J\u00fcrgen Schwed.<\/p><p style=\"font-family: Roboto, sans-serif; font-size: 16px; font-style: normal; font-weight: 400;\">Neben den Wahlen wurden Wolfgang Bauer und Elisa Schaaf f\u00fcr ihre zwanzigj\u00e4hrige Vereinszugeh\u00f6rigkeit geehrt.<\/p><p style=\"font-family: Roboto, sans-serif; font-size: 16px; font-style: normal; font-weight: 400;\">Josef Schuler konnte von konstant guten Mitgliederzahlen berichten, die aus Sicht des Vorsitzenden deutlicher Beweis daf\u00fcr seien, dass das Angebot des TCA attraktiv f\u00fcr langj\u00e4hrige Mitglieder aber auch Tauchneulinge ist.<\/p><p style=\"font-family: Roboto, sans-serif; font-size: 16px; font-style: normal; font-weight: 400;\">Inzwischen z\u00e4hlt der Verein vier aktive Tauchlehrer, die alle CMAS-Brevets sowie zahlreiche Sonderkurse ausbilden k\u00f6nnen. Auch im aktuellen Kalenderjahr werden neben Seminaren zu Unterwasserfotografie auch ein Erste-Hilfe-Kurs sowie die Ausbildung zum CMAS Bronze-, sowie Silber- und Goldtaucher angeboten. Die Ausbildung erfolgt dabei nach den Richtlinien des VDST, des Verbands Deutscher Sporttaucher. Neben den taucherischen Aktivit\u00e4ten sind auch viele Unternehmungen au\u00dferhalb des Wassers geplant: Familienfahrten, ein Sommerfest oder gemeinsame sportliche Aktivit\u00e4ten sorgen daf\u00fcr, dass auch den Nichttauchern im Verein einiges geboten wird.\u00a0<\/p>\t\t\t\t\t\t\t\t<\/div>\n\t\t\t\t<\/div>\n\t\t\t\t<div class=\"elementor-element elementor-element-0766189 elementor-widget elementor-widget-heading\" data-id=\"0766189\" data-element_type=\"widget\" data-e-type=\"widget\" data-widget_type=\"heading.default\">\n\t\t\t\t<div class=\"elementor-widget-container\">\n\t\t\t\t\t<h2 class=\"elementor-heading-title elementor-size-default\">Robert-Schuman-Gymnasium taucht mit TC Aquaman ab<\/h2>\t\t\t\t<\/div>\n\t\t\t\t<\/div>\n\t\t\t\t<div class=\"elementor-element elementor-element-94e72cc elementor-widget elementor-widget-text-editor\" data-id=\"94e72cc\" data-element_type=\"widget\" data-e-type=\"widget\" data-widget_type=\"text-editor.default\">\n\t\t\t\t<div class=\"elementor-widget-container\">\n\t\t\t\t\t\t\t\t\t<h6 style=\"font-style: normal;\">Bericht von Lisa Geimer<\/h6>\n<p style=\"font-family: Roboto, sans-serif; font-size: 16px; font-style: normal; font-weight: 400;\">Vorm\u00e4rz, saltatorische Erregungsleitung oder das Aufstellen ganzrationaler Funktionsgleichungen: Viele Sch\u00fcler w\u00fcrden bei solchen Themen und den dazugeh\u00f6rigen Fragen sicherlich gerne mal abtauchen. Dieser Wunsch erf\u00fcllte sich f\u00fcr 45 RSG\u00b4ler, Sch\u00fcler und Lehrpersonal, beim Schnuppertauchen mit dem TC Aquaman. Unter Leitung der TCA-Ausbilder Josef Schuler, Martin Theis, Wolfgang Motsch und Stephan Bohdjalian sowie unter Mithilfe von Wolfgang Spaniol (Tauchclub Saira Lebach) und Claire Girard (Tauchclub Manta Saarbr\u00fccken) ging es von der Schulbank ins Tauchbecken.<\/p>\n<p style=\"font-family: Roboto, sans-serif; font-size: 16px; font-style: normal; font-weight: 400;\">Ausprobiert wurde nicht nur, wie man mit der Ausr\u00fcstung umgeht und sich unter Wasser klassisch fortbewegt, sondern auch, was die gef\u00fchlte Schwerelosigkeit im nassen Element f\u00fcr Handst\u00e4nde oder ein kleines Ballspiel bedeutet. Sichtlich begeistert kamen alle 45 Schnuppertaucher am Ende des Schultages nat\u00fcrlich wieder gut an die Wasseroberfl\u00e4che.<\/p>\n<p style=\"font-family: Roboto, sans-serif; font-size: 16px; font-style: normal; font-weight: 400;\">Wir danken unseren Gast-Tauchlehrern herzlich f\u00fcr ihre Unterst\u00fctzung und freuen uns auf ein Wiedersehen mit dem Robert-Schuman-Gymnasium Saarlouis.<\/p>\t\t\t\t\t\t\t\t<\/div>\n\t\t\t\t<\/div>\n\t\t\t\t<div class=\"elementor-element elementor-element-7d3b32a elementor-widget elementor-widget-heading\" data-id=\"7d3b32a\" data-element_type=\"widget\" data-e-type=\"widget\" data-widget_type=\"heading.default\">\n\t\t\t\t<div class=\"elementor-widget-container\">\n\t\t\t\t\t<h2 class=\"elementor-heading-title elementor-size-default\">175 Mal Kreidesee - Clubfahrt des TC Aquaman ins norddeutsche Hemmoor<\/h2>\t\t\t\t<\/div>\n\t\t\t\t<\/div>\n\t\t\t\t<div class=\"elementor-element elementor-element-7c6eda3 elementor-widget elementor-widget-text-editor\" data-id=\"7c6eda3\" data-element_type=\"widget\" data-e-type=\"widget\" data-widget_type=\"text-editor.default\">\n\t\t\t\t<div class=\"elementor-widget-container\">\n\t\t\t\t\t\t\t\t\t<h6 style=\"font-style: normal;\">Bericht von\u00a0<a style=\"font-size: 17.6px;\" href=\"http:\/\/tc-aquaman.de\/lisa.geimer@tc-aquaman.de\">Lisa Geimer<\/a><\/h6>\n<p style=\"font-family: Roboto, sans-serif; font-size: 16px; font-style: normal; font-weight: 400;\">Schon zum dritten Mal fuhren die Aqualeute aus Saarlouis an den bekannten nieders\u00e4chsischen Tauchsee zur gemeinsamen Clubfahrt. 18 Taucher absolvierten zusammen 175 Tauchg\u00e4nge in sieben Tagen. Gemeinsam kamen die Aquam\u00e4nner und -frauen auf genau 8 356 Minuten Unterwasserzeit, was 139,267 Stunden entspricht und damit fast 6 Tagen. Der gemeinsame Gesamtluftverbrauch lag bei 240 395 Litern und genauso gemeinschaftlich erreichte man 3 835 Meter Tauchtiefe.<\/p>\n<p style=\"font-family: Roboto, sans-serif; font-size: 16px; font-style: normal; font-weight: 400;\">Auch dieses Mal konnten die Aquam\u00e4nner und Aquafrauen unter Wasser den ber\u00fchmten wei\u00dfen Hai, allerlei Boote, eine Yacht, Autos, einen Wohnwagen (den inzwischen ein ziemlich entspannter wei\u00dfer Pl\u00fcschb\u00e4r bewohnt) und nat\u00fcrlich den bekannten R\u00fcttler (18-55 Meter) mit LKW sowie zahlreiche weitere Infrastrukturrelikte aus der aktiven Abbauzeit wie F\u00f6rderb\u00e4nder, Stra\u00dfen und Werktische erkunden. Durchschnittlich verbrachten die Taucherinnen und Taucher des TCA 47,7 Minuten pro Tauchgang unter Wasser, der l\u00e4ngste Tauchgang dauerte 72 Minuten.<\/p>\n<p style=\"font-family: Roboto, sans-serif; font-size: 16px; font-style: normal; font-weight: 400;\">Der Kreidesee ist f\u00fcr alle Niveaus geeignet, vom Tauchanf\u00e4nger bis zum fortgeschrittenen Taucher kann wirklich jeder etwas erleben. Gerade auch deshalb ist der Kreidesee derart popul\u00e4r in ganz Deutschland, aber auch im n\u00e4heren europ\u00e4ischen Ausland. Dieser Umstand f\u00fchrte allerdings auch zu skurrilen Begegnungen unter Wasser, wie der mit einem Taucher, der es schaffte, in seinem Nassanzug aufrecht im Kopfstand tauchend statt mit den Flossen mit dem Kopf zu mulmen.<\/p>\n<p style=\"font-family: Roboto, sans-serif; font-size: 16px; font-style: normal; font-weight: 400;\">Die tauchfreie Zeit wurde genutzt um \u00fcber solche Begegnungen zu sprechen, aber auch f\u00fcr zahlreiche Ausfl\u00fcge, unter anderem nach Cuxhaven und Bremen, sowie ein gro\u00dfes gemeinsames Schwenken mit frischen Cocktails aus Minas Tropical Cocktailtaxi.<\/p>\n<p style=\"font-family: Roboto, sans-serif; font-size: 16px; font-style: normal; font-weight: 400;\">Wer ein bisschen \u00fcber den Kreidesee auf dem Laufenden ist wei\u00df, dass das Flugzeug, das man unter Wasser fr\u00fcher von E0 antauchen konnte, vor Jahren \u201eangest\u00fcrzt\u201c ist und seitdem in Teilen auf dem Grund des Sees liegt. W\u00e4hrend unseres Aufenthaltes wurde eine neue Kleinmaschine inklusive eines Piloten und eines Fluggastes als Tauchobjekt vorbereitet. \u201eZu Wasser gelassen\u201c wurde das Flugzeug bereits freitags, seine endg\u00fcltige Tauchposition nahm es allerdings erst im Laufe des Samstags, also unseres Abreisetages, ein, wodurch ein Erstbericht leider nicht von uns kommen kann.<\/p>\n<p style=\"font-family: Roboto, sans-serif; font-size: 16px; font-style: normal; font-weight: 400;\">Ein besonderer Dank gilt erneut unseren Tauchlehrern und Ausbildern, die trotz Urlaub bereit waren, Sonderkurse sowie zahlreiche \u00dcbungstauchg\u00e4nge anzubieten und sogar Zeit fanden, eine Brevetpr\u00fcfung abzunehmen.<\/p>\n<p style=\"font-family: Roboto, sans-serif; font-size: 16px; font-style: normal; font-weight: 400;\"><strong style=\"font-size: 16px;\">F\u00fcr Statistikfans (wie Jojo, dem der Dank f\u00fcr die Zusammenstellung gilt) unsere Clubfahrt 2017 nochmal in K\u00fcrze:<\/strong><\/p>\n<p style=\"font-family: Roboto, sans-serif; font-size: 16px; font-style: normal; font-weight: 400;\">175 Tauchg\u00e4nge insgesamt<br \/>9,72 Tauchg\u00e4nge pro Taucher im Durchschnitt<br \/>139,267 Stunden Tauchzeit insgesamt<br \/>47,7 Minuten Tauchzeit pro Tauchgang im Durchschnitt<br \/>240 395 Barliter Atemluft insgesamt<br \/>3 835 Meter Tiefenmeter insgesamt<br \/>21,9 Meter erreichte Tauchtiefe im Durchschnitt<br \/>1 Brevetierung<\/p>\n<p style=\"font-family: Roboto, sans-serif; font-size: 16px; font-style: normal; font-weight: 400;\">Und wieder<br \/>unendlich viel Spa\u00df<\/p>\t\t\t\t\t\t\t\t<\/div>\n\t\t\t\t<\/div>\n\t\t\t\t<div class=\"elementor-element elementor-element-08ed147 elementor-widget elementor-widget-heading\" data-id=\"08ed147\" data-element_type=\"widget\" data-e-type=\"widget\" data-widget_type=\"heading.default\">\n\t\t\t\t<div class=\"elementor-widget-container\">\n\t\t\t\t\t<h2 class=\"elementor-heading-title elementor-size-default\">TC Aquaman verst\u00e4rkt Ausbilderteam des STSB<\/h2>\t\t\t\t<\/div>\n\t\t\t\t<\/div>\n\t\t\t\t<div class=\"elementor-element elementor-element-ea018f8 elementor-widget elementor-widget-text-editor\" data-id=\"ea018f8\" data-element_type=\"widget\" data-e-type=\"widget\" data-widget_type=\"text-editor.default\">\n\t\t\t\t<div class=\"elementor-widget-container\">\n\t\t\t\t\t\t\t\t\t<div style=\"font-family: Roboto, sans-serif; font-size: 16px; font-style: normal; font-weight: 400;\">\n<h6>Bericht von Lisa Geimer<\/h6>\n<\/div>\n<div style=\"font-family: Roboto, sans-serif; font-size: 16px; font-style: normal; font-weight: 400;\">Unser TL2 Christoph Allard k\u00fcmmert sich nicht nur mit um die Ausbildung im TCA, sondern jetzt ganz offiziell auch im Saarl\u00e4ndischen Tauchsportbund. Christoph startete seine Laufbahn als Tauchausbilder 2012 mit der Ausbildung zum Trainer C. Danach wurde er TL1 und TL2. Seinen ersten Kurs auf Ebene des STSB wird Christoph als Mitreferent neben Landesausbildungsleiter J\u00fcrgen Meier im Herbst 2017 geben, auf dem Plan steht Tauchsicherheit und Rettung.<\/div>\n<div style=\"font-family: Roboto, sans-serif; font-size: 16px; font-style: normal; font-weight: 400;\">\u00a0<\/div>\n<div style=\"font-family: Roboto, sans-serif; font-size: 16px; font-style: normal; font-weight: 400;\">Lieber Christoph, der TCA gratuliert Dir zu Deiner Berufung und w\u00fcnscht auch bei der saarlandweiten Ausbildung allzeit gut Luft!<\/div>\t\t\t\t\t\t\t\t<\/div>\n\t\t\t\t<\/div>\n\t\t\t\t<div class=\"elementor-element elementor-element-b9778e3 elementor-widget elementor-widget-heading\" data-id=\"b9778e3\" data-element_type=\"widget\" data-e-type=\"widget\" data-widget_type=\"heading.default\">\n\t\t\t\t<div class=\"elementor-widget-container\">\n\t\t\t\t\t<h2 class=\"elementor-heading-title elementor-size-default\">Antauchen am Deglersee - TC Aquaman verbringt Wochenende in Rastatt-Plittersdorf<\/h2>\t\t\t\t<\/div>\n\t\t\t\t<\/div>\n\t\t\t\t<div class=\"elementor-element elementor-element-aeb0058 elementor-widget elementor-widget-text-editor\" data-id=\"aeb0058\" data-element_type=\"widget\" data-e-type=\"widget\" data-widget_type=\"text-editor.default\">\n\t\t\t\t<div class=\"elementor-widget-container\">\n\t\t\t\t\t\t\t\t\t<h6 style=\"font-style: normal;\">Bericht von Lisa Geimer<\/h6>\n<p style=\"font-family: Roboto, sans-serif; font-size: 16px; font-style: normal; font-weight: 400;\">Am 20. und 21. Mai machten sich 24 Aqualeute (davon 22 tauchende) auf zum Antauchen an den Deglersee im Freizeitparadies Rastatt. W\u00e4hrend einige bereits Freitags anreisten, ging es f\u00fcr die Mehrheit erst am Samstag nach Baden-W\u00fcrttemberg. Zu Abend wurde im Gasthaus Adler gespeist \u2013 gut b\u00fcrgerlich und reichlich, um die durch das Tauchen verbrauchte Energie wieder aufzuf\u00fcllen. W\u00e4hrend der Samstag stellenweise wolkig war, pr\u00e4sentierte sich der Sonntag mit blauem Himmel und sonnigen Temperaturen, also idealen Bedingungen f\u00fcr gemeinsame Tauchg\u00e4nge oder einen entspannten Spaziergang um den See.<\/p>\n<p style=\"font-family: Roboto, sans-serif; font-size: 16px; font-style: normal; font-weight: 400;\">Der Deglersee bietet zahlreiche Attraktionen unter Wasser. Nicht nur viele Fische, sondern auch allerhand Kurioses und Spannendes wie Statuen und andere Kunstobjekte galt es f\u00fcr die Taucher zu entdecken. Der Einstieg zum See erfolgt \u00fcber einen Strandabschnitt oder eine Liegewiese. Der See ist f\u00fcr Taucher jeglichen Niveaus geeignet, lediglich Ausbildungstauchg\u00e4nge sind nicht erlaubt. \u00dcberzeugend f\u00fcr Taucher ist die Infrastruktur am Gew\u00e4sser: Flaschen f\u00fcllen, essen, parken und Sanit\u00e4ranlagen sind auf dem Gel\u00e4nde des Freizeitparadieses vorhanden. Der Deglersee ist ein sch\u00f6nes Tauchgew\u00e4sser f\u00fcr entspannte Tauchg\u00e4nge in nicht allzu weiter Entfernung vom Saarland \u2013 f\u00fcr unser Antauchen also genau richtig und sicherlich f\u00fcr Taucher und nicht tauchende Mitfahrer eine Reise wert.<\/p>\t\t\t\t\t\t\t\t<\/div>\n\t\t\t\t<\/div>\n\t\t\t\t<div class=\"elementor-element elementor-element-5d14668 elementor-widget elementor-widget-heading\" data-id=\"5d14668\" data-element_type=\"widget\" data-e-type=\"widget\" data-widget_type=\"heading.default\">\n\t\t\t\t<div class=\"elementor-widget-container\">\n\t\t\t\t\t<h2 class=\"elementor-heading-title elementor-size-default\">Erster Ausflug in die Unterwasserwelt: Schnuppertauchen im Aqualouis voller Erfolg<\/h2>\t\t\t\t<\/div>\n\t\t\t\t<\/div>\n\t\t\t\t<div class=\"elementor-element elementor-element-05f7e6f elementor-widget elementor-widget-text-editor\" data-id=\"05f7e6f\" data-element_type=\"widget\" data-e-type=\"widget\" data-widget_type=\"text-editor.default\">\n\t\t\t\t<div class=\"elementor-widget-container\">\n\t\t\t\t\t\t\t\t\t<h6 style=\"font-style: normal;\">Bericht von Lisa Geimer<\/h6>\n<p style=\"font-family: Roboto, sans-serif; font-size: 16px; font-style: normal; font-weight: 400;\">Der eine sch\u00e4tzt die Ruhe unter Wasser, der andere ist ein Technikfan und wieder andere lieben das nasse Sightseeing der besonderen Art: Tauchen ist inzwischen mehr als nur eine reine Trendsportart \u2013 Grund genug f\u00fcr f\u00fcnf mutige Schnuppertaucher sich unter fachkundiger Begleitung selbst einmal als Taucher ins k\u00fchle Nass zu wagen.<\/p>\n<p style=\"font-family: Roboto, sans-serif; font-size: 16px; font-style: normal; font-weight: 400;\">Warum es zum Schnuppertauchen ging, da gab es gute Gr\u00fcnde: Ein Schnuppertaucher wollte gerne im Urlaub sicher tauchen k\u00f6nnen, eine Schnuppertaucherin suchte eine Sportart, die nicht jeder macht und eine andere wollte einfach mal \u201ewas Cooles\u201c ausprobieren.<\/p>\n<p style=\"font-family: Roboto, sans-serif; font-size: 16px; font-style: normal; font-weight: 400;\">Nach dem ersten Kennenlernen ging es ins Schwimmbad zu einer kleinen Tauchtheorie.<\/p>\n<p style=\"font-family: Roboto, sans-serif; font-size: 16px; font-style: normal; font-weight: 400;\">Zun\u00e4chst wurden die Grundlagen des Tauchens kurz erkl\u00e4rt. Was muss man mitbringen, um zu tauchen, wie sieht die Ausbildung aus und wie ist der Verein organisiert, fragten die Schnuppertaucher. Aber auch wie ein Tauchger\u00e4t funktioniert\u00a0und wie man sich unter Wasser verh\u00e4lt war Teil der Vorbesprechung. Schlie\u00dflich wurden die wichtigsten\u00a0Unterwasserzeichen\u00a0am Beckenrand einge\u00fcbt und schon ging es los f\u00fcr die gemischte Gruppe.<\/p>\n<p style=\"font-family: Roboto, sans-serif; font-size: 16px; font-style: normal; font-weight: 400;\">Jeweils ein Ausbilder k\u00fcmmerte sich um einen Schnuppertaucher, langsam kam zur Vorfreude auch ein bisschen Nervosit\u00e4t hinzu. Auch deshalb gab es vor dem Abtauchen im\u00a0Buddyteam nochmal eine individuelle Vorbereitung\u00a0auf den\u00a0ersten Tauchgang und schon konnte es losgehen.<\/p>\n<p style=\"font-family: Roboto, sans-serif; font-size: 16px; font-style: normal; font-weight: 400;\">Langsam tauchten die Buddyteams im Springerbecken ab und zogen unter Wasser ihre\u00a0Runden. Dabei konnten die Schnuppertaucher sogar\u00a0erste Versuche im Tarieren unternehmen.<\/p>\n<p style=\"font-family: Roboto, sans-serif; font-size: 16px; font-style: normal; font-weight: 400;\">Und am\u00a0Ende des Tauchgangs \u2013 pure Begeisterung: \u201eAls w\u00fcrde man fliegen, v\u00f6llig schwerelos!\u201c, \u201eDas mache ich auf jeden Fall nochmal, super!\u201c und \u201eGenial, einfach top!\u201c, kam das begeisterte Feedback.<\/p>\n<p style=\"font-family: Roboto, sans-serif; font-size: 16px; font-style: normal; font-weight: 400;\">Wer jetzt am 27. April nicht zum Schnuppertauchen kommen konnte, kann sich nat\u00fcrlich jederzeit\u00a0an unseren\u00a0Vorsitzenden\u00a0<a style=\"font-size: 16px;\" href=\"http:\/\/tc-aquaman.de\/josef.schuler@tc-aquaman.de\">Josef Schuler<\/a>\u00a0wenden, Schnuppertauchen kann man bei uns auch nach Absprache. Weitere Schnuppertauch-Termine ver\u00f6ffentlichen wir nat\u00fcrlich auch in der Zeitung und auf unserer\u00a0Homepage. \u00dcber weitere Schnuppertaucher freuen wir uns immer.<\/p>\t\t\t\t\t\t\t\t<\/div>\n\t\t\t\t<\/div>\n\t\t\t\t<div class=\"elementor-element elementor-element-811ced7 elementor-widget elementor-widget-image-gallery\" data-id=\"811ced7\" data-element_type=\"widget\" data-e-type=\"widget\" data-widget_type=\"image-gallery.default\">\n\t\t\t\t<div class=\"elementor-widget-container\">\n\t\t\t\t\t\t\t<div class=\"elementor-image-gallery\">\n\t\t\t\n\t\t<style type=\"text\/css\">\n\t\t\t#gallery-5 {\n\t\t\t\tmargin: auto;\n\t\t\t}\n\t\t\t#gallery-5 .gallery-item {\n\t\t\t\tfloat: left;\n\t\t\t\tmargin-top: 10px;\n\t\t\t\ttext-align: center;\n\t\t\t\twidth: 25%;\n\t\t\t}\n\t\t\t#gallery-5 img {\n\t\t\t\tborder: 2px solid #cfcfcf;\n\t\t\t}\n\t\t\t#gallery-5 .gallery-caption {\n\t\t\t\tmargin-left: 0;\n\t\t\t}\n\t\t\t\/* see gallery_shortcode() in wp-includes\/media.php *\/\n\t\t<\/style>\n\t\t<div id='gallery-5' class='gallery galleryid-46 gallery-columns-4 gallery-size-thumbnail'><dl class='gallery-item'>\n\t\t\t<dt class='gallery-icon landscape'>\n\t\t\t\t<a data-elementor-open-lightbox=\"yes\" data-elementor-lightbox-slideshow=\"811ced7\" data-elementor-lightbox-title=\"image\" data-e-action-hash=\"#elementor-action%3Aaction%3Dlightbox%26settings%3DeyJpZCI6MzA1LCJ1cmwiOiJodHRwOlwvXC90Yy1hcXVhbWFuLmRlXC93cC1jb250ZW50XC91cGxvYWRzXC8yMDE3XC8wMlwvaW1hZ2UuanBnIiwic2xpZGVzaG93IjoiODExY2VkNyJ9\" href='http:\/\/tc-aquaman.de\/wp-content\/uploads\/2017\/02\/image.jpg'><img loading=\"lazy\" decoding=\"async\" width=\"150\" height=\"150\" src=\"http:\/\/tc-aquaman.de\/wp-content\/uploads\/2017\/02\/image-150x150.jpg\" class=\"attachment-thumbnail size-thumbnail\" alt=\"\" \/><\/a>\n\t\t\t<\/dt><\/dl><dl class='gallery-item'>\n\t\t\t<dt class='gallery-icon portrait'>\n\t\t\t\t<a data-elementor-open-lightbox=\"yes\" data-elementor-lightbox-slideshow=\"811ced7\" data-elementor-lightbox-title=\"image\" data-e-action-hash=\"#elementor-action%3Aaction%3Dlightbox%26settings%3DeyJpZCI6MzA2LCJ1cmwiOiJodHRwOlwvXC90Yy1hcXVhbWFuLmRlXC93cC1jb250ZW50XC91cGxvYWRzXC8yMDE3XC8wMlwvaW1hZ2UtMS5qcGciLCJzbGlkZXNob3ciOiI4MTFjZWQ3In0%3D\" href='http:\/\/tc-aquaman.de\/wp-content\/uploads\/2017\/02\/image-1.jpg'><img loading=\"lazy\" decoding=\"async\" width=\"150\" height=\"150\" src=\"http:\/\/tc-aquaman.de\/wp-content\/uploads\/2017\/02\/image-1-150x150.jpg\" class=\"attachment-thumbnail size-thumbnail\" alt=\"\" \/><\/a>\n\t\t\t<\/dt><\/dl><dl class='gallery-item'>\n\t\t\t<dt class='gallery-icon landscape'>\n\t\t\t\t<a data-elementor-open-lightbox=\"yes\" data-elementor-lightbox-slideshow=\"811ced7\" data-elementor-lightbox-title=\"image\" data-e-action-hash=\"#elementor-action%3Aaction%3Dlightbox%26settings%3DeyJpZCI6MzEwLCJ1cmwiOiJodHRwOlwvXC90Yy1hcXVhbWFuLmRlXC93cC1jb250ZW50XC91cGxvYWRzXC8yMDE3XC8wMlwvaW1hZ2UtNS5qcGciLCJzbGlkZXNob3ciOiI4MTFjZWQ3In0%3D\" href='http:\/\/tc-aquaman.de\/wp-content\/uploads\/2017\/02\/image-5.jpg'><img loading=\"lazy\" decoding=\"async\" width=\"150\" height=\"150\" src=\"http:\/\/tc-aquaman.de\/wp-content\/uploads\/2017\/02\/image-5-150x150.jpg\" class=\"attachment-thumbnail size-thumbnail\" alt=\"\" \/><\/a>\n\t\t\t<\/dt><\/dl><dl class='gallery-item'>\n\t\t\t<dt class='gallery-icon landscape'>\n\t\t\t\t<a data-elementor-open-lightbox=\"yes\" data-elementor-lightbox-slideshow=\"811ced7\" data-elementor-lightbox-title=\"image\" data-e-action-hash=\"#elementor-action%3Aaction%3Dlightbox%26settings%3DeyJpZCI6MzA5LCJ1cmwiOiJodHRwOlwvXC90Yy1hcXVhbWFuLmRlXC93cC1jb250ZW50XC91cGxvYWRzXC8yMDE3XC8wMlwvaW1hZ2UtNC5qcGciLCJzbGlkZXNob3ciOiI4MTFjZWQ3In0%3D\" href='http:\/\/tc-aquaman.de\/wp-content\/uploads\/2017\/02\/image-4.jpg'><img loading=\"lazy\" decoding=\"async\" width=\"150\" height=\"150\" src=\"http:\/\/tc-aquaman.de\/wp-content\/uploads\/2017\/02\/image-4-150x150.jpg\" class=\"attachment-thumbnail size-thumbnail\" alt=\"\" \/><\/a>\n\t\t\t<\/dt><\/dl><br style=\"clear: both\" \/><dl class='gallery-item'>\n\t\t\t<dt class='gallery-icon landscape'>\n\t\t\t\t<a data-elementor-open-lightbox=\"yes\" data-elementor-lightbox-slideshow=\"811ced7\" data-elementor-lightbox-title=\"image\" data-e-action-hash=\"#elementor-action%3Aaction%3Dlightbox%26settings%3DeyJpZCI6MzA4LCJ1cmwiOiJodHRwOlwvXC90Yy1hcXVhbWFuLmRlXC93cC1jb250ZW50XC91cGxvYWRzXC8yMDE3XC8wMlwvaW1hZ2UtMy5qcGciLCJzbGlkZXNob3ciOiI4MTFjZWQ3In0%3D\" href='http:\/\/tc-aquaman.de\/wp-content\/uploads\/2017\/02\/image-3.jpg'><img loading=\"lazy\" decoding=\"async\" width=\"150\" height=\"150\" src=\"http:\/\/tc-aquaman.de\/wp-content\/uploads\/2017\/02\/image-3-150x150.jpg\" class=\"attachment-thumbnail size-thumbnail\" alt=\"\" \/><\/a>\n\t\t\t<\/dt><\/dl><dl class='gallery-item'>\n\t\t\t<dt class='gallery-icon portrait'>\n\t\t\t\t<a data-elementor-open-lightbox=\"yes\" data-elementor-lightbox-slideshow=\"811ced7\" data-elementor-lightbox-title=\"image\" data-e-action-hash=\"#elementor-action%3Aaction%3Dlightbox%26settings%3DeyJpZCI6MzA3LCJ1cmwiOiJodHRwOlwvXC90Yy1hcXVhbWFuLmRlXC93cC1jb250ZW50XC91cGxvYWRzXC8yMDE3XC8wMlwvaW1hZ2UtMi5qcGciLCJzbGlkZXNob3ciOiI4MTFjZWQ3In0%3D\" href='http:\/\/tc-aquaman.de\/wp-content\/uploads\/2017\/02\/image-2.jpg'><img loading=\"lazy\" decoding=\"async\" width=\"150\" height=\"150\" src=\"http:\/\/tc-aquaman.de\/wp-content\/uploads\/2017\/02\/image-2-150x150.jpg\" class=\"attachment-thumbnail size-thumbnail\" alt=\"\" \/><\/a>\n\t\t\t<\/dt><\/dl>\n\t\t\t<br style='clear: both' \/>\n\t\t<\/div>\n\t\t<\/div>\n\t\t\t\t\t\t<\/div>\n\t\t\t\t<\/div>\n\t\t\t\t<div class=\"elementor-element elementor-element-b85c741 elementor-widget elementor-widget-heading\" data-id=\"b85c741\" data-element_type=\"widget\" data-e-type=\"widget\" data-widget_type=\"heading.default\">\n\t\t\t\t<div class=\"elementor-widget-container\">\n\t\t\t\t\t<h2 class=\"elementor-heading-title elementor-size-default\">Winterwanderung ans und aufs Saarpolygon auf der Bergehalde Ensdorf<\/h2>\t\t\t\t<\/div>\n\t\t\t\t<\/div>\n\t\t\t\t<div class=\"elementor-element elementor-element-c9be4c1 elementor-widget elementor-widget-text-editor\" data-id=\"c9be4c1\" data-element_type=\"widget\" data-e-type=\"widget\" data-widget_type=\"text-editor.default\">\n\t\t\t\t<div class=\"elementor-widget-container\">\n\t\t\t\t\t\t\t\t\t<h6 style=\"font-style: normal;\">Bericht von Lisa Geimer<\/h6>\n<p style=\"font-family: Roboto, sans-serif; font-size: 16px; font-style: normal; font-weight: 400;\">Die ersten Sonnenstrahlen des Fr\u00fchlings zogen am\u00a0 12. M\u00e4rz \u00fcber 30 Aqualeute und ihre Familien zur Winterwanderung 2017. Vom Clubheim im Torbogengeb\u00e4ude wurde an der Saar entlang der lange Weg zur Bergehalde Ensdorf gew\u00e4hlt. Oben angekommen beeindruckte nicht nur das Saarpolygon als neues Wahrzeichen f\u00fcr die Bergbaugeschichte des Saarlandes, sondern auch die beeindruckende Aussicht von der Plattform in luftigen 30 Metern.<\/p>\n<p><span style=\"font-family: Roboto, sans-serif; font-size: 16px; font-style: normal; font-weight: 400; color: var( --e-global-color-text );\">Auf dem R\u00fcckweg von der Bergehalde fand man sich zu einer kleinen Rast und schlie\u00dflich zum gemeinsamen Mittagessen im Restaurant Carat im Vereinshaus Fraulautern zusammen. Fast 10 Kilometer Wegstrecke und der Wind auf der Bergehalde hatten schlie\u00dflich hungrig gemacht. Bei gutem Essen und sch\u00f6nen Gespr\u00e4chen lie\u00df man die Wanderung ausklingen.<\/span><\/p>\t\t\t\t\t\t\t\t<\/div>\n\t\t\t\t<\/div>\n\t\t\t\t<div class=\"elementor-element elementor-element-5696c38 elementor-widget elementor-widget-heading\" data-id=\"5696c38\" data-element_type=\"widget\" data-e-type=\"widget\" data-widget_type=\"heading.default\">\n\t\t\t\t<div class=\"elementor-widget-container\">\n\t\t\t\t\t<h2 class=\"elementor-heading-title elementor-size-default\">Zu Wasser und an Land fit in Erster Hilfe<\/h2>\t\t\t\t<\/div>\n\t\t\t\t<\/div>\n\t\t\t\t<div class=\"elementor-element elementor-element-d8409e5 elementor-widget elementor-widget-text-editor\" data-id=\"d8409e5\" data-element_type=\"widget\" data-e-type=\"widget\" data-widget_type=\"text-editor.default\">\n\t\t\t\t<div class=\"elementor-widget-container\">\n\t\t\t\t\t\t\t\t\t<h2>Erste-Hilfe Kurs beim TC Aquaman<\/h2>\t\t\t\t\t\t\t\t<\/div>\n\t\t\t\t<\/div>\n\t\t\t\t<div class=\"elementor-element elementor-element-d9b4ee5 elementor-widget elementor-widget-text-editor\" data-id=\"d9b4ee5\" data-element_type=\"widget\" data-e-type=\"widget\" data-widget_type=\"text-editor.default\">\n\t\t\t\t<div class=\"elementor-widget-container\">\n\t\t\t\t\t\t\t\t\t<h6 style=\"font-style: normal;\">Bericht von Lisa Geimer<\/h6>\n<p style=\"font-family: Roboto, sans-serif; font-size: 16px; font-style: normal; font-weight: 400;\">Am 11. M\u00e4rz versammelten sich 14 Aquam\u00e4nner und -frauen im Clubheim zum Erste-Hilfe-Kurs. F\u00fcr manche war es der erste, f\u00fcr andere eine willkommene Auffrischung bereits Gelernten. Rettungssanit\u00e4ter Johannes Geib unterwies die Aqualeute nicht nur in \u201aklassischer\u2018 Erster Hilfe, wie sie beispielsweise f\u00fcr den F\u00fchrerschein gelehrt wird, sondern auch in der Ersten Hilfe f\u00fcr Taucher. Theoretisch und praktisch wurden Nervensystem, Blutkreislauf, stabile Seitenlage, Herz-Lungen-Wiederbelebung und das Absetzen eines Notrufes (sowie vieles andere) einge\u00fcbt \u2013 nicht nur interessant f\u00fcr die \u201aAuffrischer\u2018, sondern auch diejenigen Taucher, die ihre Erste-Hilfe-Pr\u00fcfung f\u00fcr den Erwerb eines weiteren Brevets ben\u00f6tigen.<\/p>\n<p style=\"font-family: Roboto, sans-serif; font-size: 16px; font-style: normal; font-weight: 400;\">Neben den Ein\u00fcben von Pr\u00e4ventionsma\u00dfnahmen (Fl\u00fcssigkeitshaushalt, Tauchen bei verschiedenen Erkrankungen, Befreien eines Tauchers aus seinem Anzug etc.) lag der Fokus auf der Ersten Hilfe f\u00fcr Taucher darauf, die Symptome f\u00fcr Tauchunf\u00e4lle schnell zu erkennen, die Rettungskette entsprechend in Gang zu setzen und mit dem vereinseigenen Hilfsmaterial die ersten Schritte einzuleiten. Dabei wurden die Taucher auch in das Sauerstoffsystem des Vereins eingewiesen, das bei Dekompressionsunf\u00e4llen den entscheidenden Unterschied machen kann. Der TC Aquaman verf\u00fcgt \u00fcber ein erweitertes Erste-Hilfe-System, das speziell auf Taucher zugeschnitten ist und ein Notfallhandy, das bei allen Vereinstauchausfl\u00fcgen f\u00fcr alle zug\u00e4nglich mitgef\u00fchrt wird.<\/p>\n<p style=\"font-family: Roboto, sans-serif; font-size: 16px; font-style: normal; font-weight: 400;\">Ein gro\u00dfer Dank an Johannes, der mit anschaulichen Beispielen und viel Praxis den Tag abwechslungsreich und lehrreich gestaltete, sowie an Petra Schuler, die f\u00fcr das leibliche Wohl sorgte.<\/p>\t\t\t\t\t\t\t\t<\/div>\n\t\t\t\t<\/div>\n\t\t\t\t<div class=\"elementor-element elementor-element-0b9f529 elementor-widget elementor-widget-image-gallery\" data-id=\"0b9f529\" data-element_type=\"widget\" data-e-type=\"widget\" data-widget_type=\"image-gallery.default\">\n\t\t\t\t<div class=\"elementor-widget-container\">\n\t\t\t\t\t\t\t<div class=\"elementor-image-gallery\">\n\t\t\t\n\t\t<style type=\"text\/css\">\n\t\t\t#gallery-6 {\n\t\t\t\tmargin: auto;\n\t\t\t}\n\t\t\t#gallery-6 .gallery-item {\n\t\t\t\tfloat: left;\n\t\t\t\tmargin-top: 10px;\n\t\t\t\ttext-align: center;\n\t\t\t\twidth: 25%;\n\t\t\t}\n\t\t\t#gallery-6 img {\n\t\t\t\tborder: 2px solid #cfcfcf;\n\t\t\t}\n\t\t\t#gallery-6 .gallery-caption {\n\t\t\t\tmargin-left: 0;\n\t\t\t}\n\t\t\t\/* see gallery_shortcode() in wp-includes\/media.php *\/\n\t\t<\/style>\n\t\t<div id='gallery-6' class='gallery galleryid-46 gallery-columns-4 gallery-size-thumbnail'><dl class='gallery-item'>\n\t\t\t<dt class='gallery-icon portrait'>\n\t\t\t\t<a data-elementor-open-lightbox=\"yes\" data-elementor-lightbox-slideshow=\"0b9f529\" data-elementor-lightbox-title=\"IMG_1095\" data-e-action-hash=\"#elementor-action%3Aaction%3Dlightbox%26settings%3DeyJpZCI6MjgwLCJ1cmwiOiJodHRwOlwvXC90Yy1hcXVhbWFuLmRlXC93cC1jb250ZW50XC91cGxvYWRzXC8yMDE3XC8wMlwvSU1HXzEwOTUtZTE0OTI0MzQ2MDMzODcuanBnIiwic2xpZGVzaG93IjoiMGI5ZjUyOSJ9\" href='http:\/\/tc-aquaman.de\/wp-content\/uploads\/2017\/02\/IMG_1095-e1492434603387.jpg'><img loading=\"lazy\" decoding=\"async\" width=\"150\" height=\"150\" src=\"http:\/\/tc-aquaman.de\/wp-content\/uploads\/2017\/02\/IMG_1095-e1492434603387-150x150.jpg\" class=\"attachment-thumbnail size-thumbnail\" alt=\"\" \/><\/a>\n\t\t\t<\/dt><\/dl><dl class='gallery-item'>\n\t\t\t<dt class='gallery-icon portrait'>\n\t\t\t\t<a data-elementor-open-lightbox=\"yes\" data-elementor-lightbox-slideshow=\"0b9f529\" data-elementor-lightbox-title=\"IMG_1105\" data-e-action-hash=\"#elementor-action%3Aaction%3Dlightbox%26settings%3DeyJpZCI6Mjc5LCJ1cmwiOiJodHRwOlwvXC90Yy1hcXVhbWFuLmRlXC93cC1jb250ZW50XC91cGxvYWRzXC8yMDE3XC8wMlwvSU1HXzExMDUtZTE0OTI0MzQ2MTg4OTAuanBnIiwic2xpZGVzaG93IjoiMGI5ZjUyOSJ9\" href='http:\/\/tc-aquaman.de\/wp-content\/uploads\/2017\/02\/IMG_1105-e1492434618890.jpg'><img loading=\"lazy\" decoding=\"async\" width=\"150\" height=\"150\" src=\"http:\/\/tc-aquaman.de\/wp-content\/uploads\/2017\/02\/IMG_1105-e1492434618890-150x150.jpg\" class=\"attachment-thumbnail size-thumbnail\" alt=\"\" \/><\/a>\n\t\t\t<\/dt><\/dl><dl class='gallery-item'>\n\t\t\t<dt class='gallery-icon portrait'>\n\t\t\t\t<a data-elementor-open-lightbox=\"yes\" data-elementor-lightbox-slideshow=\"0b9f529\" data-elementor-lightbox-title=\"IMG_1086\" data-e-action-hash=\"#elementor-action%3Aaction%3Dlightbox%26settings%3DeyJpZCI6Mjc3LCJ1cmwiOiJodHRwOlwvXC90Yy1hcXVhbWFuLmRlXC93cC1jb250ZW50XC91cGxvYWRzXC8yMDE3XC8wMlwvSU1HXzEwODYtZTE0OTI0MzQ2MzMxODAuanBnIiwic2xpZGVzaG93IjoiMGI5ZjUyOSJ9\" href='http:\/\/tc-aquaman.de\/wp-content\/uploads\/2017\/02\/IMG_1086-e1492434633180.jpg'><img loading=\"lazy\" decoding=\"async\" width=\"150\" height=\"150\" src=\"http:\/\/tc-aquaman.de\/wp-content\/uploads\/2017\/02\/IMG_1086-e1492434633180-150x150.jpg\" class=\"attachment-thumbnail size-thumbnail\" alt=\"\" \/><\/a>\n\t\t\t<\/dt><\/dl>\n\t\t\t<br style='clear: both' \/>\n\t\t<\/div>\n\t\t<\/div>\n\t\t\t\t\t\t<\/div>\n\t\t\t\t<\/div>\n\t\t\t\t<div class=\"elementor-element elementor-element-c830a39 elementor-widget elementor-widget-heading\" data-id=\"c830a39\" data-element_type=\"widget\" data-e-type=\"widget\" data-widget_type=\"heading.default\">\n\t\t\t\t<div class=\"elementor-widget-container\">\n\t\t\t\t\t<h2 class=\"elementor-heading-title elementor-size-default\">Neue Homepage ist online<\/h2>\t\t\t\t<\/div>\n\t\t\t\t<\/div>\n\t\t\t\t<div class=\"elementor-element elementor-element-92d4979 elementor-widget elementor-widget-text-editor\" data-id=\"92d4979\" data-element_type=\"widget\" data-e-type=\"widget\" data-widget_type=\"text-editor.default\">\n\t\t\t\t<div class=\"elementor-widget-container\">\n\t\t\t\t\t\t\t\t\t<h6 style=\"font-style: normal;\">Bericht von Lisa Geimer<\/h6>\n<p style=\"font-family: Roboto, sans-serif; font-size: 16px; font-style: normal; font-weight: 400;\">Liebe Freunde des Tauchens, liebe Aquam\u00e4nner und Aquafrauen,<\/p>\n<p style=\"font-family: Roboto, sans-serif; font-size: 16px; font-style: normal; font-weight: 400;\">wir ihr seht: Die neue Homepage ist online. Fast einen Monat Arbeit im webbasierten Sandkasten und Unterst\u00fctzung von vielen Seiten (merci!) sp\u00e4ter haben wir nun unseren neuen Webauftritt. Erkundet die Site, klickt euch durch und meldet eure Anregungen doch bitte unter\u00a0<a style=\"font-size: 16px;\" href=\"mailto:lisa.geimer@tc-aquaman.de\">lisa.geimer@tc-aquaman.de<\/a>, damit unsere Seite noch besser wird.<\/p>\n<p style=\"font-family: Roboto, sans-serif; font-size: 16px; font-style: normal; font-weight: 400;\">Herzlichen Dank f\u00fcr eure Hilfe, viel Spa\u00df und gut Luft!<\/p>\t\t\t\t\t\t\t\t<\/div>\n\t\t\t\t<\/div>\n\t\t\t\t<section class=\"elementor-section elementor-inner-section elementor-element elementor-element-781549b elementor-section-boxed elementor-section-height-default elementor-section-height-default\" data-id=\"781549b\" data-element_type=\"section\" data-e-type=\"section\">\n\t\t\t\t\t\t<div class=\"elementor-container elementor-column-gap-default\">\n\t\t\t\t\t<div class=\"elementor-column elementor-col-100 elementor-inner-column elementor-element elementor-element-7427f17\" data-id=\"7427f17\" data-element_type=\"column\" data-e-type=\"column\">\n\t\t\t<div class=\"elementor-widget-wrap elementor-element-populated\">\n\t\t\t\t\t\t<div class=\"elementor-element elementor-element-1c1a501 elementor-widget elementor-widget-image\" data-id=\"1c1a501\" data-element_type=\"widget\" data-e-type=\"widget\" data-widget_type=\"image.default\">\n\t\t\t\t<div class=\"elementor-widget-container\">\n\t\t\t\t\t\t\t\t\t\t\t\t\t\t\t<img loading=\"lazy\" decoding=\"async\" width=\"720\" height=\"320\" src=\"http:\/\/tc-aquaman.de\/wp-content\/uploads\/2017\/02\/sandbox-1583289-1024x455.jpg\" class=\"attachment-large size-large wp-image-197\" alt=\"\" srcset=\"http:\/\/tc-aquaman.de\/wp-content\/uploads\/2017\/02\/sandbox-1583289-1024x455.jpg 1024w, http:\/\/tc-aquaman.de\/wp-content\/uploads\/2017\/02\/sandbox-1583289-300x133.jpg 300w, http:\/\/tc-aquaman.de\/wp-content\/uploads\/2017\/02\/sandbox-1583289-768x341.jpg 768w\" sizes=\"(max-width: 720px) 100vw, 720px\" \/>\t\t\t\t\t\t\t\t\t\t\t\t\t\t\t<\/div>\n\t\t\t\t<\/div>\n\t\t\t\t\t<\/div>\n\t\t<\/div>\n\t\t\t\t\t<\/div>\n\t\t<\/section>\n\t\t\t\t<div class=\"elementor-element elementor-element-8a2745a elementor-widget elementor-widget-heading\" data-id=\"8a2745a\" data-element_type=\"widget\" data-e-type=\"widget\" data-widget_type=\"heading.default\">\n\t\t\t\t<div class=\"elementor-widget-container\">\n\t\t\t\t\t<h2 class=\"elementor-heading-title elementor-size-default\">Clubfahrt \u00c4gypten 2016<\/h2>\t\t\t\t<\/div>\n\t\t\t\t<\/div>\n\t\t\t\t<div class=\"elementor-element elementor-element-958825d elementor-widget elementor-widget-text-editor\" data-id=\"958825d\" data-element_type=\"widget\" data-e-type=\"widget\" data-widget_type=\"text-editor.default\">\n\t\t\t\t<div class=\"elementor-widget-container\">\n\t\t\t\t\t\t\t\t\t<h4 style=\"font-style: normal;\"><em style=\"font-size: 22.4px;\">Ma\u2019assalama<\/em>\u00a0oder Auf Wiedersehen in \u00c4gypten \u2013 TC Aquaman auf Clubfahrt in Marsa Alam<\/h4>\t\t\t\t\t\t\t\t<\/div>\n\t\t\t\t<\/div>\n\t\t\t\t<div class=\"elementor-element elementor-element-6820049 elementor-widget elementor-widget-text-editor\" data-id=\"6820049\" data-element_type=\"widget\" data-e-type=\"widget\" data-widget_type=\"text-editor.default\">\n\t\t\t\t<div class=\"elementor-widget-container\">\n\t\t\t\t\t\t\t\t\t<p style=\"font-family: Roboto, sans-serif; font-size: 16px; font-style: normal; font-weight: 400;\"><span style=\"color: #3b3b3b; font-family: 'Helvetica Neue', Helvetica, Arial, 'Lucida Grande', sans-serif; font-size: 17.6px; font-style: normal; font-weight: 500;\">Bericht von Lisa Geimer<\/span><\/p>\n<p style=\"font-family: Roboto, sans-serif; font-size: 16px; font-style: normal; font-weight: 400;\">11 Aquam\u00e4nner und -frauen waren nach Marsa Alam gereist, um auf der Clubfahrt 2016 Tauchg\u00e4nge im Roten Meer zu genie\u00dfen.<br \/>Das Hotel Jaz Dar EL Madina ist Teil einer gr\u00f6\u00dferen Hotelanlage und teilt sich seine Seite der Bucht mit zwei weiteren Hotels. Insgesamt befinden sich vier Hotels in der Bucht, sie alle werden von den Coraya Divers betreut, die bis zu 300 Tauchern Platz bietet. Wir empfehlen allen Interessierten, im Vorhinein zu buchen, da es zu den Urlaubssto\u00dfzeiten passieren kann, dass selbst diese Tauchbasis keine freien Pl\u00e4tze mehr anbieten kann.<br \/>Das Hausriff tr\u00e4gt den Namen Marsa Umm Gerifat und zieht sich an Nord- und S\u00fcdseite der Bucht entlang. \u00dcber einen l\u00e4ngeren Steg an der S\u00fcdseite des Riffs ist es entweder m\u00f6glich Tauchg\u00e4nge direkt anzutreten oder sich von einem der dort ankernden Schlauchboote weiter aus der Bucht herausfahren zu lassen. Die Tauchg\u00e4nge in der Hausbucht sind f\u00fcr jeden Ausbildungsstand geeignet. Bis zu 42 Metern tief kann man bis zum Ende der Bucht tauchen, \u00fcber deren Rand hinaus sind auch tiefere Tauchg\u00e4nge m\u00f6glich. Zudem besteht die M\u00f6glichkeit mit einem Speedboat zu fahren, sowie per Minibus oder Schiff weiter entfernte Tauchgebiete anzusteuern.<br \/>Neben unseren Tauchg\u00e4ngen in der Hausbucht, haben wir uns Halbtages- und Tagesausfl\u00fcge gemacht. Exemplarisch zu nennen sind die Tauchpl\u00e4tze Abu Dabbab und Elphinstone.<br \/>Abu Dabbab erreicht man von unserem Hotel aus nach einer kurzen Fahrt im Minibus. Besonders bekannt ist der Spot f\u00fcr seine zahlreichen Schildkr\u00f6ten und Seek\u00fche. Leider blieb es uns verwehrt Seek\u00fche zu sehen, allerdings entsch\u00e4digten uns die vielen Schildkr\u00f6ten und schlie\u00dflich ein unfassbar gro\u00dfer Schwarm kleiner Fische daf\u00fcr. \u00c4rgerlich war f\u00fcr einige unserer TCA&#8217;ler, dass die gebuchte Fahrt nach Elphinstone kurz nach der Ausfahrt abgesagt wurde. Dass die Bucht aufgrund der Wetterverh\u00e4ltnisse nicht angelaufen werde erkl\u00e4rte man den Tauchern quasi beim Ablegen des Bootes, sodass man keine andere Wahl hatte, als nun quasi als Kompensation eine der Nachbarbuchten des Hotels anzulaufen. Eigentlich schade, denn wenn vorher bereits die Ziel\u00e4nderung feststand, h\u00e4tte man dar\u00fcber auch vor der Abfahrt informieren k\u00f6nnen.<br \/>Alles in allem haben wir einen sehr sch\u00f6nen gemeinsamen Urlaub in \u00c4gypten verbracht.<br \/>F\u00fcr den TC Aquaman gilt entsprechend\u00a0<em style=\"font-size: 16px;\">Ma\u00e0ssalama<\/em>\u00a0in Marsa Alam.<\/p>\n<div>\u00a0<\/div>\t\t\t\t\t\t\t\t<\/div>\n\t\t\t\t<\/div>\n\t\t\t\t<div class=\"elementor-element elementor-element-d881607 elementor-widget elementor-widget-heading\" data-id=\"d881607\" data-element_type=\"widget\" data-e-type=\"widget\" data-widget_type=\"heading.default\">\n\t\t\t\t<div class=\"elementor-widget-container\">\n\t\t\t\t\t<h2 class=\"elementor-heading-title elementor-size-default\">TCA-Winterwanderung 2016 im Warndtwald<\/h2>\t\t\t\t<\/div>\n\t\t\t\t<\/div>\n\t\t\t\t<div class=\"elementor-element elementor-element-6ecb9fa elementor-widget elementor-widget-text-editor\" data-id=\"6ecb9fa\" data-element_type=\"widget\" data-e-type=\"widget\" data-widget_type=\"text-editor.default\">\n\t\t\t\t<div class=\"elementor-widget-container\">\n\t\t\t\t\t\t\t\t\t<h6>Bericht von Petra Schaaf<\/h6>\n<p>Am\u00a021. Februar machten sich\u00a0morgens um zehn\u00a022\u00a0gro\u00dfe und kleine \u201eAquamenschen\u201c und ein kleiner,\u00a0anf\u00e4nglich noch wei\u00dfer Hund trotz schlechter Wetterprognose auf den Weg durch den\u00a0Warndtwald.\u00a0Der Wettergott hatte ein Einsehen und es blieb wenigstens trocken.\u00a0Wolfgang,\u00a0unser\u00a0Wanderguide,\u00a0hatte die etwa 9 km lange Strecke bereits vorher\u00a0mit Unterst\u00fctzung einiger Vereinsmitglieder\u00a0erkundet.<\/p>\n<p>Nach einer kurzen Rast am\u00a0Warndtweiher\u00a0und\u00a0St\u00e4rkung mit\u00a0Jagertee\u00a0und\u00a0\u201eRentierkacke\u201c (leckere Schokomandeln)\u00a0setzten wir den Weg\u00a0in Richtung Hundeh\u00fctte in\u00a0Differten\u00a0fort.\u00a0Dort erwarteten uns um\u00a012:30 Uhr\u00a0ein leckeres Mittagessen sowie\u00a04 weitere, nicht so wetterfeste\u00a0Teilnehmer unseres Ausflugs. Verloren gegangen war nur ein kleiner,\u00a0nun\u00a0schlammbrauner\u00a0Hund\u00a0samt\u00a0Herrchen.\u00a0Beide\u00a0tauchten jedoch mit\u00a0einst\u00fcndiger Versp\u00e4tung frisch gebadet wieder auf und bekamen von der netten Wirtin auch noch etwas zu essen. Diese hatte sich wirklich alle M\u00fche gegeben,\u00a0unsere wie immer sehr hungrigen Vereinsmitglieder zufrieden zu stellen. Eine Runde Ouzo und einige wunderbare,\u00a0selbst gebackene Kuchen und Torten bildeten den kr\u00f6nenden Abschluss.<\/p>\n<p>\u00a0<\/p>\n<p>Fazit\u00a0auch dieser Unternehmung:\u00a0\u201e\u2018s\u00a0Wedder\u00a0is\u00a0uns doch\u00a0egal,\u00a0Hauptsach\u00a0gudd\u00a0gess\u00a0unn\u00a0vill\u00a0Spass\u00a0gehatt\u201c.<\/p>\t\t\t\t\t\t\t\t<\/div>\n\t\t\t\t<\/div>\n\t\t\t\t\t<\/div>\n\t\t<\/div>\n\t\t\t\t\t<\/div>\n\t\t<\/section>\n\t\t\t\t<section class=\"elementor-section elementor-top-section elementor-element elementor-element-32c132a elementor-section-boxed elementor-section-height-default elementor-section-height-default\" data-id=\"32c132a\" data-element_type=\"section\" data-e-type=\"section\">\n\t\t\t\t\t\t<div class=\"elementor-container elementor-column-gap-default\">\n\t\t\t\t\t<div class=\"elementor-column elementor-col-100 elementor-top-column elementor-element elementor-element-6640b5d\" data-id=\"6640b5d\" data-element_type=\"column\" data-e-type=\"column\">\n\t\t\t<div class=\"elementor-widget-wrap elementor-element-populated\">\n\t\t\t\t\t\t<div class=\"elementor-element elementor-element-6f50448 elementor-widget elementor-widget-text-editor\" data-id=\"6f50448\" data-element_type=\"widget\" data-e-type=\"widget\" data-widget_type=\"text-editor.default\">\n\t\t\t\t<div class=\"elementor-widget-container\">\n\t\t\t\t\t\t\t\t\t<p>Lorem ipsum dolor sit amet, consectetur adipiscing elit. Ut elit tellus, luctus nec ullamcorper mattis, pulvinar dapibus leo.<\/p>\t\t\t\t\t\t\t\t<\/div>\n\t\t\t\t<\/div>\n\t\t\t\t\t<\/div>\n\t\t<\/div>\n\t\t\t\t\t<\/div>\n\t\t<\/section>\n\t\t\t\t<\/div>\n\t\t","protected":false},"excerpt":{"rendered":"<p>Jahreshauptversammlung 2026 Bericht von Stephan Lukas Bericht zur Jahreshauptversammlung 2026Tauchclub Aquaman Ford Saarlouis e.V. Am 02. Februar 2026 fand die Jahreshauptversammlung des Tauchclub Aquaman Ford Saarlouis e.V. statt. Insgesamt 27 Aquam\u00e4nner und Aquafrauen nahmen an der Versammlung teil. Nach dem Bericht des Vorstandes stellte der Kassenwart seinen Kassenbericht vor. Anschlie\u00dfend wurde der Vorstand von der [&hellip;]<\/p>\n","protected":false},"author":1,"featured_media":0,"parent":0,"menu_order":0,"comment_status":"closed","ping_status":"closed","template":"","meta":{"footnotes":""},"class_list":["post-46","page","type-page","status-publish","hentry","post"],"_links":{"self":[{"href":"https:\/\/tc-aquaman.de\/index.php?rest_route=\/wp\/v2\/pages\/46","targetHints":{"allow":["GET"]}}],"collection":[{"href":"https:\/\/tc-aquaman.de\/index.php?rest_route=\/wp\/v2\/pages"}],"about":[{"href":"https:\/\/tc-aquaman.de\/index.php?rest_route=\/wp\/v2\/types\/page"}],"author":[{"embeddable":true,"href":"https:\/\/tc-aquaman.de\/index.php?rest_route=\/wp\/v2\/users\/1"}],"replies":[{"embeddable":true,"href":"https:\/\/tc-aquaman.de\/index.php?rest_route=%2Fwp%2Fv2%2Fcomments&post=46"}],"version-history":[{"count":300,"href":"https:\/\/tc-aquaman.de\/index.php?rest_route=\/wp\/v2\/pages\/46\/revisions"}],"predecessor-version":[{"id":2693,"href":"https:\/\/tc-aquaman.de\/index.php?rest_route=\/wp\/v2\/pages\/46\/revisions\/2693"}],"wp:attachment":[{"href":"https:\/\/tc-aquaman.de\/index.php?rest_route=%2Fwp%2Fv2%2Fmedia&parent=46"}],"curies":[{"name":"wp","href":"https:\/\/api.w.org\/{rel}","templated":true}]}}